{"id":1114,"date":"2025-07-31T17:10:41","date_gmt":"2025-07-31T15:10:41","guid":{"rendered":"https:\/\/teamsozialehilfen.de\/?page_id=1114"},"modified":"2025-07-31T17:11:27","modified_gmt":"2025-07-31T15:11:27","slug":"barrierefreiheit","status":"publish","type":"page","link":"https:\/\/teamsozialehilfen.de\/de_simple\/barrierefreiheit\/","title":{"rendered":"Barrierefreiheit"},"content":{"rendered":"<style>\n    .hero_child__spacer {\n        padding-inline: 0.75rem;\n    }\n\n    .hero_child {\n        height: 100vh;\n        max-height: 700px;\n        overflow: hidden;\n        position: relative;\n        isolation: isolate;\n        border-radius: var(--b-radius-xl);\n        transition: 0.3s max-height ease;\n    }\n\n    .hero_child.small {\n        max-height: 350px;\n    }\n\n    .hero_child__wrapper {\n        position: relative;\n        isolation: isolate;\n    }\n\n    .hero_child :is(.container-xl, .row, .col-12, .hero_decoration__wrapper) {\n        height: 100%;\n    }\n\n    .hero_child .hero_decoration__wrapper {\n        isolation: isolate;\n        width: fit-content;\n    }\n\n    .hero_child .hero_decoration {\n        position: absolute;\n        top: -50%;\n        right: -10%;\n        z-index: -1;\n        transform: scale(1.25);\n        transition: 0.3s all ease;\n        opacity: 0.75;\n    }\n\n    \/* .hero_child .claim, *\/\n\n    .hero_child .subclaim {\n        max-width: min(75vw, 600px);\n        hyphens: auto;\n    }\n\n    .hero_child .hero_background {\n        position: absolute;\n        inset: 0;\n        width: 100%;\n        height: 100%;\n        z-index: -1;\n    }\n\n    .hero_child .hero_background img {\n        position: absolute;\n        inset: 0;\n        width: 100%;\n        height: 100%;\n        object-fit: cover;\n        object-position: right;\n    }\n\n    .hero_child .hero_child__padding_bottom {\n        padding-bottom: 3rem;\n    }\n\n    .hero_child.small .hero_child__padding_bottom {\n        padding-bottom: 0rem;\n    }\n\n    .hero_child.small .hero_decoration__wrapper {\n        justify-content: center !important;\n    }\n\n    .hero_child.small .hero_decoration {\n        top: -150%;\n    }\n\n    .hero_child.small .hero_background img {\n        object-position: top right;\n    }\n\n    .hero_child.small h1 {\n        margin-block: 0rem;\n    }\n\n    @media (min-width: 2000px) {\n        .hero_child {\n            max-height: 1080px;\n        }\n    }\n\n    @media (max-width: 1512px) {\n        .hero_child .subclaim {\n            max-width: min(75vw, 500px);\n        }\n    }\n\n    @media (max-width: 768px) {\n\n        .hero_child .subclaim {\n            max-width: min(75vw, 300px);\n        }\n\n        .hero_child .hero_background img {\n            object-position: 76%;\n        }\n    }\n<\/style>\n\n<div class=\"hero_child__spacer\">\n    <div id=\"block_751b74d968a58241d9c8e4f36a0a39e3\" class=\"container-fluid hero_child blockWrapper mb-5 small\">\n        <div class=\"hero_background\" aria-hidden=\"true\" role=\"presentation\">\n            <img decoding=\"async\" src=\"\" alt=\"\">\n        <\/div>\n        <div class=\"hero_child__wrapper container-xl hero_child__padding_bottom px-lg-5\">\n            <div class=\"row hero_child__padding_bottom\">\n                <div class=\"col-12 hero_child__padding_bottom\">\n                    <div class=\"hero_decoration__wrapper position-relative d-flex flex-column justify-content-end\">\n                        <div class=\"hero_decoration\" aria-hidden=\"true\" role=\"presentation\">\n                            <svg xmlns=\"http:\/\/www.w3.org\/2000\/svg\" xmlns:xlink=\"http:\/\/www.w3.org\/1999\/xlink\" width=\"2289.595\" height=\"1584.809\" viewbox=\"0 0 2289.595 1584.809\">\n                                <defs>\n                                    <lineargradient id=\"linear-gradient\" x1=\"0.967\" y1=\"0.114\" x2=\"0.281\" y2=\"0.657\" gradientunits=\"objectBoundingBox\">\n                                        <stop offset=\"0\" stop-color=\"#ffb4ed\" \/>\n                                        <stop offset=\"1\" stop-color=\"#ffa041\" \/>\n                                    <\/lineargradient>\n                                <\/defs>\n                                <path id=\"Pfad_507\" data-name=\"Pfad 507\" d=\"M1116.383,141.157s261.238,17.162,350.461,125.5c190.031,230.723,15.057,630.195-115.029,853.468-134.468,230.8-517.474,605.842-517.474,605.842H-739.012V141.157\" transform=\"translate(739.012 -141.157)\" opacity=\"0.899\" fill=\"url(#linear-gradient)\" \/>\n                            <\/svg>\n\n                        <\/div>\n                        <h1 class=\"claim h-4xl cLight\">Barrierefreiheitserkl\u00e4rung<\/h1>\n                        <p class=\"subclaim cLight\"><\/p>\n                                            <\/div>\n                <\/div>\n            <\/div>\n        <\/div>\n    <\/div>\n<\/div>\n\n\n<div id=\"intro\" class=\"wp-block-group iAos data-aos_fade-in is-vertical is-content-justification-center is-nowrap is-layout-flex wp-container-core-group-is-layout-1f991c2f wp-block-group-is-layout-flex\" style=\"padding-top:2rem;padding-right:0rem;padding-bottom:2rem;padding-left:0rem\"><div class=\"wp-bootstrap-blocks-container container-fluid mb-0\">\n\t\n<div class=\"wp-bootstrap-blocks-container container-xl mb-0 px-lg-5\">\n\t\n<div class=\"wp-bootstrap-blocks-row row\">\n\t\n\n<div class=\"col-12\">\n\t\t\t\n\n<p>Die Team Soziale Hilfen GmbH ist bem\u00fcht, die Website barrierefrei zug\u00e4nglich zu machen. Die Website wurde am 31.07.2025 stichprobenartig untersucht. Hier finden Sie den detaillierten Pr\u00fcfbericht: <a href=\"\/wp-content\/uploads\/Barrierefreiheitsbericht-zur-Website.pdf\" target=\"_blank\" rel=\"noreferrer noopener\">PDF<\/a>.<\/p>\n\n\n\n<h2 class=\"wp-block-heading is-style-h-2xl\">Erstellung dieser Erkl\u00e4rung zur Barrierefreiheit<\/h2>\n\n\n\n<p>Diese Erkl\u00e4rung wurde am 31.07.2025 erstellt.<\/p>\n\n\n\n<p><strong>Feedback und Kontaktangaben<\/strong><\/p>\n\n\n\n<p>Etwaige M\u00e4ngel in Bezug auf die Einhaltung der Barrierefreiheitsanforderungen k\u00f6nnen Sie uns mitteilen unter info@teamsozialehilfen.de.<\/p>\n\n\n\n<p>Informationen \u00fcber von der Anwendung der Richtlinie ausgenommene Inhalte k\u00f6nnen Sie der PDF entnehmen.<\/p>\n\n\n\n<p>Zust\u00e4ndig f\u00fcr die barrierefreie Zug\u00e4nglichkeit und die Bearbeitung der im Rahmen des Feedback-Mechanismus eingehenden Mitteilungen ist:<\/p>\n\n\n\n<p><strong>Team Soziale Hilfen GmbH<br><\/strong>Czermaks Garten 13<br>04103 Leipzig<\/p>\n\n\n\n<p>info@teamsozialehilfen.de<\/p>\n\n\n\n<p><strong>Durchsetzungsverfahren<\/strong><\/p>\n\n\n\n<p>Im Rahmen eines Durchsetzungsverfahrens haben Sie <a href=\"https:\/\/www.berlin.de\/lb\/digitale-barrierefreiheit\/aufgaben\/durchsetzungsverfahren\/durchsetzungsverfahren-1305830.php\" target=\"_blank\" rel=\"noreferrer noopener\">hier<\/a> (\u00f6ffnet neues Fenster) die M\u00f6glichkeit, online einen Antrag auf Pr\u00fcfung der Einhaltung der Anforderungen an die Barrierefreiheit zu stellen.<\/p>\n\n\n\n<p><strong>Kontaktdaten der Durchsetzungsstelle:<\/strong><\/p>\n\n\n\n<p>Landesbeauftragte f\u00fcr digitale Barrierefreiheit<br>Frau M\u00fcller<\/p>\n\n\n\n<p>Postanschrift:<br>J\u00fcdenstra\u00dfe 1, 10178 Berlin<\/p>\n\n\n\n<p>Dienstgeb\u00e4ude: Martin-Hoffmann-Str. 16<br>12435 Berlin<\/p>\n\n\n\n<p>Tel.: (030) 90223-1515<\/p>\n\n\n\n<p>E-Mail: Landesbeauftragte-Digitale-Barrierefreiheit@senatskanzlei.berlin.de<\/p>\n\n\t<\/div>\n\n<\/div>\n\n<\/div>\n\n<\/div>\n<\/div>","protected":false},"excerpt":{"rendered":"","protected":false},"author":1,"featured_media":0,"parent":0,"menu_order":0,"comment_status":"closed","ping_status":"closed","template":"","meta":{"inline_featured_image":false,"footnotes":""},"class_list":["post-1114","page","type-page","status-publish","hentry"],"yoast_head":"<!-- This site is optimized with the Yoast SEO plugin v27.4 - https:\/\/yoast.com\/product\/yoast-seo-wordpress\/ -->\n<title>Team Soziale Hilfen - Barrierefreiheit<\/title>\n<meta name=\"robots\" content=\"index, follow, max-snippet:-1, max-image-preview:large, max-video-preview:-1\" \/>\n<link rel=\"canonical\" href=\"https:\/\/teamsozialehilfen.de\/de_simple\/barrierefreiheit\/\" \/>\n<meta property=\"og:locale\" content=\"de_DE\" \/>\n<meta property=\"og:type\" content=\"article\" \/>\n<meta property=\"og:title\" content=\"Team Soziale Hilfen - Barrierefreiheit\" \/>\n<meta property=\"og:url\" content=\"https:\/\/teamsozialehilfen.de\/de_simple\/barrierefreiheit\/\" \/>\n<meta property=\"og:site_name\" content=\"Team Soziale Hilfen\" \/>\n<meta property=\"article:modified_time\" content=\"2025-07-31T15:11:27+00:00\" \/>\n<meta property=\"og:image\" content=\"https:\/\/teamsozialehilfen.de\/wp-content\/uploads\/TSH-Sharepic-Facebook.webp\" \/>\n\t<meta property=\"og:image:width\" content=\"1200\" \/>\n\t<meta property=\"og:image:height\" content=\"630\" \/>\n\t<meta property=\"og:image:type\" content=\"image\/webp\" \/>\n<meta name=\"twitter:card\" content=\"summary_large_image\" \/>\n<meta name=\"twitter:label1\" content=\"Est. reading time\" \/>\n\t<meta name=\"twitter:data1\" content=\"1 minute\" \/>\n<script type=\"application\/ld+json\" class=\"yoast-schema-graph\">{\"@context\":\"https:\\\/\\\/schema.org\",\"@graph\":[{\"@type\":\"WebPage\",\"@id\":\"https:\\\/\\\/teamsozialehilfen.de\\\/barrierefreiheit\\\/\",\"url\":\"https:\\\/\\\/teamsozialehilfen.de\\\/barrierefreiheit\\\/\",\"name\":\"Team Soziale Hilfen - Barrierefreiheit\",\"isPartOf\":{\"@id\":\"https:\\\/\\\/teamsozialehilfen.de\\\/#website\"},\"datePublished\":\"2025-07-31T15:10:41+00:00\",\"dateModified\":\"2025-07-31T15:11:27+00:00\",\"breadcrumb\":{\"@id\":\"https:\\\/\\\/teamsozialehilfen.de\\\/barrierefreiheit\\\/#breadcrumb\"},\"inLanguage\":\"de-simple\",\"potentialAction\":[{\"@type\":\"ReadAction\",\"target\":[\"https:\\\/\\\/teamsozialehilfen.de\\\/barrierefreiheit\\\/\"]}]},{\"@type\":\"BreadcrumbList\",\"@id\":\"https:\\\/\\\/teamsozialehilfen.de\\\/barrierefreiheit\\\/#breadcrumb\",\"itemListElement\":[{\"@type\":\"ListItem\",\"position\":1,\"name\":\"Startseite\",\"item\":\"https:\\\/\\\/teamsozialehilfen.de\\\/\"},{\"@type\":\"ListItem\",\"position\":2,\"name\":\"Barrierefreiheit\"}]},{\"@type\":\"WebSite\",\"@id\":\"https:\\\/\\\/teamsozialehilfen.de\\\/#website\",\"url\":\"https:\\\/\\\/teamsozialehilfen.de\\\/\",\"name\":\"Team Soziale Hilfen\",\"description\":\"\",\"publisher\":{\"@id\":\"https:\\\/\\\/teamsozialehilfen.de\\\/#organization\"},\"alternateName\":\"Team Soziale Hilfen\",\"potentialAction\":[{\"@type\":\"SearchAction\",\"target\":{\"@type\":\"EntryPoint\",\"urlTemplate\":\"https:\\\/\\\/teamsozialehilfen.de\\\/?s={search_term_string}\"},\"query-input\":{\"@type\":\"PropertyValueSpecification\",\"valueRequired\":true,\"valueName\":\"search_term_string\"}}],\"inLanguage\":\"de-simple\"},{\"@type\":\"Organization\",\"@id\":\"https:\\\/\\\/teamsozialehilfen.de\\\/#organization\",\"name\":\"Team Soziale Hilfen GmbH\",\"url\":\"https:\\\/\\\/teamsozialehilfen.de\\\/\",\"logo\":{\"@type\":\"ImageObject\",\"inLanguage\":\"de-simple\",\"@id\":\"https:\\\/\\\/teamsozialehilfen.de\\\/#\\\/schema\\\/logo\\\/image\\\/\",\"url\":\"https:\\\/\\\/teamsozialehilfen.de\\\/wp-content\\\/uploads\\\/TSH-Sharepic-Facebook.webp\",\"contentUrl\":\"https:\\\/\\\/teamsozialehilfen.de\\\/wp-content\\\/uploads\\\/TSH-Sharepic-Facebook.webp\",\"width\":1200,\"height\":630,\"caption\":\"Team Soziale Hilfen GmbH\"},\"image\":{\"@id\":\"https:\\\/\\\/teamsozialehilfen.de\\\/#\\\/schema\\\/logo\\\/image\\\/\"}}]}<\/script>\n<!-- \/ Yoast SEO plugin. -->","yoast_head_json":{"title":"Team Soziale Hilfen - Barrierefreiheit","robots":{"index":"index","follow":"follow","max-snippet":"max-snippet:-1","max-image-preview":"max-image-preview:large","max-video-preview":"max-video-preview:-1"},"canonical":"https:\/\/teamsozialehilfen.de\/de_simple\/barrierefreiheit\/","og_locale":"de_DE","og_type":"article","og_title":"Team Soziale Hilfen - Barrierefreiheit","og_url":"https:\/\/teamsozialehilfen.de\/de_simple\/barrierefreiheit\/","og_site_name":"Team Soziale Hilfen","article_modified_time":"2025-07-31T15:11:27+00:00","og_image":[{"width":1200,"height":630,"url":"https:\/\/teamsozialehilfen.de\/wp-content\/uploads\/TSH-Sharepic-Facebook.webp","type":"image\/webp"}],"twitter_card":"summary_large_image","twitter_misc":{"Est. reading time":"1 minute"},"schema":{"@context":"https:\/\/schema.org","@graph":[{"@type":"WebPage","@id":"https:\/\/teamsozialehilfen.de\/barrierefreiheit\/","url":"https:\/\/teamsozialehilfen.de\/barrierefreiheit\/","name":"Team Soziale Hilfen - Barrierefreiheit","isPartOf":{"@id":"https:\/\/teamsozialehilfen.de\/#website"},"datePublished":"2025-07-31T15:10:41+00:00","dateModified":"2025-07-31T15:11:27+00:00","breadcrumb":{"@id":"https:\/\/teamsozialehilfen.de\/barrierefreiheit\/#breadcrumb"},"inLanguage":"de-simple","potentialAction":[{"@type":"ReadAction","target":["https:\/\/teamsozialehilfen.de\/barrierefreiheit\/"]}]},{"@type":"BreadcrumbList","@id":"https:\/\/teamsozialehilfen.de\/barrierefreiheit\/#breadcrumb","itemListElement":[{"@type":"ListItem","position":1,"name":"Startseite","item":"https:\/\/teamsozialehilfen.de\/"},{"@type":"ListItem","position":2,"name":"Barrierefreiheit"}]},{"@type":"WebSite","@id":"https:\/\/teamsozialehilfen.de\/#website","url":"https:\/\/teamsozialehilfen.de\/","name":"Team Soziale Hilfen","description":"","publisher":{"@id":"https:\/\/teamsozialehilfen.de\/#organization"},"alternateName":"Team Soziale Hilfen","potentialAction":[{"@type":"SearchAction","target":{"@type":"EntryPoint","urlTemplate":"https:\/\/teamsozialehilfen.de\/?s={search_term_string}"},"query-input":{"@type":"PropertyValueSpecification","valueRequired":true,"valueName":"search_term_string"}}],"inLanguage":"de-simple"},{"@type":"Organization","@id":"https:\/\/teamsozialehilfen.de\/#organization","name":"Team Soziale Hilfen GmbH","url":"https:\/\/teamsozialehilfen.de\/","logo":{"@type":"ImageObject","inLanguage":"de-simple","@id":"https:\/\/teamsozialehilfen.de\/#\/schema\/logo\/image\/","url":"https:\/\/teamsozialehilfen.de\/wp-content\/uploads\/TSH-Sharepic-Facebook.webp","contentUrl":"https:\/\/teamsozialehilfen.de\/wp-content\/uploads\/TSH-Sharepic-Facebook.webp","width":1200,"height":630,"caption":"Team Soziale Hilfen GmbH"},"image":{"@id":"https:\/\/teamsozialehilfen.de\/#\/schema\/logo\/image\/"}}]}},"acf":[],"_links":{"self":[{"href":"https:\/\/teamsozialehilfen.de\/de_simple\/wp-json\/wp\/v2\/pages\/1114","targetHints":{"allow":["GET"]}}],"collection":[{"href":"https:\/\/teamsozialehilfen.de\/de_simple\/wp-json\/wp\/v2\/pages"}],"about":[{"href":"https:\/\/teamsozialehilfen.de\/de_simple\/wp-json\/wp\/v2\/types\/page"}],"author":[{"embeddable":true,"href":"https:\/\/teamsozialehilfen.de\/de_simple\/wp-json\/wp\/v2\/users\/1"}],"replies":[{"embeddable":true,"href":"https:\/\/teamsozialehilfen.de\/de_simple\/wp-json\/wp\/v2\/comments?post=1114"}],"version-history":[{"count":6,"href":"https:\/\/teamsozialehilfen.de\/de_simple\/wp-json\/wp\/v2\/pages\/1114\/revisions"}],"predecessor-version":[{"id":1121,"href":"https:\/\/teamsozialehilfen.de\/de_simple\/wp-json\/wp\/v2\/pages\/1114\/revisions\/1121"}],"wp:attachment":[{"href":"https:\/\/teamsozialehilfen.de\/de_simple\/wp-json\/wp\/v2\/media?parent=1114"}],"curies":[{"name":"wp","href":"https:\/\/api.w.org\/{rel}","templated":true}]}}