{"id":381,"date":"2025-05-28T14:02:07","date_gmt":"2025-05-28T12:02:07","guid":{"rendered":"https:\/\/tsh.devbs.de\/?page_id=381"},"modified":"2025-07-10T15:58:05","modified_gmt":"2025-07-10T13:58:05","slug":"wer-wir-sind","status":"publish","type":"page","link":"https:\/\/teamsozialehilfen.de\/de_simple\/wer-wir-sind\/","title":{"rendered":"\u00dcber uns"},"content":{"rendered":"\n<style>\n    .hero_child__spacer {\n        padding-inline: 0.75rem;\n    }\n\n    .hero_child {\n        height: 100vh;\n        max-height: 700px;\n        overflow: hidden;\n        position: relative;\n        isolation: isolate;\n        border-radius: var(--b-radius-xl);\n        transition: 0.3s max-height ease;\n    }\n\n    .hero_child.small {\n        max-height: 350px;\n    }\n\n    .hero_child__wrapper {\n        position: relative;\n        isolation: isolate;\n    }\n\n    .hero_child :is(.container-xl, .row, .col-12, .hero_decoration__wrapper) {\n        height: 100%;\n    }\n\n    .hero_child .hero_decoration__wrapper {\n        isolation: isolate;\n        width: fit-content;\n    }\n\n    .hero_child .hero_decoration {\n        position: absolute;\n        top: -50%;\n        right: -10%;\n        z-index: -1;\n        transform: scale(1.25);\n        transition: 0.3s all ease;\n        opacity: 0.75;\n    }\n\n    \/* .hero_child .claim, *\/\n\n    .hero_child .subclaim {\n        max-width: min(75vw, 600px);\n        hyphens: auto;\n    }\n\n    .hero_child .hero_background {\n        position: absolute;\n        inset: 0;\n        width: 100%;\n        height: 100%;\n        z-index: -1;\n    }\n\n    .hero_child .hero_background img {\n        position: absolute;\n        inset: 0;\n        width: 100%;\n        height: 100%;\n        object-fit: cover;\n        object-position: right;\n    }\n\n    .hero_child .hero_child__padding_bottom {\n        padding-bottom: 3rem;\n    }\n\n    .hero_child.small .hero_child__padding_bottom {\n        padding-bottom: 0rem;\n    }\n\n    .hero_child.small .hero_decoration__wrapper {\n        justify-content: center !important;\n    }\n\n    .hero_child.small .hero_decoration {\n        top: -150%;\n    }\n\n    .hero_child.small .hero_background img {\n        object-position: top right;\n    }\n\n    .hero_child.small h1 {\n        margin-block: 0rem;\n    }\n\n    @media (min-width: 2000px) {\n        .hero_child {\n            max-height: 1080px;\n        }\n    }\n\n    @media (max-width: 1512px) {\n        .hero_child .subclaim {\n            max-width: min(75vw, 500px);\n        }\n    }\n\n    @media (max-width: 768px) {\n\n        .hero_child .subclaim {\n            max-width: min(75vw, 300px);\n        }\n\n        .hero_child .hero_background img {\n            object-position: 76%;\n        }\n    }\n<\/style>\n\n<div class=\"hero_child__spacer\">\n    <div id=\"block_5605e284cf14ccae11b93d4ef481bd02\" class=\"container-fluid hero_child blockWrapper mb-5 default\">\n        <div class=\"hero_background\" aria-hidden=\"true\" role=\"presentation\">\n            <img decoding=\"async\" src=\"https:\/\/teamsozialehilfen.de\/wp-content\/uploads\/AdobeStock_89374664.webp\" alt=\"\">\n        <\/div>\n        <div class=\"hero_child__wrapper container-xl hero_child__padding_bottom px-lg-5\">\n            <div class=\"row hero_child__padding_bottom\">\n                <div class=\"col-12 hero_child__padding_bottom\">\n                    <div class=\"hero_decoration__wrapper position-relative d-flex flex-column justify-content-end\">\n                        <div class=\"hero_decoration\" aria-hidden=\"true\" role=\"presentation\">\n                            <svg xmlns=\"http:\/\/www.w3.org\/2000\/svg\" xmlns:xlink=\"http:\/\/www.w3.org\/1999\/xlink\" width=\"2289.595\" height=\"1584.809\" viewBox=\"0 0 2289.595 1584.809\">\n                                <defs>\n                                    <linearGradient id=\"linear-gradient\" x1=\"0.967\" y1=\"0.114\" x2=\"0.281\" y2=\"0.657\" gradientUnits=\"objectBoundingBox\">\n                                        <stop offset=\"0\" stop-color=\"#ffb4ed\" \/>\n                                        <stop offset=\"1\" stop-color=\"#ffa041\" \/>\n                                    <\/linearGradient>\n                                <\/defs>\n                                <path id=\"Pfad_507\" data-name=\"Pfad 507\" d=\"M1116.383,141.157s261.238,17.162,350.461,125.5c190.031,230.723,15.057,630.195-115.029,853.468-134.468,230.8-517.474,605.842-517.474,605.842H-739.012V141.157\" transform=\"translate(739.012 -141.157)\" opacity=\"0.899\" fill=\"url(#linear-gradient)\" \/>\n                            <\/svg>\n\n                        <\/div>\n                        <h1 class=\"claim h-4xl cLight\">Das ist Team <br \/>\r\nSoziale Hilfen<\/h1>\n                        <p class=\"subclaim cLight\">Team-Soziale-Hilfen besteht aus einem facettenreichen, erfahrenen und kompetenten Team, das Ihnen, Ihren Angeh\u00f6rigen und Kindern bei der t\u00e4glichen Routine zur Seite steht.<\/p>\n                                                            <a class=\"cta cta_light \" href=\"#intro\" target=\"\">\n            <div class=\"cta__text\">\n                Mehr erfahren            <\/div>\n            <div class=\"cta__icon\">\n                <img decoding=\"async\" src=\"\/wp-content\/uploads\/arrow-right-light.svg\" alt=\"\">\n            <\/div>\n        <\/a>\n                                                <\/div>\n                <\/div>\n            <\/div>\n        <\/div>\n    <\/div>\n<\/div>\n\n\n<div id=\"intro\" class=\"wp-block-group iAos data-aos_fade-in is-vertical is-content-justification-center is-nowrap is-layout-flex wp-container-core-group-is-layout-1f991c2f wp-block-group-is-layout-flex\" style=\"padding-top:2rem;padding-right:0rem;padding-bottom:2rem;padding-left:0rem\"><div class=\"wp-bootstrap-blocks-container container-fluid mb-0\">\n\t\n<div class=\"wp-bootstrap-blocks-container container-xl mb-0 px-lg-5\">\n\t\n<div class=\"wp-bootstrap-blocks-row row\">\n\t\n\n<div class=\"col-12 pb-5 fCenter flex-column text-center\">\n\t\t\t\n\n<h2 class=\"wp-block-heading has-text-align-center is-style-secInd\">Unser Motto nach Sadhguru<\/h2>\n\n\n\n<p class=\"has-text-align-center is-style-h-4xl has-orange-color has-text-color has-link-color wp-elements-3a51d0798436f41157f39ea4ad155b0e\">\u201cGleichheit bedeutet<br>Chancengleichheit, Achtung<br>und Respekt [\u2026].\u201d<\/p>\n\n\n\n<p class=\"has-text-align-center mw-768\">Genau daf\u00fcr setzen wir uns ein. Gemeinsam mit Ihnen \u2013 als TEAM mit SOZIALEr Kompetenz und den entsprechenden HILFEN \u2013 m\u00f6chten wir die gleichen Chancen f\u00fcr jeden Menschen erreichen.<\/p>\n\n\t<\/div>\n\n<\/div>\n\n<\/div>\n\n<\/div>\n<\/div>\n\n\n\n<div class=\"wp-block-group iAos data-aos_fade-in is-vertical is-content-justification-center is-nowrap is-layout-flex wp-container-core-group-is-layout-1f991c2f wp-block-group-is-layout-flex\" style=\"padding-top:2rem;padding-right:0rem;padding-bottom:2rem;padding-left:0rem\"><div class=\"wp-bootstrap-blocks-container container-fluid mb-0\">\n\t\n<div class=\"wp-bootstrap-blocks-container container-xl mb-0 px-lg-5\">\n\t\n<div class=\"wp-bootstrap-blocks-row row\">\n\t\n\n<div class=\"col-12 pb-5 fCenter flex-column text-center\">\n\t\t\t\n\n<h2 class=\"wp-block-heading has-text-align-center is-style-secInd\">Das ist Team Soziale Hilfen<\/h2>\n\n\n\n<p class=\"has-text-align-center is-style-h-4xl has-orange-color has-text-color has-link-color wp-elements-f7a856736e9eefad6c88e09cfd5c3ee4\">Facettenreich, erfahren<br>und kompetent<\/p>\n\n\t<\/div>\n\n\n\n<div class=\"col-12 pb-5\">\n\t\t\t\n\n<style>\n    .slider_child__item_wrapper {\n        position: relative;\n        width: 100%;\n    }\n\n    .slider_child__background {\n        width: 100%;\n        height: 100%;\n        object-fit: cover;\n        object-position: center;\n        position: absolute;\n        inset: 0;\n        z-index: -2;\n        border-radius: var(--b-radius-xl);\n        transition: .3s filter ease;\n    }\n\n    .slider_child__content {\n        position: relative;\n        width: 100%;\n        z-index: 3;\n        border-radius: var(--b-radius-xl);\n        box-sizing: border-box;\n    }\n\n    .slider_child__content.leftright::before,\n    .slider_child__content.topbottom::before {\n        content: '';\n        display: block;\n        width: 100%;\n        height: 100%;\n        position: absolute;\n        inset: 0;\n        z-index: -1;\n        border-radius: var(--b-radius-xl);\n    }\n\n    .slider_child__content.leftright::before {\n        background: linear-gradient(to right, rgb(255, 160, 65, 0.85), rgb(255, 180, 237, 0.85));\n    }\n\n    .slider_child__content.topbottom::before {\n        background: linear-gradient(to bottom, rgb(255, 160, 65, 0.85), rgb(255, 180, 237, 0.85));\n    }\n\n    .slider_child__content_inner {\n        width: 50%;\n        padding: 1.5rem;\n    }\n\n    .slider_child__navigation {\n        position: absolute;\n        top: 50%;\n        left: 0;\n        width: 100%;\n        display: flex;\n        justify-content: space-between;\n        transform: translateY(-50%);\n        z-index: 4;\n    }\n\n    .slider_child__button {\n        padding: 0.75rem;\n        background-color: transparent;\n        border: none;\n    }\n\n    .slider_child__button.prev img {\n        transform: rotate(180deg);\n    }\n\n    .slider_child__content p:last-of-type {\n        margin-bottom: 0;\n    }\n\n    .slider_child__button.swiper-button-disabled {\n        opacity: 0.15;\n        pointer-events: none;\n    }\n\n    .slider_child__content.full_width .slider_child__content_inner.left {\n        display: none !important;\n    }\n\n    .slider_child__content.full_width .slider_child__content_inner.right {\n        width: 100% !important;\n    }\n\n    .slider_child__content.full_width .slider_child__content_inner.right .slider_child__content_main {\n        column-gap: 2rem;\n        column-count: 2;\n    }\n\n    .slider_child__content ul {\n        list-style: none;\n        padding-left: 0;\n    }\n\n    .slider_child__content ul li {\n        position: relative;\n        padding-left: 2rem;\n        margin-bottom: 1rem;\n    }\n\n    .slider_child__content ul li::before {\n        content: '';\n        position: absolute;\n        left: 0;\n        top: 0.15rem;\n        width: 1.5rem;\n        height: 1.5rem;\n        background-image: url(\/wp-content\/uploads\/arrow-right-light.svg);\n        background-repeat: no-repeat;\n        background-size: contain;\n    }\n\n    @media (max-width: 768px) {\n        .slider_child__content_inner {\n            width: 100%;\n        }\n\n        .slider_child__content.full_width .slider_child__content_inner.right .slider_child__content_main {\n            column-gap: 0rem;\n            column-count: 1;\n        }\n\n        .slider_child__background {\n            filter: brightness(0.5);\n        }\n    }\n<\/style>\n\n    <div id=\"block_afaed9c893d06457057e2f0edaf5f2d2\" class='slider_child__wrapper blockWrapper'>\n        <div id='slider_block_afaed9c893d06457057e2f0edaf5f2d2' class='swiper'>\n            <div class='swiper-wrapper'>\n                                    <div class='swiper-slide slider_child__item'>\n                        <div class=\"slider_child__item_wrapper\">\n                            <div class=\"slider_child__content d-flex h-100 py-5 px-3 leftright full_width\">\n                                                                    <img decoding=\"async\" class=\"slider_child__background\" src=\"https:\/\/teamsozialehilfen.de\/wp-content\/uploads\/AdobeStock_1072562504.webp\" alt=\"\">\n                                                                <div class=\"slider_child__content_inner left d-none d-md-block\">\n                                <\/div>\n                                <div class=\"slider_child__content_inner right d-flex flex-column justify-content-center cLight px-5\">\n                                    <div class=\"secInd cLight mb-2\">Gemeinsam stark<\/div>\n                                    <h3 class=\"h-2xl cLight\">Unser Konzept<\/h3>\n                                    <div class=\"cLight slider_child__content_main\"><p>Gemeinsam stark \u2013 damit alle die gleichen Chancen haben.<\/p>\n<p>Als Team-Soziale-Hilfen stehen wir f\u00fcr eine erfolgreiche Eingliederungshilfe. Wir sind bestrebt, dass alle Menschen \u2013 egal, ob mit oder ohne Beeintr\u00e4chtigung \u2013 die gleichen Chancen haben. Hierf\u00fcr arbeiten wir eng mit Ihnen als Familie zusammen. Denn erst, wenn alle an einem Strang ziehen, ist unser Team-Soziale-Hilfen komplett und die bestm\u00f6gliche Unterst\u00fctzung f\u00fcr Ihre Angeh\u00f6rigen und Kinder gesichert.<\/p>\n<p>F\u00fcr eine Chancengleichheit f\u00fcr jeden von uns.<\/p>\n<p>Wir begleiten Kinder und Jugendliche mit Entwicklungsst\u00f6rungen sowie k\u00f6rperlichen und\/oder geistigen Behinderungen in ihrem Tagesgeschehen. Zum Beispiel in Kindertagesst\u00e4tten, im Hort und im Schulalltag sowie bei Freizeitaktivit\u00e4ten.<\/p>\n<p>Aber nicht nur junge Menschen werden von uns begleitet. Auch Erwachsene oder Seniorinnen und Senioren, die zum Beispiel an Demenz erkrankt sind, werden in ihrem Alltag unterst\u00fctzt. Voraussetzung daf\u00fcr ist, dass sie eine Bewilligung zur Teilhabe am Leben erhalten haben oder Betreuungsleistungen \u00fcber die Pflegeversicherung beanspruchen k\u00f6nnen. Sie werden von ihrem pers\u00f6nlichen Integrationshelfer bei verschiedenen Alltagsaktivit\u00e4ten, z. B. im Berufsleben oder in der Freizeit, begleitet.<\/p>\n<p>Unsere Assistenzleistungen sind genauso individuell wie Sie und Ihre Familie!<\/p>\n<p>Wir helfen Ihnen und Ihren Angeh\u00f6rigen dabei, Ihren Alltag zu meistern und richten uns nach Ihren pers\u00f6nlichen Bed\u00fcrfnissen.<\/p>\n<\/div>\n                                                                                    <a class=\"cta cta_light mt-4\" href=\"\/kontakt\" target=\"\">\n            <div class=\"cta__text\">\n                Jetzt kontaktieren            <\/div>\n            <div class=\"cta__icon\">\n                <img decoding=\"async\" src=\"\/wp-content\/uploads\/arrow-right-light.svg\" alt=\"\">\n            <\/div>\n        <\/a>\n                                                                        <\/div>\n                            <\/div>\n                        <\/div>\n                    <\/div>\n                                    <div class='swiper-slide slider_child__item'>\n                        <div class=\"slider_child__item_wrapper\">\n                            <div class=\"slider_child__content d-flex h-100 py-5 px-3 leftright full_width\">\n                                                                    <img decoding=\"async\" class=\"slider_child__background\" src=\"https:\/\/teamsozialehilfen.de\/wp-content\/uploads\/AdobeStock_1072562504.webp\" alt=\"\">\n                                                                <div class=\"slider_child__content_inner left d-none d-md-block\">\n                                <\/div>\n                                <div class=\"slider_child__content_inner right d-flex flex-column justify-content-center cLight px-5\">\n                                    <div class=\"secInd cLight mb-2\">Gemeinsam stark<\/div>\n                                    <h3 class=\"h-2xl cLight\">Unser Team<\/h3>\n                                    <div class=\"cLight slider_child__content_main\"><p>Unser Team setzt sich aus Mitarbeiterinnen und Mitarbeitern zusammen, die gemeinsam ein Ziel verfolgen:<\/p>\n<p>Allen Menschen den gleichen Zugang zu Lebenschancen erm\u00f6glichen.<\/p>\n<p>Sie stammen aus verschiedenen Berufsfeldern und kommen vor allem aus sozialen Branchen, wie der Pflege oder Sozialp\u00e4dagogik.<\/p>\n<p>Zu unserem Team geh\u00f6ren:<\/p>\n<ul>\n<li>Assistenzkr\u00e4fte<\/li>\n<li>Sozialassistentinnen- und assistenten<\/li>\n<li>Erzieherinnen und Erzieher<\/li>\n<li>Heilerziehungspflegerinnen und -pfleger<\/li>\n<li>Examinierte Pflegekr\u00e4fte<\/li>\n<li>Heil- und Sozialp\u00e4dagoginnen bzw. -p\u00e4dagogen<\/li>\n<\/ul>\n<p>Durch unsere Vielf\u00e4ltigkeit k\u00f6nnen wir zahlreiche Bereiche abdecken und Ihnen sowie Ihren Angeh\u00f6rigen eine umfassende p\u00e4dagogische und pflegerische Begleitung bieten. Vollst\u00e4ndig ist unser Team aber erst mit Ihnen. Denn erst, wenn alle Beteiligten, wie Integrationshelfer, Betroffene, Angeh\u00f6rige und Einrichtungen, an einem Strang ziehen, kann Inklusionsarbeit funktionieren.<\/p>\n<p>Zusammen sind wir das Team-Soziale-Hilfen!<\/p>\n<\/div>\n                                                                                    <a class=\"cta cta_light mt-4\" href=\"\/kontakt\" target=\"\">\n            <div class=\"cta__text\">\n                Jetzt kontaktieren            <\/div>\n            <div class=\"cta__icon\">\n                <img decoding=\"async\" src=\"\/wp-content\/uploads\/arrow-right-light.svg\" alt=\"\">\n            <\/div>\n        <\/a>\n                                                                        <\/div>\n                            <\/div>\n                        <\/div>\n                    <\/div>\n                                    <div class='swiper-slide slider_child__item'>\n                        <div class=\"slider_child__item_wrapper\">\n                            <div class=\"slider_child__content d-flex h-100 py-5 px-3 leftright full_width\">\n                                                                    <img decoding=\"async\" class=\"slider_child__background\" src=\"https:\/\/teamsozialehilfen.de\/wp-content\/uploads\/AdobeStock_1072562504.webp\" alt=\"\">\n                                                                <div class=\"slider_child__content_inner left d-none d-md-block\">\n                                <\/div>\n                                <div class=\"slider_child__content_inner right d-flex flex-column justify-content-center cLight px-5\">\n                                    <div class=\"secInd cLight mb-2\">Gemeinsam stark<\/div>\n                                    <h3 class=\"h-2xl cLight\">Unser Beratungsangebot<\/h3>\n                                    <div class=\"cLight slider_child__content_main\"><p>Sie haben Fragen bez\u00fcglich der \u2026<\/p>\n<ul>\n<li>Finanzierung?<\/li>\n<li>Antragstellung?<\/li>\n<li>Assistenzleistungen?<\/li>\n<li>verschiedenen Entwicklungs- und Lernst\u00f6rungen?<\/li>\n<\/ul>\n<p>Egal, welches Anliegen Sie haben, wir beraten Sie \u00fcber jegliche Themen hinsichtlich der Integrationshilfe und stehen Ihnen mit Rat und Tat zur Seite.<\/p>\n<p>Unsere jahrelange Erfahrung hat gezeigt, wie wichtig ein gutes Miteinander f\u00fcr eine erfolgreiche Inklusionsarbeit ist. Daher legen wir gro\u00dfen Wert auf eine enge Zusammenarbeit mit Ihnen sowie allen Beteiligten.<\/p>\n<p>Wir informieren \u2026<\/p>\n<ul>\n<li>Eltern,<\/li>\n<li>Angeh\u00f6rige,<\/li>\n<li>Betroffene selbst,<\/li>\n<li>Schulen, Kindertagesst\u00e4tten und weitere Einrichtungen.<\/li>\n<\/ul>\n<p>Gerne f\u00fchren wir mit Ihnen ein unverbindliches Beratungsgespr\u00e4ch. Setzen Sie sich hierf\u00fcr einfach telefonisch oder per E-Mail mit uns in Verbindung.<\/p>\n<\/div>\n                                                                                    <a class=\"cta cta_light mt-4\" href=\"\/kontakt\" target=\"\">\n            <div class=\"cta__text\">\n                Jetzt kontaktieren            <\/div>\n            <div class=\"cta__icon\">\n                <img decoding=\"async\" src=\"\/wp-content\/uploads\/arrow-right-light.svg\" alt=\"\">\n            <\/div>\n        <\/a>\n                                                                        <\/div>\n                            <\/div>\n                        <\/div>\n                    <\/div>\n                            <\/div>\n            <div class=\"slider_child__navigation\">\n                <button class='slider_child__button prev'>\n                    <img decoding=\"async\" src=\"\/wp-content\/uploads\/arrow-right-light.svg\" alt=\"Zur\u00fcck\">\n                <\/button>\n                <button class='slider_child__button next'>\n                    <img decoding=\"async\" src=\"\/wp-content\/uploads\/arrow-right-light.svg\" alt=\"Vorw\u00e4rts\">\n                <\/button>\n            <\/div>\n        <\/div>\n    <\/div>\n\n<script>\n    jQuery(function($) {\n        $(document).ready(function() {\n\n            let swiperID = 'slider_block_afaed9c893d06457057e2f0edaf5f2d2';\n\n            let swiper_block_afaed9c893d06457057e2f0edaf5f2d2 = new Swiper('#' + swiperID, {\n                slidesPerView: 1,\n                spaceBetween: 10,\n                speed: 1000,\n                navigation: {\n                    nextEl: '#' + swiperID + ' .slider_child__button.next',\n                    prevEl: '#' + swiperID + ' .slider_child__button.prev',\n                },\n                autoHeight: true,\n                fadeEffect: {\n                    crossFade: true,\n                },\n                effect: 'fade',\n            });\n\n        });\n    });\n<\/script>\n\t<\/div>\n\n<\/div>\n\n<\/div>\n\n<\/div>\n<\/div>\n\n\n\n<div class=\"wp-block-group iAos data-aos_fade-in is-vertical is-content-justification-center is-nowrap is-layout-flex wp-container-core-group-is-layout-1f991c2f wp-block-group-is-layout-flex\" style=\"padding-top:2rem;padding-right:0rem;padding-bottom:2rem;padding-left:0rem\"><div class=\"wp-bootstrap-blocks-container container-fluid mb-0\">\n\t\n<div class=\"wp-bootstrap-blocks-container container-xl mb-0 px-lg-5\">\n\t\n<div class=\"wp-bootstrap-blocks-row row\">\n\t\n\n<div class=\"col-12 pb-5\">\n\t\t\t\n\n<p class=\"is-style-secInd\">Gemeinsam Stark<\/p>\n\n\n\n<h2 class=\"wp-block-heading is-style-h-4xl\">Unsere<br>Kooperationspartner<\/h2>\n\n\n\n<p class=\"mw-768\">Gemeinsam stark \u2013 das Team(-Soziale-Hilfen) w\u00e4chst!<br>Das Team-Soziale-Hilfen schlie\u00dft alle mit ein: Sie als Familie, uns als Ansprechpartner und Unterst\u00fctzer in Sachen Eingliederungshilfe und zu guter Letzt unsere Kooperationspartner. Als vereintes Team, das die gleichen Ziele verfolgt, schaffen wir mehr Chancengleichheit und Inklusion f\u00fcr benachteiligte Menschen.<\/p>\n\n\t<\/div>\n\n\n\n<div class=\"col-12 pb-5\">\n\t\t\t\n\n    <div class='tile_child__grid'>\n                    <div id=\"block_ec411cb4c8f08d1ab9bb42afd43e11fc\" class=\"tile_child blockWrapper h-100\">\n                <div class=\"tile_child__wrapper position-relative p-4 d-flex flex-column justify-content-between h-100 overflow-hidden\">\n                    <div>\n                        <div class=\"tile_child__indicator secInd\">VPK Sachsen <\/div>\n                        <h2 class=\"tile_child__title h-4xl cOrange\">\n                                                            <img decoding=\"async\" class=\"tile_child__logo\" src=\"https:\/\/teamsozialehilfen.de\/wp-content\/uploads\/vpk-logo.webp\" alt=\"Kooperationspartner VPK Sachsen\">\n                                                    <\/h2>\n                        <div class=\"tile_child__excerpt\"><\/div>\n                    <\/div>\n                                            <div class=\"tile_child__link mt-5 pt-4 pb-5\">\n                                    <a class=\"cta cta_color \" href=\"https:\/\/www.vpk.de\/\" target=\"_blank\">\n            <div class=\"cta__text\">\n                Mehr erfahren            <\/div>\n            <div class=\"cta__icon\">\n                <img decoding=\"async\" src=\"\/wp-content\/uploads\/arrow-right-light.svg\" alt=\"\">\n            <\/div>\n        <\/a>\n                            <\/div>\n                                        <div class=\"tile_child__accent\" aria-hidden=\"true\" role=\"presentation\">\n                        <svg xmlns=\"http:\/\/www.w3.org\/2000\/svg\" xmlns:xlink=\"http:\/\/www.w3.org\/1999\/xlink\" width=\"548.713\" height=\"222\" viewBox=\"0 0 548.713 222\">\n                            <defs>\n                                <clipPath id=\"clip-path\">\n                                    <path id=\"Differenzmenge_60\" data-name=\"Differenzmenge 60\" d=\"M0,528H548.714V750H0Z\" transform=\"translate(-3431.357 245.534)\" fill=\"#ff6d38\" \/>\n                                <\/clipPath>\n                            <\/defs>\n                            <g id=\"Gruppe_maskieren_2\" data-name=\"Gruppe maskieren 2\" transform=\"translate(3431.357 -773.534)\" clip-path=\"url(#clip-path)\">\n                                <path id=\"Pfad_479\" data-name=\"Pfad 479\" d=\"M1012.481,645.065c63.643-247.638,240.08-459.419,502.3-501.632,189.6-30.513,362.128,23.79,485.808,173.967,263.421,319.828,20.872,873.575-159.453,1183.075-186.4,319.934-445.677,591.579-717.321,839.817-80.95-44.917-157.821-96.924-232.716-151.16C466.742,1881.8-43.027,1370.031,113.848,793.094c107.123-394.013,522.719-449.2,817.918-212.1,15.245,12.261,65.384,75.239,80.714,64.073\" transform=\"translate(-4763.062 639.981)\" fill=\"#ffb4ed\" \/>\n                            <\/g>\n                        <\/svg>\n\n                    <\/div>\n                <\/div>\n            <\/div>\n                    <div id=\"block_ec411cb4c8f08d1ab9bb42afd43e11fc\" class=\"tile_child blockWrapper h-100\">\n                <div class=\"tile_child__wrapper position-relative p-4 d-flex flex-column justify-content-between h-100 overflow-hidden\">\n                    <div>\n                        <div class=\"tile_child__indicator secInd\">Praxis Dr. Woitek &#038; Kollegen<\/div>\n                        <h2 class=\"tile_child__title h-4xl cOrange\">\n                                                            <img decoding=\"async\" class=\"tile_child__logo\" src=\"https:\/\/teamsozialehilfen.de\/wp-content\/uploads\/woitek-logo1.webp\" alt=\"Kooperationspartner Praxis Dr. Woitek &amp; Kollegen\">\n                                                    <\/h2>\n                        <div class=\"tile_child__excerpt\"><\/div>\n                    <\/div>\n                                            <div class=\"tile_child__link mt-5 pt-4 pb-5\">\n                                    <a class=\"cta cta_color \" href=\"https:\/\/dr-cornelia-woitek.de\/\" target=\"_blank\">\n            <div class=\"cta__text\">\n                Mehr erfahren            <\/div>\n            <div class=\"cta__icon\">\n                <img decoding=\"async\" src=\"\/wp-content\/uploads\/arrow-right-light.svg\" alt=\"\">\n            <\/div>\n        <\/a>\n                            <\/div>\n                                        <div class=\"tile_child__accent\" aria-hidden=\"true\" role=\"presentation\">\n                        <svg xmlns=\"http:\/\/www.w3.org\/2000\/svg\" xmlns:xlink=\"http:\/\/www.w3.org\/1999\/xlink\" width=\"548.713\" height=\"222\" viewBox=\"0 0 548.713 222\">\n                            <defs>\n                                <clipPath id=\"clip-path\">\n                                    <path id=\"Differenzmenge_60\" data-name=\"Differenzmenge 60\" d=\"M0,528H548.714V750H0Z\" transform=\"translate(-3431.357 245.534)\" fill=\"#ff6d38\" \/>\n                                <\/clipPath>\n                            <\/defs>\n                            <g id=\"Gruppe_maskieren_2\" data-name=\"Gruppe maskieren 2\" transform=\"translate(3431.357 -773.534)\" clip-path=\"url(#clip-path)\">\n                                <path id=\"Pfad_479\" data-name=\"Pfad 479\" d=\"M1012.481,645.065c63.643-247.638,240.08-459.419,502.3-501.632,189.6-30.513,362.128,23.79,485.808,173.967,263.421,319.828,20.872,873.575-159.453,1183.075-186.4,319.934-445.677,591.579-717.321,839.817-80.95-44.917-157.821-96.924-232.716-151.16C466.742,1881.8-43.027,1370.031,113.848,793.094c107.123-394.013,522.719-449.2,817.918-212.1,15.245,12.261,65.384,75.239,80.714,64.073\" transform=\"translate(-4763.062 639.981)\" fill=\"#ffb4ed\" \/>\n                            <\/g>\n                        <\/svg>\n\n                    <\/div>\n                <\/div>\n            <\/div>\n                    <div id=\"block_ec411cb4c8f08d1ab9bb42afd43e11fc\" class=\"tile_child blockWrapper h-100\">\n                <div class=\"tile_child__wrapper position-relative p-4 d-flex flex-column justify-content-between h-100 overflow-hidden\">\n                    <div>\n                        <div class=\"tile_child__indicator secInd\">Starke L\u00f6wenkinder<\/div>\n                        <h2 class=\"tile_child__title h-4xl cOrange\">\n                                                            <img decoding=\"async\" class=\"tile_child__logo\" src=\"https:\/\/teamsozialehilfen.de\/wp-content\/uploads\/Starke-Loewenkinder_Logo.webp\" alt=\"Kooperationspartner Starke L\u00f6wenkinder\">\n                                                    <\/h2>\n                        <div class=\"tile_child__excerpt\"><\/div>\n                    <\/div>\n                                            <div class=\"tile_child__link mt-5 pt-4 pb-5\">\n                                    <a class=\"cta cta_color \" href=\"https:\/\/starke-loewenkinder.de\/\" target=\"_blank\">\n            <div class=\"cta__text\">\n                Mehr erfahren            <\/div>\n            <div class=\"cta__icon\">\n                <img decoding=\"async\" src=\"\/wp-content\/uploads\/arrow-right-light.svg\" alt=\"\">\n            <\/div>\n        <\/a>\n                            <\/div>\n                                        <div class=\"tile_child__accent\" aria-hidden=\"true\" role=\"presentation\">\n                        <svg xmlns=\"http:\/\/www.w3.org\/2000\/svg\" xmlns:xlink=\"http:\/\/www.w3.org\/1999\/xlink\" width=\"548.713\" height=\"222\" viewBox=\"0 0 548.713 222\">\n                            <defs>\n                                <clipPath id=\"clip-path\">\n                                    <path id=\"Differenzmenge_60\" data-name=\"Differenzmenge 60\" d=\"M0,528H548.714V750H0Z\" transform=\"translate(-3431.357 245.534)\" fill=\"#ff6d38\" \/>\n                                <\/clipPath>\n                            <\/defs>\n                            <g id=\"Gruppe_maskieren_2\" data-name=\"Gruppe maskieren 2\" transform=\"translate(3431.357 -773.534)\" clip-path=\"url(#clip-path)\">\n                                <path id=\"Pfad_479\" data-name=\"Pfad 479\" d=\"M1012.481,645.065c63.643-247.638,240.08-459.419,502.3-501.632,189.6-30.513,362.128,23.79,485.808,173.967,263.421,319.828,20.872,873.575-159.453,1183.075-186.4,319.934-445.677,591.579-717.321,839.817-80.95-44.917-157.821-96.924-232.716-151.16C466.742,1881.8-43.027,1370.031,113.848,793.094c107.123-394.013,522.719-449.2,817.918-212.1,15.245,12.261,65.384,75.239,80.714,64.073\" transform=\"translate(-4763.062 639.981)\" fill=\"#ffb4ed\" \/>\n                            <\/g>\n                        <\/svg>\n\n                    <\/div>\n                <\/div>\n            <\/div>\n            <\/div>\n\n\t<\/div>\n\n<\/div>\n\n<\/div>\n\n<\/div>\n<\/div>\n","protected":false},"excerpt":{"rendered":"","protected":false},"author":1,"featured_media":0,"parent":0,"menu_order":0,"comment_status":"closed","ping_status":"closed","template":"","meta":{"inline_featured_image":false,"footnotes":""},"class_list":["post-381","page","type-page","status-publish","hentry"],"yoast_head":"<!-- This site is optimized with the Yoast SEO plugin v27.4 - https:\/\/yoast.com\/product\/yoast-seo-wordpress\/ -->\n<title>Team Soziale Hilfen - \u00dcber uns<\/title>\n<meta name=\"robots\" content=\"index, follow, max-snippet:-1, max-image-preview:large, max-video-preview:-1\" \/>\n<link rel=\"canonical\" href=\"https:\/\/teamsozialehilfen.de\/de_simple\/wer-wir-sind\/\" \/>\n<meta property=\"og:locale\" content=\"de_DE\" \/>\n<meta property=\"og:type\" content=\"article\" \/>\n<meta property=\"og:title\" content=\"Team Soziale Hilfen - \u00dcber uns\" \/>\n<meta property=\"og:url\" content=\"https:\/\/teamsozialehilfen.de\/de_simple\/wer-wir-sind\/\" \/>\n<meta property=\"og:site_name\" content=\"Team Soziale Hilfen\" \/>\n<meta property=\"article:modified_time\" content=\"2025-07-10T13:58:05+00:00\" \/>\n<meta property=\"og:image\" content=\"https:\/\/teamsozialehilfen.de\/wp-content\/uploads\/TSH-Sharepic-Facebook.webp\" \/>\n\t<meta property=\"og:image:width\" content=\"1200\" \/>\n\t<meta property=\"og:image:height\" content=\"630\" \/>\n\t<meta property=\"og:image:type\" content=\"image\/webp\" \/>\n<meta name=\"twitter:card\" content=\"summary_large_image\" \/>\n<meta name=\"twitter:label1\" content=\"Est. reading time\" \/>\n\t<meta name=\"twitter:data1\" content=\"1 minute\" \/>\n<script type=\"application\/ld+json\" class=\"yoast-schema-graph\">{\"@context\":\"https:\\\/\\\/schema.org\",\"@graph\":[{\"@type\":[\"WebPage\",\"AboutPage\"],\"@id\":\"https:\\\/\\\/teamsozialehilfen.de\\\/wer-wir-sind\\\/\",\"url\":\"https:\\\/\\\/teamsozialehilfen.de\\\/wer-wir-sind\\\/\",\"name\":\"Team Soziale Hilfen - \u00dcber uns\",\"isPartOf\":{\"@id\":\"https:\\\/\\\/teamsozialehilfen.de\\\/#website\"},\"datePublished\":\"2025-05-28T12:02:07+00:00\",\"dateModified\":\"2025-07-10T13:58:05+00:00\",\"breadcrumb\":{\"@id\":\"https:\\\/\\\/teamsozialehilfen.de\\\/wer-wir-sind\\\/#breadcrumb\"},\"inLanguage\":\"de-simple\",\"potentialAction\":[{\"@type\":\"ReadAction\",\"target\":[\"https:\\\/\\\/teamsozialehilfen.de\\\/wer-wir-sind\\\/\"]}]},{\"@type\":\"BreadcrumbList\",\"@id\":\"https:\\\/\\\/teamsozialehilfen.de\\\/wer-wir-sind\\\/#breadcrumb\",\"itemListElement\":[{\"@type\":\"ListItem\",\"position\":1,\"name\":\"Startseite\",\"item\":\"https:\\\/\\\/teamsozialehilfen.de\\\/\"},{\"@type\":\"ListItem\",\"position\":2,\"name\":\"\u00dcber uns\"}]},{\"@type\":\"WebSite\",\"@id\":\"https:\\\/\\\/teamsozialehilfen.de\\\/#website\",\"url\":\"https:\\\/\\\/teamsozialehilfen.de\\\/\",\"name\":\"Team Soziale Hilfen\",\"description\":\"\",\"publisher\":{\"@id\":\"https:\\\/\\\/teamsozialehilfen.de\\\/#organization\"},\"alternateName\":\"Team Soziale Hilfen\",\"potentialAction\":[{\"@type\":\"SearchAction\",\"target\":{\"@type\":\"EntryPoint\",\"urlTemplate\":\"https:\\\/\\\/teamsozialehilfen.de\\\/?s={search_term_string}\"},\"query-input\":{\"@type\":\"PropertyValueSpecification\",\"valueRequired\":true,\"valueName\":\"search_term_string\"}}],\"inLanguage\":\"de-simple\"},{\"@type\":\"Organization\",\"@id\":\"https:\\\/\\\/teamsozialehilfen.de\\\/#organization\",\"name\":\"Team Soziale Hilfen GmbH\",\"url\":\"https:\\\/\\\/teamsozialehilfen.de\\\/\",\"logo\":{\"@type\":\"ImageObject\",\"inLanguage\":\"de-simple\",\"@id\":\"https:\\\/\\\/teamsozialehilfen.de\\\/#\\\/schema\\\/logo\\\/image\\\/\",\"url\":\"https:\\\/\\\/teamsozialehilfen.de\\\/wp-content\\\/uploads\\\/TSH-Sharepic-Facebook.webp\",\"contentUrl\":\"https:\\\/\\\/teamsozialehilfen.de\\\/wp-content\\\/uploads\\\/TSH-Sharepic-Facebook.webp\",\"width\":1200,\"height\":630,\"caption\":\"Team Soziale Hilfen GmbH\"},\"image\":{\"@id\":\"https:\\\/\\\/teamsozialehilfen.de\\\/#\\\/schema\\\/logo\\\/image\\\/\"}}]}<\/script>\n<!-- \/ Yoast SEO plugin. -->","yoast_head_json":{"title":"Team Soziale Hilfen - \u00dcber uns","robots":{"index":"index","follow":"follow","max-snippet":"max-snippet:-1","max-image-preview":"max-image-preview:large","max-video-preview":"max-video-preview:-1"},"canonical":"https:\/\/teamsozialehilfen.de\/de_simple\/wer-wir-sind\/","og_locale":"de_DE","og_type":"article","og_title":"Team Soziale Hilfen - \u00dcber uns","og_url":"https:\/\/teamsozialehilfen.de\/de_simple\/wer-wir-sind\/","og_site_name":"Team Soziale Hilfen","article_modified_time":"2025-07-10T13:58:05+00:00","og_image":[{"width":1200,"height":630,"url":"https:\/\/teamsozialehilfen.de\/wp-content\/uploads\/TSH-Sharepic-Facebook.webp","type":"image\/webp"}],"twitter_card":"summary_large_image","twitter_misc":{"Est. reading time":"1 minute"},"schema":{"@context":"https:\/\/schema.org","@graph":[{"@type":["WebPage","AboutPage"],"@id":"https:\/\/teamsozialehilfen.de\/wer-wir-sind\/","url":"https:\/\/teamsozialehilfen.de\/wer-wir-sind\/","name":"Team Soziale Hilfen - \u00dcber uns","isPartOf":{"@id":"https:\/\/teamsozialehilfen.de\/#website"},"datePublished":"2025-05-28T12:02:07+00:00","dateModified":"2025-07-10T13:58:05+00:00","breadcrumb":{"@id":"https:\/\/teamsozialehilfen.de\/wer-wir-sind\/#breadcrumb"},"inLanguage":"de-simple","potentialAction":[{"@type":"ReadAction","target":["https:\/\/teamsozialehilfen.de\/wer-wir-sind\/"]}]},{"@type":"BreadcrumbList","@id":"https:\/\/teamsozialehilfen.de\/wer-wir-sind\/#breadcrumb","itemListElement":[{"@type":"ListItem","position":1,"name":"Startseite","item":"https:\/\/teamsozialehilfen.de\/"},{"@type":"ListItem","position":2,"name":"\u00dcber uns"}]},{"@type":"WebSite","@id":"https:\/\/teamsozialehilfen.de\/#website","url":"https:\/\/teamsozialehilfen.de\/","name":"Team Soziale Hilfen","description":"","publisher":{"@id":"https:\/\/teamsozialehilfen.de\/#organization"},"alternateName":"Team Soziale Hilfen","potentialAction":[{"@type":"SearchAction","target":{"@type":"EntryPoint","urlTemplate":"https:\/\/teamsozialehilfen.de\/?s={search_term_string}"},"query-input":{"@type":"PropertyValueSpecification","valueRequired":true,"valueName":"search_term_string"}}],"inLanguage":"de-simple"},{"@type":"Organization","@id":"https:\/\/teamsozialehilfen.de\/#organization","name":"Team Soziale Hilfen GmbH","url":"https:\/\/teamsozialehilfen.de\/","logo":{"@type":"ImageObject","inLanguage":"de-simple","@id":"https:\/\/teamsozialehilfen.de\/#\/schema\/logo\/image\/","url":"https:\/\/teamsozialehilfen.de\/wp-content\/uploads\/TSH-Sharepic-Facebook.webp","contentUrl":"https:\/\/teamsozialehilfen.de\/wp-content\/uploads\/TSH-Sharepic-Facebook.webp","width":1200,"height":630,"caption":"Team Soziale Hilfen GmbH"},"image":{"@id":"https:\/\/teamsozialehilfen.de\/#\/schema\/logo\/image\/"}}]}},"acf":[],"_links":{"self":[{"href":"https:\/\/teamsozialehilfen.de\/de_simple\/wp-json\/wp\/v2\/pages\/381","targetHints":{"allow":["GET"]}}],"collection":[{"href":"https:\/\/teamsozialehilfen.de\/de_simple\/wp-json\/wp\/v2\/pages"}],"about":[{"href":"https:\/\/teamsozialehilfen.de\/de_simple\/wp-json\/wp\/v2\/types\/page"}],"author":[{"embeddable":true,"href":"https:\/\/teamsozialehilfen.de\/de_simple\/wp-json\/wp\/v2\/users\/1"}],"replies":[{"embeddable":true,"href":"https:\/\/teamsozialehilfen.de\/de_simple\/wp-json\/wp\/v2\/comments?post=381"}],"version-history":[{"count":47,"href":"https:\/\/teamsozialehilfen.de\/de_simple\/wp-json\/wp\/v2\/pages\/381\/revisions"}],"predecessor-version":[{"id":769,"href":"https:\/\/teamsozialehilfen.de\/de_simple\/wp-json\/wp\/v2\/pages\/381\/revisions\/769"}],"wp:attachment":[{"href":"https:\/\/teamsozialehilfen.de\/de_simple\/wp-json\/wp\/v2\/media?parent=381"}],"curies":[{"name":"wp","href":"https:\/\/api.w.org\/{rel}","templated":true}]}}