{"id":425,"date":"2025-06-03T13:54:49","date_gmt":"2025-06-03T11:54:49","guid":{"rendered":"https:\/\/tsh.devbs.de\/?page_id=425"},"modified":"2025-07-31T17:46:55","modified_gmt":"2025-07-31T15:46:55","slug":"ambulante-eingliederungshilfe","status":"publish","type":"page","link":"https:\/\/teamsozialehilfen.de\/de_simple\/ambulante-eingliederungshilfe\/","title":{"rendered":"Ambulante Eingliederungshilfe"},"content":{"rendered":"<style>\n    .hero_child__spacer {\n        padding-inline: 0.75rem;\n    }\n\n    .hero_child {\n        height: 100vh;\n        max-height: 700px;\n        overflow: hidden;\n        position: relative;\n        isolation: isolate;\n        border-radius: var(--b-radius-xl);\n        transition: 0.3s max-height ease;\n    }\n\n    .hero_child.small {\n        max-height: 350px;\n    }\n\n    .hero_child__wrapper {\n        position: relative;\n        isolation: isolate;\n    }\n\n    .hero_child :is(.container-xl, .row, .col-12, .hero_decoration__wrapper) {\n        height: 100%;\n    }\n\n    .hero_child .hero_decoration__wrapper {\n        isolation: isolate;\n        width: fit-content;\n    }\n\n    .hero_child .hero_decoration {\n        position: absolute;\n        top: -50%;\n        right: -10%;\n        z-index: -1;\n        transform: scale(1.25);\n        transition: 0.3s all ease;\n        opacity: 0.75;\n    }\n\n    \/* .hero_child .claim, *\/\n\n    .hero_child .subclaim {\n        max-width: min(75vw, 600px);\n        hyphens: auto;\n    }\n\n    .hero_child .hero_background {\n        position: absolute;\n        inset: 0;\n        width: 100%;\n        height: 100%;\n        z-index: -1;\n    }\n\n    .hero_child .hero_background img {\n        position: absolute;\n        inset: 0;\n        width: 100%;\n        height: 100%;\n        object-fit: cover;\n        object-position: right;\n    }\n\n    .hero_child .hero_child__padding_bottom {\n        padding-bottom: 3rem;\n    }\n\n    .hero_child.small .hero_child__padding_bottom {\n        padding-bottom: 0rem;\n    }\n\n    .hero_child.small .hero_decoration__wrapper {\n        justify-content: center !important;\n    }\n\n    .hero_child.small .hero_decoration {\n        top: -150%;\n    }\n\n    .hero_child.small .hero_background img {\n        object-position: top right;\n    }\n\n    .hero_child.small h1 {\n        margin-block: 0rem;\n    }\n\n    @media (min-width: 2000px) {\n        .hero_child {\n            max-height: 1080px;\n        }\n    }\n\n    @media (max-width: 1512px) {\n        .hero_child .subclaim {\n            max-width: min(75vw, 500px);\n        }\n    }\n\n    @media (max-width: 768px) {\n\n        .hero_child .subclaim {\n            max-width: min(75vw, 300px);\n        }\n\n        .hero_child .hero_background img {\n            object-position: 76%;\n        }\n    }\n<\/style>\n\n<div class=\"hero_child__spacer\">\n    <div id=\"block_325849bc1afb7b5ee1791ad5d2f8b694\" class=\"container-fluid hero_child blockWrapper mb-5 default\">\n        <div class=\"hero_background\" aria-hidden=\"true\" role=\"presentation\">\n            <img decoding=\"async\" src=\"https:\/\/teamsozialehilfen.de\/wp-content\/uploads\/AdobeStock_404263050.webp\" alt=\"\">\n        <\/div>\n        <div class=\"hero_child__wrapper container-xl hero_child__padding_bottom px-lg-5\">\n            <div class=\"row hero_child__padding_bottom\">\n                <div class=\"col-12 hero_child__padding_bottom\">\n                    <div class=\"hero_decoration__wrapper position-relative d-flex flex-column justify-content-end\">\n                        <div class=\"hero_decoration\" aria-hidden=\"true\" role=\"presentation\">\n                            <svg xmlns=\"http:\/\/www.w3.org\/2000\/svg\" xmlns:xlink=\"http:\/\/www.w3.org\/1999\/xlink\" width=\"2289.595\" height=\"1584.809\" viewbox=\"0 0 2289.595 1584.809\">\n                                <defs>\n                                    <lineargradient id=\"linear-gradient\" x1=\"0.967\" y1=\"0.114\" x2=\"0.281\" y2=\"0.657\" gradientunits=\"objectBoundingBox\">\n                                        <stop offset=\"0\" stop-color=\"#ffb4ed\" \/>\n                                        <stop offset=\"1\" stop-color=\"#ffa041\" \/>\n                                    <\/lineargradient>\n                                <\/defs>\n                                <path id=\"Pfad_507\" data-name=\"Pfad 507\" d=\"M1116.383,141.157s261.238,17.162,350.461,125.5c190.031,230.723,15.057,630.195-115.029,853.468-134.468,230.8-517.474,605.842-517.474,605.842H-739.012V141.157\" transform=\"translate(739.012 -141.157)\" opacity=\"0.899\" fill=\"url(#linear-gradient)\" \/>\n                            <\/svg>\n\n                        <\/div>\n                        <h1 class=\"claim h-4xl cLight\">Ambulante <br \/>\r\nEingliederungshilfe<\/h1>\n                        <p class=\"subclaim cLight\">Individuelle Unterst\u00fctzung f\u00fcr Kinder und Jugendliche mit einer (drohenden) Teilhabebeeintr\u00e4chtigung.<\/p>\n                                                            <a class=\"cta cta_light\" href=\"#intro\" target=\"\">\n            <div class=\"cta__text\">\n                Mehr erfahren            <\/div>\n            <div class=\"cta__icon\">\n                <img decoding=\"async\" src=\"\/wp-content\/uploads\/arrow-right-light.svg\" alt=\"\">\n            <\/div>\n        <\/a>\n                                                <\/div>\n                <\/div>\n            <\/div>\n        <\/div>\n    <\/div>\n<\/div>\n\n\n<div id=\"stellen\" class=\"wp-block-group iAos data-aos_fade-in is-vertical is-content-justification-center is-nowrap is-layout-flex wp-container-core-group-is-layout-1f991c2f wp-block-group-is-layout-flex\" style=\"padding-top:2rem;padding-right:0rem;padding-bottom:2rem;padding-left:0rem\"><div class=\"wp-bootstrap-blocks-container container-fluid mb-0\">\n\t\n<div class=\"wp-bootstrap-blocks-container container-xl mb-0 px-lg-5\">\n\t\n<div class=\"wp-bootstrap-blocks-row row\">\n\t\n\n<div class=\"col-12 col-md-6 pb-5 fCenter px-5\">\n\t\t\t\n\n<figure class=\"wp-block-image size-full is-style-default\"><img loading=\"lazy\" decoding=\"async\" width=\"629\" height=\"831\" src=\"https:\/\/teamsozialehilfen.de\/wp-content\/uploads\/AdobeStock_231916279.webp\" alt=\"Kinder malen zusammen mit einer Erzieherin\" class=\"wp-image-440\" srcset=\"https:\/\/teamsozialehilfen.de\/wp-content\/uploads\/AdobeStock_231916279.webp 629w, https:\/\/teamsozialehilfen.de\/wp-content\/uploads\/AdobeStock_231916279-227x300.webp 227w\" sizes=\"auto, (max-width: 629px) 100vw, 629px\" \/><\/figure>\n\n\t<\/div>\n\n\n\n<div class=\"col-12 col-md-6 pb-5 ps-md-5\">\n\t\t\t\n\n<p class=\"is-style-secInd\">Ambulante Eingliederungshilfe<\/p>\n\n\n\n<h2 class=\"wp-block-heading is-style-h-3xl\">Individuelle<br>Unterst\u00fctzung<\/h2>\n\n\n\n<p>Die ambulante Eingliederungshilfe hilft Kindern und Jugendlichen, die aufgrund einer seelischen Behinderung oder einer drohenden Behinderung besondere Unterst\u00fctzung brauchen. Ziel ist es, dass sie am gesellschaftlichen Leben teilhaben k\u00f6nnen, ihre Entwicklung gef\u00f6rdert wird und sie gut in die Schule, Familie und Gesellschaft integriert werden.<\/p>\n\n\n\n<p>Wir begleiten Kinder und Jugendliche sowie deren Familien in schwierigen Lebenssituationen. Wir helfen bei der F\u00f6rderung sozialer F\u00e4higkeiten, der Bew\u00e4ltigung von schulischen und sozialen Herausforderungen und der Stabilisierung der seelischen Gesundheit. Dabei st\u00e4rken wir pers\u00f6nliche Ressourcen und schaffen ein unterst\u00fctzendes Umfeld.<\/p>\n\n\n\n<p>Unsere Arbeit ist wertsch\u00e4tzend und orientiert sich an den St\u00e4rken der jungen Menschen und ihrer Familien. Gemeinsam entwickeln wir L\u00f6sungen, die die Selbstst\u00e4ndigkeit und das Wohlbefinden f\u00f6rdern. Ziel ist es, den jungen Menschen zu helfen, ihr Potenzial zu entfalten.<\/p>\n\n\t<\/div>\n\n<\/div>\n\n<\/div>\n\n<\/div>\n<\/div>\n\n\n\n<div class=\"wp-block-group iAos data-aos_fade-in is-vertical is-content-justification-center is-nowrap is-layout-flex wp-container-core-group-is-layout-1f991c2f wp-block-group-is-layout-flex\" style=\"padding-top:2rem;padding-right:0rem;padding-bottom:2rem;padding-left:0rem\"><div class=\"wp-bootstrap-blocks-container container-fluid mb-0\">\n\t\n<div class=\"wp-bootstrap-blocks-container container-xl mb-0 px-lg-5\">\n\t\n<div class=\"wp-bootstrap-blocks-row row\">\n\t\n\n<div class=\"col-12 pb-5 fCenter flex-column text-center\">\n\t\t\t\n\n<p class=\"has-text-align-center is-style-secInd\">Ambulante Eingliederungshilfe<\/p>\n\n\n\n<h2 class=\"wp-block-heading has-text-align-center is-style-h-3xl\">FAQ<\/h2>\n\n\t<\/div>\n\n\n\n<div class=\"col-12 pb-5\">\n\t\t\t\n\n<style>\n    .bs_default_accordion {\n        --bs_default__title_color_closed: #ffa041;\n        --bs_default__title_color_open: #ffffff;\n        --bs_default__title_background_color_closed: #ffffff;\n        --bs_default__title_background_color_open: #ffa041;\n        --bs_default__index_color_closed: #808080;\n        --bs_default__index_color_open: #E5E4E2;\n        --bs_default__indicator_orientation_closed: 0deg;\n        --bs_default__indicator_orientation_open: 90deg;\n        --bs_default__title_text_transform: initial;\n        --bs_default__title_border_radius: 45px 45px 45px 45px;\n        --bs_default__indicator_color_closed: #ffa041;\n        --bs_default__indicator_color_open: #ffffff;\n        --bs_default__indicator_background_color_closed: #ffffff;\n        --bs_default__indicator_background_color_open: #ffa041;\n        --bs_default__content_color: #ffffff;\n        --bs_default__content_background_color: linear-gradient(to bottom, #ffa041, #ffb2db);\n        --bs_default__content_margin_top: rem;\n        --bs_default__content_border_radius: 45px 45px 45px 45px;\n        --bs_default__accordion_padding_inline: 1.5rem;\n        --bs_default__accordion_column_gap: 5rem;\n    }\n\n    \/* Accordion item ------------------ *\/\n    .bs_default_accordion .accordion-item {\n        border: none;\n        margin-bottom: 1rem;\n    }\n\n    \/* Button ------------------ *\/\n    .bs_default_accordion .accordion-button {\n        padding: 0;\n        padding-inline: var(--bs_default__accordion_padding_inline);\n        transition: .3s all ease;\n        background-color: var(--bs_default__title_background_color_closed);\n        align-items: stretch;\n        border-radius: var(--bs_default__title_border_radius) !important;\n        overflow: hidden;\n        box-shadow: 0px 0px 25px 0px rgba(255, 180, 237, 0.35);-webkit-box-shadow: 0px 0px 25px 0px rgba(255, 180, 237, 0.35);-moz-box-shadow: 0px 0px 25px 0px rgba(255, 180, 237, 0.35);    }\n\n    .bs_default_accordion .accordion-button:not(.collapsed) {\n        background-color: var(--bs_default__title_background_color_open);\n        border-bottom-left-radius: 0px !important; border-bottom-right-radius: 0px !important;box-shadow: none;    }\n\n    @media (max-width: 768px) {\n        .bs_default_accordion .accordion-button {\n            padding-inline: 0.5rem;\n        }\n    }\n\n    \/* Title ------------------ *\/\n    .bs_default_accordion .accordion__title {\n        padding: 1rem;\n        color: var(--bs_default__title_color_closed);\n        text-transform: var(--bs_default__title_text_transform);\n        display: flex;\n        justify-content: center;\n        align-items: center;\n    }\n\n    .bs_default_accordion .accordion-button:not(.collapsed) .accordion__title {\n        color: var(--bs_default__title_color_open);\n    }\n\n    \/* Content ------------------ *\/\n    .bs_default_accordion .accordion-body {\n        padding: 1rem;\n        padding-inline: calc(var(--bs_default__accordion_padding_inline) + 1rem);\n        border-radius: var(--bs_default__content_border_radius) !important;\n        color: var(--bs_default__content_color);\n        background: var(--bs_default__content_background_color);\n        margin-top: var(--bs_default__content_margin_top);\n        column-gap: var(--bs_default__accordion_column_gap);\n        border-top-left-radius: 0px !important; border-top-right-radius: 0px !important;    }\n\n    @media (max-width: 768px) {\n        .bs_default_accordion .accordion-body {\n            column-count: 1 !important;\n        }\n    }\n\n    @media (max-width: 768px) {\n        .bs_default_accordion .accordion-body {\n            padding-inline: 1.5rem;\n        }\n    }\n\n    \/* Index ------------------ *\/\n    .bs_default_accordion .accordion__index {\n        flex: 0 0 3rem;\n        transition: .3s all ease;\n        color: var(--bs_default__index_color_open);\n        background-color: var(--bs_default__index_color_closed);\n        display: flex;\n        justify-content: center;\n        align-items: center;\n    }\n\n    .bs_default_accordion .accordion-button:not(.collapsed) .accordion__index {\n        color: var(--bs_default__index_color_closed);\n        background-color: var(--bs_default__index_color_open);\n    }\n\n    \/* Indicator ------------------ *\/\n    .bs_default_accordion .accordion-button::after {\n        display: none;\n        \/* Turns off bootstrap indicator *\/\n    }\n\n    .bs_default_accordion .accordion__indicator {\n        flex: 0 0 3rem;\n        padding: 1rem;\n        margin-left: auto;\n        display: flex;\n        justify-content: center;\n        align-items: center;\n        transition: .3s all ease;\n        background-color: var(--bs_default__indicator_background_color_closed);\n    }\n\n    .bs_default_accordion .accordion-button:not(.collapsed) .accordion__indicator {\n        background-color: var(--bs_default__indicator_background_color_open);\n        border-bottom-left-radius: 0px !important; border-bottom-right-radius: 0px !important;    }\n\n    .bs_default_accordion .accordion__indicator :is(img, svg) {\n        width: 1rem;\n        height: auto;\n        transition: .3s all ease;\n        transform: rotate(var(--bs_default__indicator_orientation_closed));\n    }\n\n    .bs_default_accordion .accordion-button:not(.collapsed) .accordion__indicator :is(img, svg) {\n        transform: rotate(var(--bs_default__indicator_orientation_open));\n    }\n\n    .bs_default_accordion .accordion__indicator svg path {\n        stroke: var(--bs_default__indicator_color_closed);\n    }\n\n    .bs_default_accordion .accordion-button:not(.collapsed) .accordion__indicator svg path {\n        stroke: var(--bs_default__indicator_color_open);\n    }\n<\/style>\n\n    <div class=\"accordion accordion-flush bs_default_accordion\" id=\"accordion__block_96a88947d693c3b2f8221147af9f7f65\">\n                    <div class=\"accordion-item\">\n                <h2 class=\"accordion-header\" id=\"accordion_heading_01__wann-ist-die-ambulan\">\n                    <button class=\"accordion-button\" type=\"button\" data-bs-toggle=\"collapse\" data-bs-target=\"#accordion_body_01__wann-ist-die-ambulan\" aria-expanded=\"true\" aria-controls=\"accordion_body_01__wann-ist-die-ambulan\">\n                                                <div class=\"accordion__title f-lg\">\n                            Wann ist die ambulante Eingliederungshilfe sinnvoll?                        <\/div>\n                        <div class=\"accordion__indicator\">\n                            <?xml version=\"1.0\" encoding=\"UTF-8\"?>\n<svg xmlns=\"http:\/\/www.w3.org\/2000\/svg\" id=\"Layer_2\" data-name=\"Layer 2\" width=\"30\" height=\"24\" viewbox=\"0 0 30 24\">\n  <g id=\"arrow-forward\">\n    <rect id=\"Rechteck_1515\" data-name=\"Rechteck 1515\" width=\"24\" height=\"24\" transform=\"translate(6 24) rotate(-90)\" opacity=\"0\"><\/rect>\n    <path id=\"Pfad_451\" data-name=\"Pfad 451\" d=\"M-5,13H16.86l-3.63,4.36a1,1,0,0,0,1.54,1.28l5-6a1.19,1.19,0,0,0,.09-.15c0-.05.05-.08.07-.13a.961.961,0,0,0,0-.72c0-.05-.05-.08-.07-.13a1.19,1.19,0,0,0-.09-.15l-5-6a1,1,0,1,0-1.54,1.28L16.86,11H-5a1,1,0,0,0-1,1A1,1,0,0,0-5,13Z\" transform=\"translate(6)\" fill=\"#fff\"><\/path>\n  <\/g>\n<\/svg>\n                        <\/div>\n                    <\/button>\n                <\/h2>\n                <div id=\"accordion_body_01__wann-ist-die-ambulan\" class=\"accordion-collapse collapse show\" aria-labelledby=\"accordion_heading_01__wann-ist-die-ambulan\" data-bs-parent=\"#accordion__block_96a88947d693c3b2f8221147af9f7f65\">\n                    <div class=\"accordion-body\" style=\"column-count: 2;\">\n                        <p>Die ambulante Eingliederungshilfe ist hilfreich, wenn Kinder und Jugendliche aufgrund (drohender) seelischer Beeintr\u00e4chtigungen Unterst\u00fctzung brauchen, um ihren Alltag zu meistern.<\/p>\n<p>Die ambulante Eingliederungshilfe richtet sich an Kinder, Jugendliche und deren Familien, die bereit sind, aktiv an der Stabilisierung und Verbesserung ihrer Lebenssituation zu arbeiten. Im Mittelpunkt steht die F\u00f6rderung der individuellen Ressourcen, um eine langfristige und positive Entwicklung zu erm\u00f6glichen. Sie bietet passgenaue und l\u00f6sungsorientierte Hilfen, die sich an den jeweiligen Bed\u00fcrfnissen der Betroffenen orientieren.<\/p>\n<p>Sie ist dann sinnvoll, wenn:<\/p>\n<ul>\n<li>Entwicklungs- und Verhaltensauff\u00e4lligkeiten: Kinder oder Jugendliche haben Schwierigkeiten, sich altersgerecht zu entwickeln oder soziale und emotionale Herausforderungen zu bew\u00e4ltigen.<\/li>\n<li>Probleme in Schule und sozialen Kontexten: Es gibt Konflikte mit Lehrkr\u00e4ften, Mitsch\u00fclern oder im Freundeskreis, oder schulische Anforderungen k\u00f6nnen nicht erf\u00fcllt werden.<\/li>\n<li>\u00dcberforderung von Kind oder Familie: Der Alltag ist von Stress, psychischen Belastungen oder mangelnder Struktur gepr\u00e4gt.<\/li>\n<li>Wunsch nach Unterst\u00fctzung und Ver\u00e4nderung: Die Familie m\u00f6chte aktiv an der Verbesserung der Situation arbeiten.<\/li>\n<\/ul>\n                    <\/div>\n                <\/div>\n            <\/div>\n                                <div class=\"accordion-item\">\n                <h2 class=\"accordion-header\" id=\"accordion_heading_02__wie-hilft-die-ambula\">\n                    <button class=\"accordion-button collapsed\" type=\"button\" data-bs-toggle=\"collapse\" data-bs-target=\"#accordion_body_02__wie-hilft-die-ambula\" aria-expanded=\"false\" aria-controls=\"accordion_body_02__wie-hilft-die-ambula\">\n                                                <div class=\"accordion__title f-lg\">\n                            Wie hilft die ambulante Eingliederungshilfe konkret?                        <\/div>\n                        <div class=\"accordion__indicator\">\n                            <?xml version=\"1.0\" encoding=\"UTF-8\"?>\n<svg xmlns=\"http:\/\/www.w3.org\/2000\/svg\" id=\"Layer_2\" data-name=\"Layer 2\" width=\"30\" height=\"24\" viewbox=\"0 0 30 24\">\n  <g id=\"arrow-forward\">\n    <rect id=\"Rechteck_1515\" data-name=\"Rechteck 1515\" width=\"24\" height=\"24\" transform=\"translate(6 24) rotate(-90)\" opacity=\"0\"><\/rect>\n    <path id=\"Pfad_451\" data-name=\"Pfad 451\" d=\"M-5,13H16.86l-3.63,4.36a1,1,0,0,0,1.54,1.28l5-6a1.19,1.19,0,0,0,.09-.15c0-.05.05-.08.07-.13a.961.961,0,0,0,0-.72c0-.05-.05-.08-.07-.13a1.19,1.19,0,0,0-.09-.15l-5-6a1,1,0,1,0-1.54,1.28L16.86,11H-5a1,1,0,0,0-1,1A1,1,0,0,0-5,13Z\" transform=\"translate(6)\" fill=\"#fff\"><\/path>\n  <\/g>\n<\/svg>\n                        <\/div>\n                    <\/button>\n                <\/h2>\n                <div id=\"accordion_body_02__wie-hilft-die-ambula\" class=\"accordion-collapse collapse\" aria-labelledby=\"accordion_heading_02__wie-hilft-die-ambula\" data-bs-parent=\"#accordion__block_96a88947d693c3b2f8221147af9f7f65\">\n                    <div class=\"accordion-body\" style=\"column-count: 2;\">\n                        <p>Die ambulante Eingliederungshilfe unterst\u00fctzt Kinder und Jugendliche, die durch (drohende) seelische Behinderungen in ihrer Teilnahme am gesellschaftlichen Leben beeintr\u00e4chtigt sind. Die Unterst\u00fctzung wird an die individuellen Bed\u00fcrfnisse des Kindes oder Jugendlichen und der Familie angepasst und f\u00f6rdert die Entwicklung und Teilhabechancen. Wir bieten konkrete Hilfe in folgenden Bereichen:<\/p>\n<ul>\n<li>F\u00f6rderung sozialer Kompetenzen: Hilfe bei der Entwicklung sozialer F\u00e4higkeiten, z. B. bei Freundschaften oder in der Schule.<\/li>\n<li>Unterst\u00fctzung im schulischen Bereich: Strategien zur Bew\u00e4ltigung von schulischen Herausforderungen wie Konzentrationsproblemen oder Konflikten.<\/li>\n<li>Individuelle Begleitung: Hilfe bei der St\u00e4rkung des Selbstbewusstseins und der F\u00f6rderung von Selbstst\u00e4ndigkeit.<\/li>\n<li>Bew\u00e4ltigung von Alltagsschwierigkeiten: Unterst\u00fctzung bei der besseren Strukturierung des Alltags und dem Umgang mit Herausforderungen.<\/li>\n<li>Vernetzung und Vermittlung: Zusammenarbeit mit Schulen, Therapeuten oder \u00c4rzten, um eine ganzheitliche F\u00f6rderung sicherzustellen.<\/li>\n<li>St\u00e4rkung der seelischen Gesundheit: F\u00f6rderung der emotionalen Ressourcen und des Wohlbefindens.<\/li>\n<\/ul>\n<p>Die ambulante Eingliederungshilfe bietet dabei nicht nur praktische Unterst\u00fctzung, sondern auch Orientierung und Halt in schwierigen Lebenssituationen. Durch regelm\u00e4\u00dfige Begleitung wird ein stabiles Umfeld geschaffen, das langfristig die Integration in Schule, Familie und Gesellschaft erleichtert.<\/p>\n                    <\/div>\n                <\/div>\n            <\/div>\n                                <div class=\"accordion-item\">\n                <h2 class=\"accordion-header\" id=\"accordion_heading_03__wie-kann-man-eine-am\">\n                    <button class=\"accordion-button collapsed\" type=\"button\" data-bs-toggle=\"collapse\" data-bs-target=\"#accordion_body_03__wie-kann-man-eine-am\" aria-expanded=\"false\" aria-controls=\"accordion_body_03__wie-kann-man-eine-am\">\n                                                <div class=\"accordion__title f-lg\">\n                            Wie kann man eine ambulante Eingliederungshilfe beantragen?                        <\/div>\n                        <div class=\"accordion__indicator\">\n                            <?xml version=\"1.0\" encoding=\"UTF-8\"?>\n<svg xmlns=\"http:\/\/www.w3.org\/2000\/svg\" id=\"Layer_2\" data-name=\"Layer 2\" width=\"30\" height=\"24\" viewbox=\"0 0 30 24\">\n  <g id=\"arrow-forward\">\n    <rect id=\"Rechteck_1515\" data-name=\"Rechteck 1515\" width=\"24\" height=\"24\" transform=\"translate(6 24) rotate(-90)\" opacity=\"0\"><\/rect>\n    <path id=\"Pfad_451\" data-name=\"Pfad 451\" d=\"M-5,13H16.86l-3.63,4.36a1,1,0,0,0,1.54,1.28l5-6a1.19,1.19,0,0,0,.09-.15c0-.05.05-.08.07-.13a.961.961,0,0,0,0-.72c0-.05-.05-.08-.07-.13a1.19,1.19,0,0,0-.09-.15l-5-6a1,1,0,1,0-1.54,1.28L16.86,11H-5a1,1,0,0,0-1,1A1,1,0,0,0-5,13Z\" transform=\"translate(6)\" fill=\"#fff\"><\/path>\n  <\/g>\n<\/svg>\n                        <\/div>\n                    <\/button>\n                <\/h2>\n                <div id=\"accordion_body_03__wie-kann-man-eine-am\" class=\"accordion-collapse collapse\" aria-labelledby=\"accordion_heading_03__wie-kann-man-eine-am\" data-bs-parent=\"#accordion__block_96a88947d693c3b2f8221147af9f7f65\">\n                    <div class=\"accordion-body\" style=\"column-count: 2;\">\n                        <p>Um ambulante Eingliederungshilfe nach \u00a735a SGB VIII zu bekommen, sind folgende Schritte n\u00f6tig:<\/p>\n<ol>\n<li>Erkennen des Unterst\u00fctzungsbedarfs: Eltern, Lehrer oder \u00c4rzte erkennen, dass das Kind oder der Jugendliche aufgrund einer seelischen Behinderung Schwierigkeiten hat.<\/li>\n<li>Kontakt zum Jugendamt: Eltern wenden sich an das Jugendamt und stellen einen Antrag auf Eingliederungshilfe.<\/li>\n<li>Fachliche Stellungnahme einholen: Eine \u00e4rztliche oder therapeutische Stellungnahme wird ben\u00f6tigt, die best\u00e4tigt, dass eine seelische Behinderung vorliegt.<\/li>\n<li>Pr\u00fcfung durch das Jugendamt: Das Jugendamt pr\u00fcft den Antrag und kl\u00e4rt, ob die Voraussetzungen f\u00fcr die Eingliederungshilfe erf\u00fcllt sind.<\/li>\n<li>Erstellung eines Hilfeplans: Wenn der Antrag bewilligt wird, erstellen das Jugendamt und die Familie einen Hilfeplan, der die Ziele und Ma\u00dfnahmen festlegt.<\/li>\n<li>Durchf\u00fchrung der Ma\u00dfnahmen: Nach der Bewilligung beginnt die Hilfe durch Fachkr\u00e4fte.<\/li>\n<li>Kosten\u00fcbernahme: Die Kosten werden in der Regel vom Jugendamt \u00fcbernommen.<\/li>\n<\/ol>\n<p>Eine fr\u00fchzeitige Kontaktaufnahme mit dem Jugendamt und eine sorgf\u00e4ltige Vorbereitung des Antrags (z. B. durch \u00e4rztliche Gutachten) sind entscheidend, um die notwendigen Hilfen schnell und passgenau zu erhalten.<\/p>\n                    <\/div>\n                <\/div>\n            <\/div>\n                                <div class=\"accordion-item\">\n                <h2 class=\"accordion-header\" id=\"accordion_heading_04__wie-lange-dauert-ein\">\n                    <button class=\"accordion-button collapsed\" type=\"button\" data-bs-toggle=\"collapse\" data-bs-target=\"#accordion_body_04__wie-lange-dauert-ein\" aria-expanded=\"false\" aria-controls=\"accordion_body_04__wie-lange-dauert-ein\">\n                                                <div class=\"accordion__title f-lg\">\n                            Wie lange dauert eine ambulante Eingliederungshilfe?                        <\/div>\n                        <div class=\"accordion__indicator\">\n                            <?xml version=\"1.0\" encoding=\"UTF-8\"?>\n<svg xmlns=\"http:\/\/www.w3.org\/2000\/svg\" id=\"Layer_2\" data-name=\"Layer 2\" width=\"30\" height=\"24\" viewbox=\"0 0 30 24\">\n  <g id=\"arrow-forward\">\n    <rect id=\"Rechteck_1515\" data-name=\"Rechteck 1515\" width=\"24\" height=\"24\" transform=\"translate(6 24) rotate(-90)\" opacity=\"0\"><\/rect>\n    <path id=\"Pfad_451\" data-name=\"Pfad 451\" d=\"M-5,13H16.86l-3.63,4.36a1,1,0,0,0,1.54,1.28l5-6a1.19,1.19,0,0,0,.09-.15c0-.05.05-.08.07-.13a.961.961,0,0,0,0-.72c0-.05-.05-.08-.07-.13a1.19,1.19,0,0,0-.09-.15l-5-6a1,1,0,1,0-1.54,1.28L16.86,11H-5a1,1,0,0,0-1,1A1,1,0,0,0-5,13Z\" transform=\"translate(6)\" fill=\"#fff\"><\/path>\n  <\/g>\n<\/svg>\n                        <\/div>\n                    <\/button>\n                <\/h2>\n                <div id=\"accordion_body_04__wie-lange-dauert-ein\" class=\"accordion-collapse collapse\" aria-labelledby=\"accordion_heading_04__wie-lange-dauert-ein\" data-bs-parent=\"#accordion__block_96a88947d693c3b2f8221147af9f7f65\">\n                    <div class=\"accordion-body\" style=\"column-count: 1;\">\n                        <p>Die Dauer der Hilfe h\u00e4ngt von den Bed\u00fcrfnissen des Kindes oder Jugendlichen ab. Die Unterst\u00fctzung dauert so lange, wie sie notwendig ist, um die vereinbarten Ziele zu erreichen. Es gibt keine feste Dauer \u2013 sie wird regelm\u00e4\u00dfig \u00fcberpr\u00fcft und angepasst.<\/p>\n<ol>\n<li>Bedarf und Entwicklungsfortschritt: Die Eingliederungshilfe dauert so lange, wie der Bedarf besteht und Fortschritte erzielt werden k\u00f6nnen. Regelm\u00e4\u00dfige \u00dcberpr\u00fcfungen durch das Jugendamt stellen sicher, dass die Ma\u00dfnahmen weiterhin notwendig und zielf\u00fchrend sind.<\/li>\n<li>Ziele des Hilfeplans: Zu Beginn der Ma\u00dfnahme wird im Hilfeplan festgelegt, welche Ziele erreicht werden sollen (z. B. Verbesserung sozialer Kompetenzen, Stabilisierung der schulischen Leistungen). Die Hilfe dauert an, bis diese Ziele erreicht oder angepasst werden.<\/li>\n<li>Regelm\u00e4\u00dfige \u00dcberpr\u00fcfung: Im Rahmen der Hilfeplanung finden in der Regel halbj\u00e4hrliche oder j\u00e4hrliche \u00dcberpr\u00fcfungen statt. Dabei wird gemeinsam mit der Familie und den Fachkr\u00e4ften entschieden, ob die Unterst\u00fctzung fortgesetzt, ver\u00e4ndert oder beendet werden soll.<\/li>\n<li>Alter des Kindes oder Jugendlichen: Da die Eingliederungshilfe auf die F\u00f6rderung von Kindern und Jugendlichen ausgerichtet ist, endet sie sp\u00e4testens mit dem 21. Lebensjahr. In Ausnahmef\u00e4llen kann eine Fortf\u00fchrung \u00fcber das Jugendalter hinaus durch andere Leistungen der Eingliederungshilfe im Sozialgesetzbuch (z. B. SGB IX oder SGB XII) gepr\u00fcft werden.<\/li>\n<li>K\u00fcndigung der Ma\u00dfnahme: Eltern oder Sorgeberechtigte k\u00f6nnen die Ma\u00dfnahme auch beenden, wenn sie der Ansicht sind, dass keine Unterst\u00fctzung mehr n\u00f6tig ist. Auch das Jugendamt kann die Ma\u00dfnahme nach einer \u00dcberpr\u00fcfung einstellen, wenn der Bedarf nicht mehr besteht.<\/li>\n<\/ol>\n<p>Die genaue Dauer h\u00e4ngt also stark von der individuellen Situation ab. In manchen F\u00e4llen kann die Hilfe nur wenige Monate erforderlich sein, w\u00e4hrend sie in anderen F\u00e4llen \u00fcber mehrere Jahre andauert, um langfristige Entwicklungsziele zu erreichen. Wichtig ist, dass die Hilfe flexibel und bedarfsorientiert bleibt.<\/p>\n                    <\/div>\n                <\/div>\n            <\/div>\n                                <div class=\"accordion-item\">\n                <h2 class=\"accordion-header\" id=\"accordion_heading_05__wie-wird-man-fachkra\">\n                    <button class=\"accordion-button collapsed\" type=\"button\" data-bs-toggle=\"collapse\" data-bs-target=\"#accordion_body_05__wie-wird-man-fachkra\" aria-expanded=\"false\" aria-controls=\"accordion_body_05__wie-wird-man-fachkra\">\n                                                <div class=\"accordion__title f-lg\">\n                            Wie wird man Fachkraft f\u00fcr die ambulante Eingliederungshilfe?                        <\/div>\n                        <div class=\"accordion__indicator\">\n                            <?xml version=\"1.0\" encoding=\"UTF-8\"?>\n<svg xmlns=\"http:\/\/www.w3.org\/2000\/svg\" id=\"Layer_2\" data-name=\"Layer 2\" width=\"30\" height=\"24\" viewbox=\"0 0 30 24\">\n  <g id=\"arrow-forward\">\n    <rect id=\"Rechteck_1515\" data-name=\"Rechteck 1515\" width=\"24\" height=\"24\" transform=\"translate(6 24) rotate(-90)\" opacity=\"0\"><\/rect>\n    <path id=\"Pfad_451\" data-name=\"Pfad 451\" d=\"M-5,13H16.86l-3.63,4.36a1,1,0,0,0,1.54,1.28l5-6a1.19,1.19,0,0,0,.09-.15c0-.05.05-.08.07-.13a.961.961,0,0,0,0-.72c0-.05-.05-.08-.07-.13a1.19,1.19,0,0,0-.09-.15l-5-6a1,1,0,1,0-1.54,1.28L16.86,11H-5a1,1,0,0,0-1,1A1,1,0,0,0-5,13Z\" transform=\"translate(6)\" fill=\"#fff\"><\/path>\n  <\/g>\n<\/svg>\n                        <\/div>\n                    <\/button>\n                <\/h2>\n                <div id=\"accordion_body_05__wie-wird-man-fachkra\" class=\"accordion-collapse collapse\" aria-labelledby=\"accordion_heading_05__wie-wird-man-fachkra\" data-bs-parent=\"#accordion__block_96a88947d693c3b2f8221147af9f7f65\">\n                    <div class=\"accordion-body\" style=\"column-count: 1;\">\n                        <p>Um als Fachkraft in der ambulanten Eingliederungshilfe zu arbeiten, braucht man eine Qualifikation in einem sozialen Bereich, z. B. Sozialp\u00e4dagogik oder Sozialarbeit. Berufserfahrung in der Kinder- und Jugendhilfe ist hilfreich, ebenso wie pers\u00f6nliche Eigenschaften wie Empathie, Geduld und Kommunikationsf\u00e4higkeit.<\/p>\n<ol>\n<li>Ausbildung oder Studium: Ein Abschluss in Sozialp\u00e4dagogik oder Sozialarbeit ist erforderlich.<\/li>\n<li>Anerkennung als Fachkraft: Wir als Tr\u00e4ger und Jugend\u00e4mter setzen die staatliche Anerkennung als Sozialp\u00e4dagog:in\/ Sozialarbeiter:in voraus.<br \/>\nBerufserfahrung: Praxiserfahrung in der Kinder- und Jugendhilfe ist von Vorteil. Diese hilft dabei ein tieferes Verst\u00e4ndnis f\u00fcr die Arbeit mit der Zielgruppe zu entwickeln.<\/li>\n<li>Pers\u00f6nliche Kompetenzen: Empathie, Geduld, Kommunikationsf\u00e4higkeit und Konfliktl\u00f6sungskompetenz sind entscheidend. Fachkr\u00e4fte der ambulanten Eingliederungshilfe m\u00fcssen in der Lage sein, stabile Beziehungen zum jungen Menschen und dessen Familie aufzubauen und auch in schwierigen Situationen professionell zu handeln.<\/li>\n<li>Bewerbung bei uns als Tr\u00e4gern oder Jugend\u00e4mtern: Viele Fachkr\u00e4fte der ambulanten Eingliederungshilfe sind bei sozialen Tr\u00e4gern wir uns, die Team Soziale Hilfen, Jugend\u00e4mtern oder Einrichtungen der Jugendhilfe angestellt. Eine Bewerbung bei uns als ein solcher Tr\u00e4ger ist der n\u00e4chste Schritt.<\/li>\n<li>Fortbildung und Supervision: Auch nach dem Einstieg als Fachkraft der ambulanten Eingliederungshilfe sind regelm\u00e4\u00dfige Fortbildungen und Supervisionen wichtig, um sich weiterzuentwickeln und auf dem neuesten Stand zu bleiben.<\/li>\n<\/ol>\n<p>Diese Schritte f\u00fchren zu einer verantwortungsvollen und erf\u00fcllenden T\u00e4tigkeit als Fachkraft der ambulanten Eingliederungshilfe bei der Sie junge Menschen mit einer (drohenden) seelischen Teilhabebeeintr\u00e4chtigung nachhaltig unterst\u00fctzen k\u00f6nnen.<\/p>\n                    <\/div>\n                <\/div>\n            <\/div>\n                                <div class=\"accordion-item\">\n                <h2 class=\"accordion-header\" id=\"accordion_heading_06__was-ist-der-untersch\">\n                    <button class=\"accordion-button collapsed\" type=\"button\" data-bs-toggle=\"collapse\" data-bs-target=\"#accordion_body_06__was-ist-der-untersch\" aria-expanded=\"false\" aria-controls=\"accordion_body_06__was-ist-der-untersch\">\n                                                <div class=\"accordion__title f-lg\">\n                            Was ist der Unterschied zwischen der ambulanten Eingliederungshilfe und der ambulanten Erziehungsbeistandschaft?                        <\/div>\n                        <div class=\"accordion__indicator\">\n                            <?xml version=\"1.0\" encoding=\"UTF-8\"?>\n<svg xmlns=\"http:\/\/www.w3.org\/2000\/svg\" id=\"Layer_2\" data-name=\"Layer 2\" width=\"30\" height=\"24\" viewbox=\"0 0 30 24\">\n  <g id=\"arrow-forward\">\n    <rect id=\"Rechteck_1515\" data-name=\"Rechteck 1515\" width=\"24\" height=\"24\" transform=\"translate(6 24) rotate(-90)\" opacity=\"0\"><\/rect>\n    <path id=\"Pfad_451\" data-name=\"Pfad 451\" d=\"M-5,13H16.86l-3.63,4.36a1,1,0,0,0,1.54,1.28l5-6a1.19,1.19,0,0,0,.09-.15c0-.05.05-.08.07-.13a.961.961,0,0,0,0-.72c0-.05-.05-.08-.07-.13a1.19,1.19,0,0,0-.09-.15l-5-6a1,1,0,1,0-1.54,1.28L16.86,11H-5a1,1,0,0,0-1,1A1,1,0,0,0-5,13Z\" transform=\"translate(6)\" fill=\"#fff\"><\/path>\n  <\/g>\n<\/svg>\n                        <\/div>\n                    <\/button>\n                <\/h2>\n                <div id=\"accordion_body_06__was-ist-der-untersch\" class=\"accordion-collapse collapse\" aria-labelledby=\"accordion_heading_06__was-ist-der-untersch\" data-bs-parent=\"#accordion__block_96a88947d693c3b2f8221147af9f7f65\">\n                    <div class=\"accordion-body\" style=\"column-count: 1;\">\n                        <p>Die ambulante Eingliederungshilfe richtet sich an Kinder und Jugendliche mit seelischen Beeintr\u00e4chtigungen. Sie f\u00f6rdert die Teilhabe am gesellschaftlichen Leben und unterst\u00fctzt die soziale und emotionale Entwicklung.<\/p>\n<p>Die Erziehungsbeistandschaft hilft Kindern und Jugendlichen, die soziale Probleme haben, aber keine seelische Behinderung im Sinne des Gesetzes aufweisen. Hier liegt der Fokus auf der Unterst\u00fctzung bei der sozialen Entwicklung und der F\u00f6rderung von Konfliktl\u00f6sungsf\u00e4higkeiten.<\/p>\n                    <\/div>\n                <\/div>\n            <\/div>\n                        <\/div>\n\n\t<\/div>\n\n<\/div>\n\n<\/div>\n\n<\/div>\n<\/div>","protected":false},"excerpt":{"rendered":"","protected":false},"author":1,"featured_media":0,"parent":0,"menu_order":0,"comment_status":"closed","ping_status":"closed","template":"","meta":{"inline_featured_image":false,"footnotes":""},"class_list":["post-425","page","type-page","status-publish","hentry"],"yoast_head":"<!-- This site is optimized with the Yoast SEO plugin v27.4 - https:\/\/yoast.com\/product\/yoast-seo-wordpress\/ -->\n<title>Team Soziale Hilfen - Ambulante Eingliederungshilfe<\/title>\n<meta name=\"robots\" content=\"index, follow, max-snippet:-1, max-image-preview:large, max-video-preview:-1\" \/>\n<link rel=\"canonical\" href=\"https:\/\/teamsozialehilfen.de\/de_simple\/ambulante-eingliederungshilfe\/\" \/>\n<meta property=\"og:locale\" content=\"de_DE\" \/>\n<meta property=\"og:type\" content=\"article\" \/>\n<meta property=\"og:title\" content=\"Team Soziale Hilfen - Ambulante Eingliederungshilfe\" \/>\n<meta property=\"og:url\" content=\"https:\/\/teamsozialehilfen.de\/de_simple\/ambulante-eingliederungshilfe\/\" \/>\n<meta property=\"og:site_name\" content=\"Team Soziale Hilfen\" \/>\n<meta property=\"article:modified_time\" content=\"2025-07-31T15:46:55+00:00\" \/>\n<meta property=\"og:image\" content=\"https:\/\/teamsozialehilfen.de\/wp-content\/uploads\/AdobeStock_231916279.webp\" \/>\n<meta name=\"twitter:card\" content=\"summary_large_image\" \/>\n<meta name=\"twitter:label1\" content=\"Est. reading time\" \/>\n\t<meta name=\"twitter:data1\" content=\"2 minutes\" \/>\n<script type=\"application\/ld+json\" class=\"yoast-schema-graph\">{\"@context\":\"https:\\\/\\\/schema.org\",\"@graph\":[{\"@type\":\"WebPage\",\"@id\":\"https:\\\/\\\/teamsozialehilfen.de\\\/ambulante-eingliederungshilfe\\\/\",\"url\":\"https:\\\/\\\/teamsozialehilfen.de\\\/ambulante-eingliederungshilfe\\\/\",\"name\":\"Team Soziale Hilfen - Ambulante Eingliederungshilfe\",\"isPartOf\":{\"@id\":\"https:\\\/\\\/teamsozialehilfen.de\\\/#website\"},\"primaryImageOfPage\":{\"@id\":\"https:\\\/\\\/teamsozialehilfen.de\\\/ambulante-eingliederungshilfe\\\/#primaryimage\"},\"image\":{\"@id\":\"https:\\\/\\\/teamsozialehilfen.de\\\/ambulante-eingliederungshilfe\\\/#primaryimage\"},\"thumbnailUrl\":\"https:\\\/\\\/teamsozialehilfen.de\\\/wp-content\\\/uploads\\\/AdobeStock_231916279.webp\",\"datePublished\":\"2025-06-03T11:54:49+00:00\",\"dateModified\":\"2025-07-31T15:46:55+00:00\",\"breadcrumb\":{\"@id\":\"https:\\\/\\\/teamsozialehilfen.de\\\/ambulante-eingliederungshilfe\\\/#breadcrumb\"},\"inLanguage\":\"de-simple\",\"potentialAction\":[{\"@type\":\"ReadAction\",\"target\":[\"https:\\\/\\\/teamsozialehilfen.de\\\/ambulante-eingliederungshilfe\\\/\"]}]},{\"@type\":\"ImageObject\",\"inLanguage\":\"de-simple\",\"@id\":\"https:\\\/\\\/teamsozialehilfen.de\\\/ambulante-eingliederungshilfe\\\/#primaryimage\",\"url\":\"https:\\\/\\\/teamsozialehilfen.de\\\/wp-content\\\/uploads\\\/AdobeStock_231916279.webp\",\"contentUrl\":\"https:\\\/\\\/teamsozialehilfen.de\\\/wp-content\\\/uploads\\\/AdobeStock_231916279.webp\"},{\"@type\":\"BreadcrumbList\",\"@id\":\"https:\\\/\\\/teamsozialehilfen.de\\\/ambulante-eingliederungshilfe\\\/#breadcrumb\",\"itemListElement\":[{\"@type\":\"ListItem\",\"position\":1,\"name\":\"Startseite\",\"item\":\"https:\\\/\\\/teamsozialehilfen.de\\\/\"},{\"@type\":\"ListItem\",\"position\":2,\"name\":\"Ambulante Eingliederungshilfe\"}]},{\"@type\":\"WebSite\",\"@id\":\"https:\\\/\\\/teamsozialehilfen.de\\\/#website\",\"url\":\"https:\\\/\\\/teamsozialehilfen.de\\\/\",\"name\":\"Team Soziale Hilfen\",\"description\":\"\",\"publisher\":{\"@id\":\"https:\\\/\\\/teamsozialehilfen.de\\\/#organization\"},\"alternateName\":\"Team Soziale Hilfen\",\"potentialAction\":[{\"@type\":\"SearchAction\",\"target\":{\"@type\":\"EntryPoint\",\"urlTemplate\":\"https:\\\/\\\/teamsozialehilfen.de\\\/?s={search_term_string}\"},\"query-input\":{\"@type\":\"PropertyValueSpecification\",\"valueRequired\":true,\"valueName\":\"search_term_string\"}}],\"inLanguage\":\"de-simple\"},{\"@type\":\"Organization\",\"@id\":\"https:\\\/\\\/teamsozialehilfen.de\\\/#organization\",\"name\":\"Team Soziale Hilfen GmbH\",\"url\":\"https:\\\/\\\/teamsozialehilfen.de\\\/\",\"logo\":{\"@type\":\"ImageObject\",\"inLanguage\":\"de-simple\",\"@id\":\"https:\\\/\\\/teamsozialehilfen.de\\\/#\\\/schema\\\/logo\\\/image\\\/\",\"url\":\"https:\\\/\\\/teamsozialehilfen.de\\\/wp-content\\\/uploads\\\/TSH-Sharepic-Facebook.webp\",\"contentUrl\":\"https:\\\/\\\/teamsozialehilfen.de\\\/wp-content\\\/uploads\\\/TSH-Sharepic-Facebook.webp\",\"width\":1200,\"height\":630,\"caption\":\"Team Soziale Hilfen GmbH\"},\"image\":{\"@id\":\"https:\\\/\\\/teamsozialehilfen.de\\\/#\\\/schema\\\/logo\\\/image\\\/\"}}]}<\/script>\n<!-- \/ Yoast SEO plugin. -->","yoast_head_json":{"title":"Team Soziale Hilfen - Ambulante Eingliederungshilfe","robots":{"index":"index","follow":"follow","max-snippet":"max-snippet:-1","max-image-preview":"max-image-preview:large","max-video-preview":"max-video-preview:-1"},"canonical":"https:\/\/teamsozialehilfen.de\/de_simple\/ambulante-eingliederungshilfe\/","og_locale":"de_DE","og_type":"article","og_title":"Team Soziale Hilfen - Ambulante Eingliederungshilfe","og_url":"https:\/\/teamsozialehilfen.de\/de_simple\/ambulante-eingliederungshilfe\/","og_site_name":"Team Soziale Hilfen","article_modified_time":"2025-07-31T15:46:55+00:00","og_image":[{"url":"https:\/\/teamsozialehilfen.de\/wp-content\/uploads\/AdobeStock_231916279.webp","type":"","width":"","height":""}],"twitter_card":"summary_large_image","twitter_misc":{"Est. reading time":"2 minutes"},"schema":{"@context":"https:\/\/schema.org","@graph":[{"@type":"WebPage","@id":"https:\/\/teamsozialehilfen.de\/ambulante-eingliederungshilfe\/","url":"https:\/\/teamsozialehilfen.de\/ambulante-eingliederungshilfe\/","name":"Team Soziale Hilfen - Ambulante Eingliederungshilfe","isPartOf":{"@id":"https:\/\/teamsozialehilfen.de\/#website"},"primaryImageOfPage":{"@id":"https:\/\/teamsozialehilfen.de\/ambulante-eingliederungshilfe\/#primaryimage"},"image":{"@id":"https:\/\/teamsozialehilfen.de\/ambulante-eingliederungshilfe\/#primaryimage"},"thumbnailUrl":"https:\/\/teamsozialehilfen.de\/wp-content\/uploads\/AdobeStock_231916279.webp","datePublished":"2025-06-03T11:54:49+00:00","dateModified":"2025-07-31T15:46:55+00:00","breadcrumb":{"@id":"https:\/\/teamsozialehilfen.de\/ambulante-eingliederungshilfe\/#breadcrumb"},"inLanguage":"de-simple","potentialAction":[{"@type":"ReadAction","target":["https:\/\/teamsozialehilfen.de\/ambulante-eingliederungshilfe\/"]}]},{"@type":"ImageObject","inLanguage":"de-simple","@id":"https:\/\/teamsozialehilfen.de\/ambulante-eingliederungshilfe\/#primaryimage","url":"https:\/\/teamsozialehilfen.de\/wp-content\/uploads\/AdobeStock_231916279.webp","contentUrl":"https:\/\/teamsozialehilfen.de\/wp-content\/uploads\/AdobeStock_231916279.webp"},{"@type":"BreadcrumbList","@id":"https:\/\/teamsozialehilfen.de\/ambulante-eingliederungshilfe\/#breadcrumb","itemListElement":[{"@type":"ListItem","position":1,"name":"Startseite","item":"https:\/\/teamsozialehilfen.de\/"},{"@type":"ListItem","position":2,"name":"Ambulante Eingliederungshilfe"}]},{"@type":"WebSite","@id":"https:\/\/teamsozialehilfen.de\/#website","url":"https:\/\/teamsozialehilfen.de\/","name":"Team Soziale Hilfen","description":"","publisher":{"@id":"https:\/\/teamsozialehilfen.de\/#organization"},"alternateName":"Team Soziale Hilfen","potentialAction":[{"@type":"SearchAction","target":{"@type":"EntryPoint","urlTemplate":"https:\/\/teamsozialehilfen.de\/?s={search_term_string}"},"query-input":{"@type":"PropertyValueSpecification","valueRequired":true,"valueName":"search_term_string"}}],"inLanguage":"de-simple"},{"@type":"Organization","@id":"https:\/\/teamsozialehilfen.de\/#organization","name":"Team Soziale Hilfen GmbH","url":"https:\/\/teamsozialehilfen.de\/","logo":{"@type":"ImageObject","inLanguage":"de-simple","@id":"https:\/\/teamsozialehilfen.de\/#\/schema\/logo\/image\/","url":"https:\/\/teamsozialehilfen.de\/wp-content\/uploads\/TSH-Sharepic-Facebook.webp","contentUrl":"https:\/\/teamsozialehilfen.de\/wp-content\/uploads\/TSH-Sharepic-Facebook.webp","width":1200,"height":630,"caption":"Team Soziale Hilfen GmbH"},"image":{"@id":"https:\/\/teamsozialehilfen.de\/#\/schema\/logo\/image\/"}}]}},"acf":[],"_links":{"self":[{"href":"https:\/\/teamsozialehilfen.de\/de_simple\/wp-json\/wp\/v2\/pages\/425","targetHints":{"allow":["GET"]}}],"collection":[{"href":"https:\/\/teamsozialehilfen.de\/de_simple\/wp-json\/wp\/v2\/pages"}],"about":[{"href":"https:\/\/teamsozialehilfen.de\/de_simple\/wp-json\/wp\/v2\/types\/page"}],"author":[{"embeddable":true,"href":"https:\/\/teamsozialehilfen.de\/de_simple\/wp-json\/wp\/v2\/users\/1"}],"replies":[{"embeddable":true,"href":"https:\/\/teamsozialehilfen.de\/de_simple\/wp-json\/wp\/v2\/comments?post=425"}],"version-history":[{"count":87,"href":"https:\/\/teamsozialehilfen.de\/de_simple\/wp-json\/wp\/v2\/pages\/425\/revisions"}],"predecessor-version":[{"id":1124,"href":"https:\/\/teamsozialehilfen.de\/de_simple\/wp-json\/wp\/v2\/pages\/425\/revisions\/1124"}],"wp:attachment":[{"href":"https:\/\/teamsozialehilfen.de\/de_simple\/wp-json\/wp\/v2\/media?parent=425"}],"curies":[{"name":"wp","href":"https:\/\/api.w.org\/{rel}","templated":true}]}}