{"id":514,"date":"2025-06-05T11:51:40","date_gmt":"2025-06-05T09:51:40","guid":{"rendered":"https:\/\/tsh.devbs.de\/?page_id=514"},"modified":"2025-07-31T17:46:42","modified_gmt":"2025-07-31T15:46:42","slug":"alltagsassistenz","status":"publish","type":"page","link":"https:\/\/teamsozialehilfen.de\/de_simple\/alltagsassistenz\/","title":{"rendered":"Alltagsassistenz"},"content":{"rendered":"<style>\n    .hero_child__spacer {\n        padding-inline: 0.75rem;\n    }\n\n    .hero_child {\n        height: 100vh;\n        max-height: 700px;\n        overflow: hidden;\n        position: relative;\n        isolation: isolate;\n        border-radius: var(--b-radius-xl);\n        transition: 0.3s max-height ease;\n    }\n\n    .hero_child.small {\n        max-height: 350px;\n    }\n\n    .hero_child__wrapper {\n        position: relative;\n        isolation: isolate;\n    }\n\n    .hero_child :is(.container-xl, .row, .col-12, .hero_decoration__wrapper) {\n        height: 100%;\n    }\n\n    .hero_child .hero_decoration__wrapper {\n        isolation: isolate;\n        width: fit-content;\n    }\n\n    .hero_child .hero_decoration {\n        position: absolute;\n        top: -50%;\n        right: -10%;\n        z-index: -1;\n        transform: scale(1.25);\n        transition: 0.3s all ease;\n        opacity: 0.75;\n    }\n\n    \/* .hero_child .claim, *\/\n\n    .hero_child .subclaim {\n        max-width: min(75vw, 600px);\n        hyphens: auto;\n    }\n\n    .hero_child .hero_background {\n        position: absolute;\n        inset: 0;\n        width: 100%;\n        height: 100%;\n        z-index: -1;\n    }\n\n    .hero_child .hero_background img {\n        position: absolute;\n        inset: 0;\n        width: 100%;\n        height: 100%;\n        object-fit: cover;\n        object-position: right;\n    }\n\n    .hero_child .hero_child__padding_bottom {\n        padding-bottom: 3rem;\n    }\n\n    .hero_child.small .hero_child__padding_bottom {\n        padding-bottom: 0rem;\n    }\n\n    .hero_child.small .hero_decoration__wrapper {\n        justify-content: center !important;\n    }\n\n    .hero_child.small .hero_decoration {\n        top: -150%;\n    }\n\n    .hero_child.small .hero_background img {\n        object-position: top right;\n    }\n\n    .hero_child.small h1 {\n        margin-block: 0rem;\n    }\n\n    @media (min-width: 2000px) {\n        .hero_child {\n            max-height: 1080px;\n        }\n    }\n\n    @media (max-width: 1512px) {\n        .hero_child .subclaim {\n            max-width: min(75vw, 500px);\n        }\n    }\n\n    @media (max-width: 768px) {\n\n        .hero_child .subclaim {\n            max-width: min(75vw, 300px);\n        }\n\n        .hero_child .hero_background img {\n            object-position: 76%;\n        }\n    }\n<\/style>\n\n<div class=\"hero_child__spacer\">\n    <div id=\"block_3142040f73f61e60670bc12fa9b0bfc3\" class=\"container-fluid hero_child blockWrapper mb-5 default\">\n        <div class=\"hero_background\" aria-hidden=\"true\" role=\"presentation\">\n            <img decoding=\"async\" src=\"https:\/\/teamsozialehilfen.de\/wp-content\/uploads\/AdobeStock_722437372.webp\" alt=\"\">\n        <\/div>\n        <div class=\"hero_child__wrapper container-xl hero_child__padding_bottom px-lg-5\">\n            <div class=\"row hero_child__padding_bottom\">\n                <div class=\"col-12 hero_child__padding_bottom\">\n                    <div class=\"hero_decoration__wrapper position-relative d-flex flex-column justify-content-end\">\n                        <div class=\"hero_decoration\" aria-hidden=\"true\" role=\"presentation\">\n                            <svg xmlns=\"http:\/\/www.w3.org\/2000\/svg\" xmlns:xlink=\"http:\/\/www.w3.org\/1999\/xlink\" width=\"2289.595\" height=\"1584.809\" viewbox=\"0 0 2289.595 1584.809\">\n                                <defs>\n                                    <lineargradient id=\"linear-gradient\" x1=\"0.967\" y1=\"0.114\" x2=\"0.281\" y2=\"0.657\" gradientunits=\"objectBoundingBox\">\n                                        <stop offset=\"0\" stop-color=\"#ffb4ed\" \/>\n                                        <stop offset=\"1\" stop-color=\"#ffa041\" \/>\n                                    <\/lineargradient>\n                                <\/defs>\n                                <path id=\"Pfad_507\" data-name=\"Pfad 507\" d=\"M1116.383,141.157s261.238,17.162,350.461,125.5c190.031,230.723,15.057,630.195-115.029,853.468-134.468,230.8-517.474,605.842-517.474,605.842H-739.012V141.157\" transform=\"translate(739.012 -141.157)\" opacity=\"0.899\" fill=\"url(#linear-gradient)\" \/>\n                            <\/svg>\n\n                        <\/div>\n                        <h1 class=\"claim h-4xl cLight\">Alltagsassistenz<\/h1>\n                        <p class=\"subclaim cLight\">Individuelle Unterst\u00fctzung f\u00fcr Menschen mit Beeintr\u00e4chtigungen auf dem Weg zur Selbstst\u00e4ndigkeit.<\/p>\n                                                            <a class=\"cta cta_light\" href=\"#intro\" target=\"\">\n            <div class=\"cta__text\">\n                Mehr erfahren            <\/div>\n            <div class=\"cta__icon\">\n                <img decoding=\"async\" src=\"\/wp-content\/uploads\/arrow-right-light.svg\" alt=\"\">\n            <\/div>\n        <\/a>\n                                                <\/div>\n                <\/div>\n            <\/div>\n        <\/div>\n    <\/div>\n<\/div>\n\n\n<div id=\"intro\" class=\"wp-block-group iAos data-aos_fade-in is-vertical is-content-justification-center is-nowrap is-layout-flex wp-container-core-group-is-layout-1f991c2f wp-block-group-is-layout-flex\" style=\"padding-top:2rem;padding-right:0rem;padding-bottom:2rem;padding-left:0rem\"><div class=\"wp-bootstrap-blocks-container container-fluid mb-0\">\n\t\n<div class=\"wp-bootstrap-blocks-container container-xl mb-0 px-lg-5\">\n\t\n<div class=\"wp-bootstrap-blocks-row row\">\n\t\n\n<div class=\"col-12 col-md-6 pb-5 fCenter px-5\">\n\t\t\t\n\n<figure class=\"wp-block-image size-full is-style-default\"><img loading=\"lazy\" decoding=\"async\" width=\"629\" height=\"831\" src=\"https:\/\/teamsozialehilfen.de\/wp-content\/uploads\/AdobeStock_1270823997.webp\" alt=\"Moodbild - Hilfe f\u00fcr anders Begabte\" class=\"wp-image-874\" srcset=\"https:\/\/teamsozialehilfen.de\/wp-content\/uploads\/AdobeStock_1270823997.webp 629w, https:\/\/teamsozialehilfen.de\/wp-content\/uploads\/AdobeStock_1270823997-227x300.webp 227w\" sizes=\"auto, (max-width: 629px) 100vw, 629px\" \/><\/figure>\n\n\t<\/div>\n\n\n\n<div class=\"col-12 col-md-6 pb-5 ps-md-5\">\n\t\t\t\n\n<p class=\"is-style-secInd\">Alltagsassistenz<\/p>\n\n\n\n<h2 class=\"wp-block-heading is-style-h-4xl\">Individuelle<br>Unterst\u00fctzung<\/h2>\n\n\n\n<p>Unser Ziel ist es, Menschen mit Beeintr\u00e4chtigungen zu helfen, ein selbstst\u00e4ndiges und unabh\u00e4ngiges Leben zu f\u00fchren. Mit pers\u00f6nlicher Assistenz unterst\u00fctzen wir Sie dabei, ein Leben zu f\u00fchren, das Sie selbstbestimmt gestalten.<\/p>\n\n\n\n<p>Durch unsere Hilfe k\u00f6nnen Sie eigenverantwortlicher in Ihrem eigenen Zuhause leben. Sie entscheiden, was Sie wann, wie, wo und mit wem tun m\u00f6chten.<\/p>\n\n\n\n<p>Wir legen gro\u00dfen Wert darauf, Sie respektvoll und wertsch\u00e4tzend zu unterst\u00fctzen. Gemeinsam erstellen wir einen individuellen Plan, der auf Ihre Ziele und Bed\u00fcrfnisse abgestimmt ist. Bei uns stehen Schutz, Stabilit\u00e4t und Verl\u00e4sslichkeit immer an erster Stelle.<\/p>\n\n\t<\/div>\n\n<\/div>\n\n<\/div>\n\n<\/div>\n<\/div>\n\n\n\n<div class=\"wp-block-group iAos data-aos_fade-in is-vertical is-content-justification-center is-nowrap is-layout-flex wp-container-core-group-is-layout-1f991c2f wp-block-group-is-layout-flex\" style=\"padding-top:2rem;padding-right:0rem;padding-bottom:2rem;padding-left:0rem\"><div class=\"wp-bootstrap-blocks-container container-fluid mb-0\">\n\t\n<div class=\"wp-bootstrap-blocks-container container-xl mb-0 px-lg-5\">\n\t\n<div class=\"wp-bootstrap-blocks-row row\">\n\t\n\n<div class=\"col-12 pb-5 fCenter flex-column text-center\">\n\t\t\t\n\n<p class=\"has-text-align-center is-style-secInd\">Alltagsassistenz<\/p>\n\n\n\n<h2 class=\"wp-block-heading has-text-align-center is-style-h-4xl\">FAQ<\/h2>\n\n\t<\/div>\n\n\n\n<div class=\"col-12 pb-5\">\n\t\t\t\n\n<style>\n    .bs_default_accordion {\n        --bs_default__title_color_closed: #ffa041;\n        --bs_default__title_color_open: #ffffff;\n        --bs_default__title_background_color_closed: #ffffff;\n        --bs_default__title_background_color_open: #ffa041;\n        --bs_default__index_color_closed: #808080;\n        --bs_default__index_color_open: #E5E4E2;\n        --bs_default__indicator_orientation_closed: 0deg;\n        --bs_default__indicator_orientation_open: 90deg;\n        --bs_default__title_text_transform: initial;\n        --bs_default__title_border_radius: 45px 45px 45px 45px;\n        --bs_default__indicator_color_closed: #ffa041;\n        --bs_default__indicator_color_open: #ffffff;\n        --bs_default__indicator_background_color_closed: #ffffff;\n        --bs_default__indicator_background_color_open: #ffa041;\n        --bs_default__content_color: #ffffff;\n        --bs_default__content_background_color: linear-gradient(to bottom, #ffa041, #ffb2db);\n        --bs_default__content_margin_top: rem;\n        --bs_default__content_border_radius: 45px 45px 45px 45px;\n        --bs_default__accordion_padding_inline: 1.5rem;\n        --bs_default__accordion_column_gap: 5rem;\n    }\n\n    \/* Accordion item ------------------ *\/\n    .bs_default_accordion .accordion-item {\n        border: none;\n        margin-bottom: 1rem;\n    }\n\n    \/* Button ------------------ *\/\n    .bs_default_accordion .accordion-button {\n        padding: 0;\n        padding-inline: var(--bs_default__accordion_padding_inline);\n        transition: .3s all ease;\n        background-color: var(--bs_default__title_background_color_closed);\n        align-items: stretch;\n        border-radius: var(--bs_default__title_border_radius) !important;\n        overflow: hidden;\n        box-shadow: 0px 0px 25px 0px rgba(255, 180, 237, 0.35);-webkit-box-shadow: 0px 0px 25px 0px rgba(255, 180, 237, 0.35);-moz-box-shadow: 0px 0px 25px 0px rgba(255, 180, 237, 0.35);    }\n\n    .bs_default_accordion .accordion-button:not(.collapsed) {\n        background-color: var(--bs_default__title_background_color_open);\n        border-bottom-left-radius: 0px !important; border-bottom-right-radius: 0px !important;box-shadow: none;    }\n\n    @media (max-width: 768px) {\n        .bs_default_accordion .accordion-button {\n            padding-inline: 0.5rem;\n        }\n    }\n\n    \/* Title ------------------ *\/\n    .bs_default_accordion .accordion__title {\n        padding: 1rem;\n        color: var(--bs_default__title_color_closed);\n        text-transform: var(--bs_default__title_text_transform);\n        display: flex;\n        justify-content: center;\n        align-items: center;\n    }\n\n    .bs_default_accordion .accordion-button:not(.collapsed) .accordion__title {\n        color: var(--bs_default__title_color_open);\n    }\n\n    \/* Content ------------------ *\/\n    .bs_default_accordion .accordion-body {\n        padding: 1rem;\n        padding-inline: calc(var(--bs_default__accordion_padding_inline) + 1rem);\n        border-radius: var(--bs_default__content_border_radius) !important;\n        color: var(--bs_default__content_color);\n        background: var(--bs_default__content_background_color);\n        margin-top: var(--bs_default__content_margin_top);\n        column-gap: var(--bs_default__accordion_column_gap);\n        border-top-left-radius: 0px !important; border-top-right-radius: 0px !important;    }\n\n    @media (max-width: 768px) {\n        .bs_default_accordion .accordion-body {\n            column-count: 1 !important;\n        }\n    }\n\n    @media (max-width: 768px) {\n        .bs_default_accordion .accordion-body {\n            padding-inline: 1.5rem;\n        }\n    }\n\n    \/* Index ------------------ *\/\n    .bs_default_accordion .accordion__index {\n        flex: 0 0 3rem;\n        transition: .3s all ease;\n        color: var(--bs_default__index_color_open);\n        background-color: var(--bs_default__index_color_closed);\n        display: flex;\n        justify-content: center;\n        align-items: center;\n    }\n\n    .bs_default_accordion .accordion-button:not(.collapsed) .accordion__index {\n        color: var(--bs_default__index_color_closed);\n        background-color: var(--bs_default__index_color_open);\n    }\n\n    \/* Indicator ------------------ *\/\n    .bs_default_accordion .accordion-button::after {\n        display: none;\n        \/* Turns off bootstrap indicator *\/\n    }\n\n    .bs_default_accordion .accordion__indicator {\n        flex: 0 0 3rem;\n        padding: 1rem;\n        margin-left: auto;\n        display: flex;\n        justify-content: center;\n        align-items: center;\n        transition: .3s all ease;\n        background-color: var(--bs_default__indicator_background_color_closed);\n    }\n\n    .bs_default_accordion .accordion-button:not(.collapsed) .accordion__indicator {\n        background-color: var(--bs_default__indicator_background_color_open);\n        border-bottom-left-radius: 0px !important; border-bottom-right-radius: 0px !important;    }\n\n    .bs_default_accordion .accordion__indicator :is(img, svg) {\n        width: 1rem;\n        height: auto;\n        transition: .3s all ease;\n        transform: rotate(var(--bs_default__indicator_orientation_closed));\n    }\n\n    .bs_default_accordion .accordion-button:not(.collapsed) .accordion__indicator :is(img, svg) {\n        transform: rotate(var(--bs_default__indicator_orientation_open));\n    }\n\n    .bs_default_accordion .accordion__indicator svg path {\n        stroke: var(--bs_default__indicator_color_closed);\n    }\n\n    .bs_default_accordion .accordion-button:not(.collapsed) .accordion__indicator svg path {\n        stroke: var(--bs_default__indicator_color_open);\n    }\n<\/style>\n\n    <div class=\"accordion accordion-flush bs_default_accordion\" id=\"accordion__block_ebeded5fa432c10e155c7177d12f9d02\">\n                    <div class=\"accordion-item\">\n                <h2 class=\"accordion-header\" id=\"accordion_heading_01__fuer-wen-ist-unser-a\">\n                    <button class=\"accordion-button\" type=\"button\" data-bs-toggle=\"collapse\" data-bs-target=\"#accordion_body_01__fuer-wen-ist-unser-a\" aria-expanded=\"true\" aria-controls=\"accordion_body_01__fuer-wen-ist-unser-a\">\n                                                <div class=\"accordion__title f-lg\">\n                            F\u00fcr wen ist unser Angebot?                        <\/div>\n                        <div class=\"accordion__indicator\">\n                            <?xml version=\"1.0\" encoding=\"UTF-8\"?>\n<svg xmlns=\"http:\/\/www.w3.org\/2000\/svg\" id=\"Layer_2\" data-name=\"Layer 2\" width=\"30\" height=\"24\" viewbox=\"0 0 30 24\">\n  <g id=\"arrow-forward\">\n    <rect id=\"Rechteck_1515\" data-name=\"Rechteck 1515\" width=\"24\" height=\"24\" transform=\"translate(6 24) rotate(-90)\" opacity=\"0\"><\/rect>\n    <path id=\"Pfad_451\" data-name=\"Pfad 451\" d=\"M-5,13H16.86l-3.63,4.36a1,1,0,0,0,1.54,1.28l5-6a1.19,1.19,0,0,0,.09-.15c0-.05.05-.08.07-.13a.961.961,0,0,0,0-.72c0-.05-.05-.08-.07-.13a1.19,1.19,0,0,0-.09-.15l-5-6a1,1,0,1,0-1.54,1.28L16.86,11H-5a1,1,0,0,0-1,1A1,1,0,0,0-5,13Z\" transform=\"translate(6)\" fill=\"#fff\"><\/path>\n  <\/g>\n<\/svg>\n                        <\/div>\n                    <\/button>\n                <\/h2>\n                <div id=\"accordion_body_01__fuer-wen-ist-unser-a\" class=\"accordion-collapse collapse show\" aria-labelledby=\"accordion_heading_01__fuer-wen-ist-unser-a\" data-bs-parent=\"#accordion__block_ebeded5fa432c10e155c7177d12f9d02\">\n                    <div class=\"accordion-body\" style=\"column-count: 1;\">\n                        <p>Unser Angebot richtet sich an vollj\u00e4hrige Menschen mit seelischen, k\u00f6rperlichen oder geistigen Beeintr\u00e4chtigungen sowie Sinneseinschr\u00e4nkungen, die laut \u00a7 2 Abs. 1 SGB IX eine wesentliche Behinderung haben oder davon bedroht sind. Diese Personen brauchen Unterst\u00fctzung bei der eigenst\u00e4ndigen Lebensf\u00fchrung.<\/p>\n<p>Unsere Unterst\u00fctzung im Alltag<\/p>\n<p>Wir begleiten Sie in Ihrem Alltag und bieten Pflege- und Betreuungsdienste an. Gemeinsam gestalten wir Ihre Freizeit. Wir h\u00f6ren Ihnen zu und k\u00fcmmern uns um Ihre W\u00fcnsche und Sorgen.<\/p>\n                    <\/div>\n                <\/div>\n            <\/div>\n                                <div class=\"accordion-item\">\n                <h2 class=\"accordion-header\" id=\"accordion_heading_02__wie-sieht-konkrete-h\">\n                    <button class=\"accordion-button collapsed\" type=\"button\" data-bs-toggle=\"collapse\" data-bs-target=\"#accordion_body_02__wie-sieht-konkrete-h\" aria-expanded=\"false\" aria-controls=\"accordion_body_02__wie-sieht-konkrete-h\">\n                                                <div class=\"accordion__title f-lg\">\n                            Wie sieht konkrete Hilfe aus?                        <\/div>\n                        <div class=\"accordion__indicator\">\n                            <?xml version=\"1.0\" encoding=\"UTF-8\"?>\n<svg xmlns=\"http:\/\/www.w3.org\/2000\/svg\" id=\"Layer_2\" data-name=\"Layer 2\" width=\"30\" height=\"24\" viewbox=\"0 0 30 24\">\n  <g id=\"arrow-forward\">\n    <rect id=\"Rechteck_1515\" data-name=\"Rechteck 1515\" width=\"24\" height=\"24\" transform=\"translate(6 24) rotate(-90)\" opacity=\"0\"><\/rect>\n    <path id=\"Pfad_451\" data-name=\"Pfad 451\" d=\"M-5,13H16.86l-3.63,4.36a1,1,0,0,0,1.54,1.28l5-6a1.19,1.19,0,0,0,.09-.15c0-.05.05-.08.07-.13a.961.961,0,0,0,0-.72c0-.05-.05-.08-.07-.13a1.19,1.19,0,0,0-.09-.15l-5-6a1,1,0,1,0-1.54,1.28L16.86,11H-5a1,1,0,0,0-1,1A1,1,0,0,0-5,13Z\" transform=\"translate(6)\" fill=\"#fff\"><\/path>\n  <\/g>\n<\/svg>\n                        <\/div>\n                    <\/button>\n                <\/h2>\n                <div id=\"accordion_body_02__wie-sieht-konkrete-h\" class=\"accordion-collapse collapse\" aria-labelledby=\"accordion_heading_02__wie-sieht-konkrete-h\" data-bs-parent=\"#accordion__block_ebeded5fa432c10e155c7177d12f9d02\">\n                    <div class=\"accordion-body\" style=\"column-count: 1;\">\n                        <ul>\n<li>Wir schaffen stabile Beziehungen und einen sicheren Rahmen f\u00fcr die Assistenz.<\/li>\n<li>Wir sorgen f\u00fcr eine klare Struktur in Ihrem Leben, die aber auch flexibel anpassbar ist.<\/li>\n<\/ul>\n<p>Was uns wichtig ist:<\/p>\n<ul>\n<li>Ihre Teilhabe und Freude am sozialen Leben zu f\u00f6rdern.<\/li>\n<li>Selbstakzeptanz und das Gef\u00fchl, etwas selbst erreichen zu k\u00f6nnen, durch positive Erlebnisse im Alltag.<\/li>\n<li>Autonomie und das Gef\u00fchl von Zugeh\u00f6rigkeit zu erleben.<\/li>\n<li>Eine gute Zusammenarbeit mit allen Beteiligten.<\/li>\n<\/ul>\n                    <\/div>\n                <\/div>\n            <\/div>\n                                <div class=\"accordion-item\">\n                <h2 class=\"accordion-header\" id=\"accordion_heading_03__was-ist-die-rechtsgr\">\n                    <button class=\"accordion-button collapsed\" type=\"button\" data-bs-toggle=\"collapse\" data-bs-target=\"#accordion_body_03__was-ist-die-rechtsgr\" aria-expanded=\"false\" aria-controls=\"accordion_body_03__was-ist-die-rechtsgr\">\n                                                <div class=\"accordion__title f-lg\">\n                            Was ist die Rechtsgrundlage?                        <\/div>\n                        <div class=\"accordion__indicator\">\n                            <?xml version=\"1.0\" encoding=\"UTF-8\"?>\n<svg xmlns=\"http:\/\/www.w3.org\/2000\/svg\" id=\"Layer_2\" data-name=\"Layer 2\" width=\"30\" height=\"24\" viewbox=\"0 0 30 24\">\n  <g id=\"arrow-forward\">\n    <rect id=\"Rechteck_1515\" data-name=\"Rechteck 1515\" width=\"24\" height=\"24\" transform=\"translate(6 24) rotate(-90)\" opacity=\"0\"><\/rect>\n    <path id=\"Pfad_451\" data-name=\"Pfad 451\" d=\"M-5,13H16.86l-3.63,4.36a1,1,0,0,0,1.54,1.28l5-6a1.19,1.19,0,0,0,.09-.15c0-.05.05-.08.07-.13a.961.961,0,0,0,0-.72c0-.05-.05-.08-.07-.13a1.19,1.19,0,0,0-.09-.15l-5-6a1,1,0,1,0-1.54,1.28L16.86,11H-5a1,1,0,0,0-1,1A1,1,0,0,0-5,13Z\" transform=\"translate(6)\" fill=\"#fff\"><\/path>\n  <\/g>\n<\/svg>\n                        <\/div>\n                    <\/button>\n                <\/h2>\n                <div id=\"accordion_body_03__was-ist-die-rechtsgr\" class=\"accordion-collapse collapse\" aria-labelledby=\"accordion_heading_03__was-ist-die-rechtsgr\" data-bs-parent=\"#accordion__block_ebeded5fa432c10e155c7177d12f9d02\">\n                    <div class=\"accordion-body\" style=\"column-count: 1;\">\n                        <p>Die Assistenzleistungen erfolgen im Rahmen des Sozialgesetzbuches (SGB IX). Besonders st\u00fctzen wir uns auf \u00a7 76 SGB IX, der die Teilhabe am Leben in der Gemeinschaft regelt. Diese Bestimmungen helfen uns, Menschen mit Behinderungen die n\u00f6tige Unterst\u00fctzung zu bieten, um ihre Selbstst\u00e4ndigkeit und Teilhabe zu f\u00f6rdern.<\/p>\n                    <\/div>\n                <\/div>\n            <\/div>\n                                <div class=\"accordion-item\">\n                <h2 class=\"accordion-header\" id=\"accordion_heading_04__welche-leistungen-bi\">\n                    <button class=\"accordion-button collapsed\" type=\"button\" data-bs-toggle=\"collapse\" data-bs-target=\"#accordion_body_04__welche-leistungen-bi\" aria-expanded=\"false\" aria-controls=\"accordion_body_04__welche-leistungen-bi\">\n                                                <div class=\"accordion__title f-lg\">\n                            Welche Leistungen bieten wir an?                        <\/div>\n                        <div class=\"accordion__indicator\">\n                            <?xml version=\"1.0\" encoding=\"UTF-8\"?>\n<svg xmlns=\"http:\/\/www.w3.org\/2000\/svg\" id=\"Layer_2\" data-name=\"Layer 2\" width=\"30\" height=\"24\" viewbox=\"0 0 30 24\">\n  <g id=\"arrow-forward\">\n    <rect id=\"Rechteck_1515\" data-name=\"Rechteck 1515\" width=\"24\" height=\"24\" transform=\"translate(6 24) rotate(-90)\" opacity=\"0\"><\/rect>\n    <path id=\"Pfad_451\" data-name=\"Pfad 451\" d=\"M-5,13H16.86l-3.63,4.36a1,1,0,0,0,1.54,1.28l5-6a1.19,1.19,0,0,0,.09-.15c0-.05.05-.08.07-.13a.961.961,0,0,0,0-.72c0-.05-.05-.08-.07-.13a1.19,1.19,0,0,0-.09-.15l-5-6a1,1,0,1,0-1.54,1.28L16.86,11H-5a1,1,0,0,0-1,1A1,1,0,0,0-5,13Z\" transform=\"translate(6)\" fill=\"#fff\"><\/path>\n  <\/g>\n<\/svg>\n                        <\/div>\n                    <\/button>\n                <\/h2>\n                <div id=\"accordion_body_04__welche-leistungen-bi\" class=\"accordion-collapse collapse\" aria-labelledby=\"accordion_heading_04__welche-leistungen-bi\" data-bs-parent=\"#accordion__block_ebeded5fa432c10e155c7177d12f9d02\">\n                    <div class=\"accordion-body\" style=\"column-count: 1;\">\n                        <p>Sie k\u00f6nnen Unterst\u00fctzung in verschiedenen Bereichen erhalten, wie zum Beispiel:<\/p>\n<ul>\n<li>Unterst\u00fctzung in Bildungseinrichtungen<\/li>\n<li>Hilfe bei der Arbeitssuche und w\u00e4hrend der Bewerbungsphase<\/li>\n<li>Assistenz am Arbeitsplatz<\/li>\n<li>Unterst\u00fctzung im Haushalt<\/li>\n<li>Pflegeleistungen<\/li>\n<li>Begleitung zu Freizeitaktivit\u00e4ten und gesellschaftlicher Teilhabe<\/li>\n<\/ul>\n                    <\/div>\n                <\/div>\n            <\/div>\n                        <\/div>\n\n\t<\/div>\n\n<\/div>\n\n<\/div>\n\n<\/div>\n<\/div>","protected":false},"excerpt":{"rendered":"","protected":false},"author":1,"featured_media":0,"parent":0,"menu_order":0,"comment_status":"closed","ping_status":"closed","template":"","meta":{"inline_featured_image":false,"footnotes":""},"class_list":["post-514","page","type-page","status-publish","hentry"],"yoast_head":"<!-- This site is optimized with the Yoast SEO plugin v27.4 - https:\/\/yoast.com\/product\/yoast-seo-wordpress\/ -->\n<title>Team Soziale Hilfen - Alltagsassistenz<\/title>\n<meta name=\"robots\" content=\"index, follow, max-snippet:-1, max-image-preview:large, max-video-preview:-1\" \/>\n<link rel=\"canonical\" href=\"https:\/\/teamsozialehilfen.de\/de_simple\/alltagsassistenz\/\" \/>\n<meta property=\"og:locale\" content=\"de_DE\" \/>\n<meta property=\"og:type\" content=\"article\" \/>\n<meta property=\"og:title\" content=\"Team Soziale Hilfen - Alltagsassistenz\" \/>\n<meta property=\"og:url\" content=\"https:\/\/teamsozialehilfen.de\/de_simple\/alltagsassistenz\/\" \/>\n<meta property=\"og:site_name\" content=\"Team Soziale Hilfen\" \/>\n<meta property=\"article:modified_time\" content=\"2025-07-31T15:46:42+00:00\" \/>\n<meta property=\"og:image\" content=\"https:\/\/teamsozialehilfen.de\/wp-content\/uploads\/AdobeStock_1270823997.webp\" \/>\n<meta name=\"twitter:card\" content=\"summary_large_image\" \/>\n<meta name=\"twitter:label1\" content=\"Est. reading time\" \/>\n\t<meta name=\"twitter:data1\" content=\"1 minute\" \/>\n<script type=\"application\/ld+json\" class=\"yoast-schema-graph\">{\"@context\":\"https:\\\/\\\/schema.org\",\"@graph\":[{\"@type\":\"WebPage\",\"@id\":\"https:\\\/\\\/teamsozialehilfen.de\\\/alltagsassistenz\\\/\",\"url\":\"https:\\\/\\\/teamsozialehilfen.de\\\/alltagsassistenz\\\/\",\"name\":\"Team Soziale Hilfen - Alltagsassistenz\",\"isPartOf\":{\"@id\":\"https:\\\/\\\/teamsozialehilfen.de\\\/#website\"},\"primaryImageOfPage\":{\"@id\":\"https:\\\/\\\/teamsozialehilfen.de\\\/alltagsassistenz\\\/#primaryimage\"},\"image\":{\"@id\":\"https:\\\/\\\/teamsozialehilfen.de\\\/alltagsassistenz\\\/#primaryimage\"},\"thumbnailUrl\":\"https:\\\/\\\/teamsozialehilfen.de\\\/wp-content\\\/uploads\\\/AdobeStock_1270823997.webp\",\"datePublished\":\"2025-06-05T09:51:40+00:00\",\"dateModified\":\"2025-07-31T15:46:42+00:00\",\"breadcrumb\":{\"@id\":\"https:\\\/\\\/teamsozialehilfen.de\\\/alltagsassistenz\\\/#breadcrumb\"},\"inLanguage\":\"de-simple\",\"potentialAction\":[{\"@type\":\"ReadAction\",\"target\":[\"https:\\\/\\\/teamsozialehilfen.de\\\/alltagsassistenz\\\/\"]}]},{\"@type\":\"ImageObject\",\"inLanguage\":\"de-simple\",\"@id\":\"https:\\\/\\\/teamsozialehilfen.de\\\/alltagsassistenz\\\/#primaryimage\",\"url\":\"https:\\\/\\\/teamsozialehilfen.de\\\/wp-content\\\/uploads\\\/AdobeStock_1270823997.webp\",\"contentUrl\":\"https:\\\/\\\/teamsozialehilfen.de\\\/wp-content\\\/uploads\\\/AdobeStock_1270823997.webp\"},{\"@type\":\"BreadcrumbList\",\"@id\":\"https:\\\/\\\/teamsozialehilfen.de\\\/alltagsassistenz\\\/#breadcrumb\",\"itemListElement\":[{\"@type\":\"ListItem\",\"position\":1,\"name\":\"Startseite\",\"item\":\"https:\\\/\\\/teamsozialehilfen.de\\\/\"},{\"@type\":\"ListItem\",\"position\":2,\"name\":\"Alltagsassistenz\"}]},{\"@type\":\"WebSite\",\"@id\":\"https:\\\/\\\/teamsozialehilfen.de\\\/#website\",\"url\":\"https:\\\/\\\/teamsozialehilfen.de\\\/\",\"name\":\"Team Soziale Hilfen\",\"description\":\"\",\"publisher\":{\"@id\":\"https:\\\/\\\/teamsozialehilfen.de\\\/#organization\"},\"alternateName\":\"Team Soziale Hilfen\",\"potentialAction\":[{\"@type\":\"SearchAction\",\"target\":{\"@type\":\"EntryPoint\",\"urlTemplate\":\"https:\\\/\\\/teamsozialehilfen.de\\\/?s={search_term_string}\"},\"query-input\":{\"@type\":\"PropertyValueSpecification\",\"valueRequired\":true,\"valueName\":\"search_term_string\"}}],\"inLanguage\":\"de-simple\"},{\"@type\":\"Organization\",\"@id\":\"https:\\\/\\\/teamsozialehilfen.de\\\/#organization\",\"name\":\"Team Soziale Hilfen GmbH\",\"url\":\"https:\\\/\\\/teamsozialehilfen.de\\\/\",\"logo\":{\"@type\":\"ImageObject\",\"inLanguage\":\"de-simple\",\"@id\":\"https:\\\/\\\/teamsozialehilfen.de\\\/#\\\/schema\\\/logo\\\/image\\\/\",\"url\":\"https:\\\/\\\/teamsozialehilfen.de\\\/wp-content\\\/uploads\\\/TSH-Sharepic-Facebook.webp\",\"contentUrl\":\"https:\\\/\\\/teamsozialehilfen.de\\\/wp-content\\\/uploads\\\/TSH-Sharepic-Facebook.webp\",\"width\":1200,\"height\":630,\"caption\":\"Team Soziale Hilfen GmbH\"},\"image\":{\"@id\":\"https:\\\/\\\/teamsozialehilfen.de\\\/#\\\/schema\\\/logo\\\/image\\\/\"}}]}<\/script>\n<!-- \/ Yoast SEO plugin. -->","yoast_head_json":{"title":"Team Soziale Hilfen - Alltagsassistenz","robots":{"index":"index","follow":"follow","max-snippet":"max-snippet:-1","max-image-preview":"max-image-preview:large","max-video-preview":"max-video-preview:-1"},"canonical":"https:\/\/teamsozialehilfen.de\/de_simple\/alltagsassistenz\/","og_locale":"de_DE","og_type":"article","og_title":"Team Soziale Hilfen - Alltagsassistenz","og_url":"https:\/\/teamsozialehilfen.de\/de_simple\/alltagsassistenz\/","og_site_name":"Team Soziale Hilfen","article_modified_time":"2025-07-31T15:46:42+00:00","og_image":[{"url":"https:\/\/teamsozialehilfen.de\/wp-content\/uploads\/AdobeStock_1270823997.webp","type":"","width":"","height":""}],"twitter_card":"summary_large_image","twitter_misc":{"Est. reading time":"1 minute"},"schema":{"@context":"https:\/\/schema.org","@graph":[{"@type":"WebPage","@id":"https:\/\/teamsozialehilfen.de\/alltagsassistenz\/","url":"https:\/\/teamsozialehilfen.de\/alltagsassistenz\/","name":"Team Soziale Hilfen - Alltagsassistenz","isPartOf":{"@id":"https:\/\/teamsozialehilfen.de\/#website"},"primaryImageOfPage":{"@id":"https:\/\/teamsozialehilfen.de\/alltagsassistenz\/#primaryimage"},"image":{"@id":"https:\/\/teamsozialehilfen.de\/alltagsassistenz\/#primaryimage"},"thumbnailUrl":"https:\/\/teamsozialehilfen.de\/wp-content\/uploads\/AdobeStock_1270823997.webp","datePublished":"2025-06-05T09:51:40+00:00","dateModified":"2025-07-31T15:46:42+00:00","breadcrumb":{"@id":"https:\/\/teamsozialehilfen.de\/alltagsassistenz\/#breadcrumb"},"inLanguage":"de-simple","potentialAction":[{"@type":"ReadAction","target":["https:\/\/teamsozialehilfen.de\/alltagsassistenz\/"]}]},{"@type":"ImageObject","inLanguage":"de-simple","@id":"https:\/\/teamsozialehilfen.de\/alltagsassistenz\/#primaryimage","url":"https:\/\/teamsozialehilfen.de\/wp-content\/uploads\/AdobeStock_1270823997.webp","contentUrl":"https:\/\/teamsozialehilfen.de\/wp-content\/uploads\/AdobeStock_1270823997.webp"},{"@type":"BreadcrumbList","@id":"https:\/\/teamsozialehilfen.de\/alltagsassistenz\/#breadcrumb","itemListElement":[{"@type":"ListItem","position":1,"name":"Startseite","item":"https:\/\/teamsozialehilfen.de\/"},{"@type":"ListItem","position":2,"name":"Alltagsassistenz"}]},{"@type":"WebSite","@id":"https:\/\/teamsozialehilfen.de\/#website","url":"https:\/\/teamsozialehilfen.de\/","name":"Team Soziale Hilfen","description":"","publisher":{"@id":"https:\/\/teamsozialehilfen.de\/#organization"},"alternateName":"Team Soziale Hilfen","potentialAction":[{"@type":"SearchAction","target":{"@type":"EntryPoint","urlTemplate":"https:\/\/teamsozialehilfen.de\/?s={search_term_string}"},"query-input":{"@type":"PropertyValueSpecification","valueRequired":true,"valueName":"search_term_string"}}],"inLanguage":"de-simple"},{"@type":"Organization","@id":"https:\/\/teamsozialehilfen.de\/#organization","name":"Team Soziale Hilfen GmbH","url":"https:\/\/teamsozialehilfen.de\/","logo":{"@type":"ImageObject","inLanguage":"de-simple","@id":"https:\/\/teamsozialehilfen.de\/#\/schema\/logo\/image\/","url":"https:\/\/teamsozialehilfen.de\/wp-content\/uploads\/TSH-Sharepic-Facebook.webp","contentUrl":"https:\/\/teamsozialehilfen.de\/wp-content\/uploads\/TSH-Sharepic-Facebook.webp","width":1200,"height":630,"caption":"Team Soziale Hilfen GmbH"},"image":{"@id":"https:\/\/teamsozialehilfen.de\/#\/schema\/logo\/image\/"}}]}},"acf":[],"_links":{"self":[{"href":"https:\/\/teamsozialehilfen.de\/de_simple\/wp-json\/wp\/v2\/pages\/514","targetHints":{"allow":["GET"]}}],"collection":[{"href":"https:\/\/teamsozialehilfen.de\/de_simple\/wp-json\/wp\/v2\/pages"}],"about":[{"href":"https:\/\/teamsozialehilfen.de\/de_simple\/wp-json\/wp\/v2\/types\/page"}],"author":[{"embeddable":true,"href":"https:\/\/teamsozialehilfen.de\/de_simple\/wp-json\/wp\/v2\/users\/1"}],"replies":[{"embeddable":true,"href":"https:\/\/teamsozialehilfen.de\/de_simple\/wp-json\/wp\/v2\/comments?post=514"}],"version-history":[{"count":14,"href":"https:\/\/teamsozialehilfen.de\/de_simple\/wp-json\/wp\/v2\/pages\/514\/revisions"}],"predecessor-version":[{"id":1123,"href":"https:\/\/teamsozialehilfen.de\/de_simple\/wp-json\/wp\/v2\/pages\/514\/revisions\/1123"}],"wp:attachment":[{"href":"https:\/\/teamsozialehilfen.de\/de_simple\/wp-json\/wp\/v2\/media?parent=514"}],"curies":[{"name":"wp","href":"https:\/\/api.w.org\/{rel}","templated":true}]}}