{"id":516,"date":"2025-06-05T11:52:39","date_gmt":"2025-06-05T09:52:39","guid":{"rendered":"https:\/\/tsh.devbs.de\/?page_id=516"},"modified":"2025-07-31T17:47:51","modified_gmt":"2025-07-31T15:47:51","slug":"sozialpaedagogische-familienhilfe","status":"publish","type":"page","link":"https:\/\/teamsozialehilfen.de\/de_simple\/sozialpaedagogische-familienhilfe\/","title":{"rendered":"Sozialp\u00e4dagogische Famileinhilfe"},"content":{"rendered":"<style>\n    .hero_child__spacer {\n        padding-inline: 0.75rem;\n    }\n\n    .hero_child {\n        height: 100vh;\n        max-height: 700px;\n        overflow: hidden;\n        position: relative;\n        isolation: isolate;\n        border-radius: var(--b-radius-xl);\n        transition: 0.3s max-height ease;\n    }\n\n    .hero_child.small {\n        max-height: 350px;\n    }\n\n    .hero_child__wrapper {\n        position: relative;\n        isolation: isolate;\n    }\n\n    .hero_child :is(.container-xl, .row, .col-12, .hero_decoration__wrapper) {\n        height: 100%;\n    }\n\n    .hero_child .hero_decoration__wrapper {\n        isolation: isolate;\n        width: fit-content;\n    }\n\n    .hero_child .hero_decoration {\n        position: absolute;\n        top: -50%;\n        right: -10%;\n        z-index: -1;\n        transform: scale(1.25);\n        transition: 0.3s all ease;\n        opacity: 0.75;\n    }\n\n    \/* .hero_child .claim, *\/\n\n    .hero_child .subclaim {\n        max-width: min(75vw, 600px);\n        hyphens: auto;\n    }\n\n    .hero_child .hero_background {\n        position: absolute;\n        inset: 0;\n        width: 100%;\n        height: 100%;\n        z-index: -1;\n    }\n\n    .hero_child .hero_background img {\n        position: absolute;\n        inset: 0;\n        width: 100%;\n        height: 100%;\n        object-fit: cover;\n        object-position: right;\n    }\n\n    .hero_child .hero_child__padding_bottom {\n        padding-bottom: 3rem;\n    }\n\n    .hero_child.small .hero_child__padding_bottom {\n        padding-bottom: 0rem;\n    }\n\n    .hero_child.small .hero_decoration__wrapper {\n        justify-content: center !important;\n    }\n\n    .hero_child.small .hero_decoration {\n        top: -150%;\n    }\n\n    .hero_child.small .hero_background img {\n        object-position: top right;\n    }\n\n    .hero_child.small h1 {\n        margin-block: 0rem;\n    }\n\n    @media (min-width: 2000px) {\n        .hero_child {\n            max-height: 1080px;\n        }\n    }\n\n    @media (max-width: 1512px) {\n        .hero_child .subclaim {\n            max-width: min(75vw, 500px);\n        }\n    }\n\n    @media (max-width: 768px) {\n\n        .hero_child .subclaim {\n            max-width: min(75vw, 300px);\n        }\n\n        .hero_child .hero_background img {\n            object-position: 76%;\n        }\n    }\n<\/style>\n\n<div class=\"hero_child__spacer\">\n    <div id=\"block_9c40613f7e61cf3b5938474be60ef4c8\" class=\"container-fluid hero_child blockWrapper mb-5 default\">\n        <div class=\"hero_background\" aria-hidden=\"true\" role=\"presentation\">\n            <img decoding=\"async\" src=\"https:\/\/teamsozialehilfen.de\/wp-content\/uploads\/AdobeStock_661071976.webp\" alt=\"\">\n        <\/div>\n        <div class=\"hero_child__wrapper container-xl hero_child__padding_bottom px-lg-5\">\n            <div class=\"row hero_child__padding_bottom\">\n                <div class=\"col-12 hero_child__padding_bottom\">\n                    <div class=\"hero_decoration__wrapper position-relative d-flex flex-column justify-content-end\">\n                        <div class=\"hero_decoration\" aria-hidden=\"true\" role=\"presentation\">\n                            <svg xmlns=\"http:\/\/www.w3.org\/2000\/svg\" xmlns:xlink=\"http:\/\/www.w3.org\/1999\/xlink\" width=\"2289.595\" height=\"1584.809\" viewbox=\"0 0 2289.595 1584.809\">\n                                <defs>\n                                    <lineargradient id=\"linear-gradient\" x1=\"0.967\" y1=\"0.114\" x2=\"0.281\" y2=\"0.657\" gradientunits=\"objectBoundingBox\">\n                                        <stop offset=\"0\" stop-color=\"#ffb4ed\" \/>\n                                        <stop offset=\"1\" stop-color=\"#ffa041\" \/>\n                                    <\/lineargradient>\n                                <\/defs>\n                                <path id=\"Pfad_507\" data-name=\"Pfad 507\" d=\"M1116.383,141.157s261.238,17.162,350.461,125.5c190.031,230.723,15.057,630.195-115.029,853.468-134.468,230.8-517.474,605.842-517.474,605.842H-739.012V141.157\" transform=\"translate(739.012 -141.157)\" opacity=\"0.899\" fill=\"url(#linear-gradient)\" \/>\n                            <\/svg>\n\n                        <\/div>\n                        <h1 class=\"claim h-4xl cLight\">Sozialp\u00e4dagogische <br \/>\r\nFamilienhilfe<\/h1>\n                        <p class=\"subclaim cLight\">Individuelle Unterst\u00fctzung f\u00fcr Familien in besonderen Lebenslagen.<\/p>\n                                                            <a class=\"cta cta_light\" href=\"#intro\" target=\"\">\n            <div class=\"cta__text\">\n                Mehr erfahren            <\/div>\n            <div class=\"cta__icon\">\n                <img decoding=\"async\" src=\"\/wp-content\/uploads\/arrow-right-light.svg\" alt=\"\">\n            <\/div>\n        <\/a>\n                                                <\/div>\n                <\/div>\n            <\/div>\n        <\/div>\n    <\/div>\n<\/div>\n\n\n<div id=\"intro\" class=\"wp-block-group iAos data-aos_fade-in is-vertical is-content-justification-center is-nowrap is-layout-flex wp-container-core-group-is-layout-1f991c2f wp-block-group-is-layout-flex\" style=\"padding-top:2rem;padding-right:0rem;padding-bottom:2rem;padding-left:0rem\"><div class=\"wp-bootstrap-blocks-container container-fluid mb-0\">\n\t\n<div class=\"wp-bootstrap-blocks-container container-xl mb-0 px-lg-5\">\n\t\n<div class=\"wp-bootstrap-blocks-row row\">\n\t\n\n<div class=\"col-12 col-md-6 pb-5 fCenter px-5\">\n\t\t\t\n\n<figure class=\"wp-block-image size-full is-style-default\"><img loading=\"lazy\" decoding=\"async\" width=\"629\" height=\"831\" src=\"https:\/\/teamsozialehilfen.de\/wp-content\/uploads\/AdobeStock_221946296.webp\" alt=\"Moodbild - Kind lernt\" class=\"wp-image-881\" srcset=\"https:\/\/teamsozialehilfen.de\/wp-content\/uploads\/AdobeStock_221946296.webp 629w, https:\/\/teamsozialehilfen.de\/wp-content\/uploads\/AdobeStock_221946296-227x300.webp 227w\" sizes=\"auto, (max-width: 629px) 100vw, 629px\" \/><\/figure>\n\n\t<\/div>\n\n\n\n<div class=\"col-12 col-md-6 pb-5 ps-md-5\">\n\t\t\t\n\n<p class=\"is-style-secInd\">Sozialp\u00e4dagogische Familienhilfe<\/p>\n\n\n\n<h2 class=\"wp-block-heading is-style-h-3xl\">Individuelle<br>Unterst\u00fctzung<\/h2>\n\n\n\n<p>Die Sozialp\u00e4dagogische Familienhilfe (SPFH) hilft Familien, die im Alltag mit besonderen Herausforderungen konfrontiert sind. Unser Ziel ist es, Familien zu st\u00e4rken, sie zu entlasten und gemeinsam L\u00f6sungen zu finden, um die Lebenssituation zu verbessern.<\/p>\n\n\n\n<p>Wir unterst\u00fctzen Familien bei verschiedenen Problemen, wie famili\u00e4ren Konflikten, Erziehungsfragen, finanziellen Belastungen oder der Organisation des Alltags. Unsere Fachkr\u00e4fte bieten l\u00f6sungsorientierte Hilfe und begleiten die Familie, um die Herausforderungen zu bew\u00e4ltigen.<\/p>\n\n\n\n<p>Das Ziel der SPFH ist es, die St\u00e4rken der Familie zu f\u00f6rdern. Wir m\u00f6chten die Eltern unterst\u00fctzen, ihre Erziehungsverantwortung gest\u00e4rkt wahrzunehmen und den Alltag stabiler und positiver zu gestalten.<\/p>\n\n\t<\/div>\n\n<\/div>\n\n<\/div>\n\n<\/div>\n<\/div>\n\n\n\n<div class=\"wp-block-group iAos data-aos_fade-in is-vertical is-content-justification-center is-nowrap is-layout-flex wp-container-core-group-is-layout-1f991c2f wp-block-group-is-layout-flex\" style=\"padding-top:2rem;padding-right:0rem;padding-bottom:2rem;padding-left:0rem\"><div class=\"wp-bootstrap-blocks-container container-fluid mb-0\">\n\t\n<div class=\"wp-bootstrap-blocks-container container-xl mb-0 px-lg-5\">\n\t\n<div class=\"wp-bootstrap-blocks-row row\">\n\t\n\n<div class=\"col-12 pb-5 fCenter flex-column text-center\">\n\t\t\t\n\n<p class=\"has-text-align-center is-style-secInd\">Sozialp\u00e4dagogische Familienhilfe<\/p>\n\n\n\n<h2 class=\"wp-block-heading has-text-align-center is-style-h-3xl\">FAQ<\/h2>\n\n\t<\/div>\n\n\n\n<div class=\"col-12 pb-5\">\n\t\t\t\n\n<style>\n    .bs_default_accordion {\n        --bs_default__title_color_closed: #ffa041;\n        --bs_default__title_color_open: #ffffff;\n        --bs_default__title_background_color_closed: #ffffff;\n        --bs_default__title_background_color_open: #ffa041;\n        --bs_default__index_color_closed: #808080;\n        --bs_default__index_color_open: #E5E4E2;\n        --bs_default__indicator_orientation_closed: 0deg;\n        --bs_default__indicator_orientation_open: 90deg;\n        --bs_default__title_text_transform: initial;\n        --bs_default__title_border_radius: 45px 45px 45px 45px;\n        --bs_default__indicator_color_closed: #ffa041;\n        --bs_default__indicator_color_open: #ffffff;\n        --bs_default__indicator_background_color_closed: #ffffff;\n        --bs_default__indicator_background_color_open: #ffa041;\n        --bs_default__content_color: #ffffff;\n        --bs_default__content_background_color: linear-gradient(to bottom, #ffa041, #ffb2db);\n        --bs_default__content_margin_top: rem;\n        --bs_default__content_border_radius: 45px 45px 45px 45px;\n        --bs_default__accordion_padding_inline: 1.5rem;\n        --bs_default__accordion_column_gap: 5rem;\n    }\n\n    \/* Accordion item ------------------ *\/\n    .bs_default_accordion .accordion-item {\n        border: none;\n        margin-bottom: 1rem;\n    }\n\n    \/* Button ------------------ *\/\n    .bs_default_accordion .accordion-button {\n        padding: 0;\n        padding-inline: var(--bs_default__accordion_padding_inline);\n        transition: .3s all ease;\n        background-color: var(--bs_default__title_background_color_closed);\n        align-items: stretch;\n        border-radius: var(--bs_default__title_border_radius) !important;\n        overflow: hidden;\n        box-shadow: 0px 0px 25px 0px rgba(255, 180, 237, 0.35);-webkit-box-shadow: 0px 0px 25px 0px rgba(255, 180, 237, 0.35);-moz-box-shadow: 0px 0px 25px 0px rgba(255, 180, 237, 0.35);    }\n\n    .bs_default_accordion .accordion-button:not(.collapsed) {\n        background-color: var(--bs_default__title_background_color_open);\n        border-bottom-left-radius: 0px !important; border-bottom-right-radius: 0px !important;box-shadow: none;    }\n\n    @media (max-width: 768px) {\n        .bs_default_accordion .accordion-button {\n            padding-inline: 0.5rem;\n        }\n    }\n\n    \/* Title ------------------ *\/\n    .bs_default_accordion .accordion__title {\n        padding: 1rem;\n        color: var(--bs_default__title_color_closed);\n        text-transform: var(--bs_default__title_text_transform);\n        display: flex;\n        justify-content: center;\n        align-items: center;\n    }\n\n    .bs_default_accordion .accordion-button:not(.collapsed) .accordion__title {\n        color: var(--bs_default__title_color_open);\n    }\n\n    \/* Content ------------------ *\/\n    .bs_default_accordion .accordion-body {\n        padding: 1rem;\n        padding-inline: calc(var(--bs_default__accordion_padding_inline) + 1rem);\n        border-radius: var(--bs_default__content_border_radius) !important;\n        color: var(--bs_default__content_color);\n        background: var(--bs_default__content_background_color);\n        margin-top: var(--bs_default__content_margin_top);\n        column-gap: var(--bs_default__accordion_column_gap);\n        border-top-left-radius: 0px !important; border-top-right-radius: 0px !important;    }\n\n    @media (max-width: 768px) {\n        .bs_default_accordion .accordion-body {\n            column-count: 1 !important;\n        }\n    }\n\n    @media (max-width: 768px) {\n        .bs_default_accordion .accordion-body {\n            padding-inline: 1.5rem;\n        }\n    }\n\n    \/* Index ------------------ *\/\n    .bs_default_accordion .accordion__index {\n        flex: 0 0 3rem;\n        transition: .3s all ease;\n        color: var(--bs_default__index_color_open);\n        background-color: var(--bs_default__index_color_closed);\n        display: flex;\n        justify-content: center;\n        align-items: center;\n    }\n\n    .bs_default_accordion .accordion-button:not(.collapsed) .accordion__index {\n        color: var(--bs_default__index_color_closed);\n        background-color: var(--bs_default__index_color_open);\n    }\n\n    \/* Indicator ------------------ *\/\n    .bs_default_accordion .accordion-button::after {\n        display: none;\n        \/* Turns off bootstrap indicator *\/\n    }\n\n    .bs_default_accordion .accordion__indicator {\n        flex: 0 0 3rem;\n        padding: 1rem;\n        margin-left: auto;\n        display: flex;\n        justify-content: center;\n        align-items: center;\n        transition: .3s all ease;\n        background-color: var(--bs_default__indicator_background_color_closed);\n    }\n\n    .bs_default_accordion .accordion-button:not(.collapsed) .accordion__indicator {\n        background-color: var(--bs_default__indicator_background_color_open);\n        border-bottom-left-radius: 0px !important; border-bottom-right-radius: 0px !important;    }\n\n    .bs_default_accordion .accordion__indicator :is(img, svg) {\n        width: 1rem;\n        height: auto;\n        transition: .3s all ease;\n        transform: rotate(var(--bs_default__indicator_orientation_closed));\n    }\n\n    .bs_default_accordion .accordion-button:not(.collapsed) .accordion__indicator :is(img, svg) {\n        transform: rotate(var(--bs_default__indicator_orientation_open));\n    }\n\n    .bs_default_accordion .accordion__indicator svg path {\n        stroke: var(--bs_default__indicator_color_closed);\n    }\n\n    .bs_default_accordion .accordion-button:not(.collapsed) .accordion__indicator svg path {\n        stroke: var(--bs_default__indicator_color_open);\n    }\n<\/style>\n\n    <div class=\"accordion accordion-flush bs_default_accordion\" id=\"accordion__block_579b89d7c69e00c0ad7d7a165007a975\">\n                    <div class=\"accordion-item\">\n                <h2 class=\"accordion-header\" id=\"accordion_heading_01__wann-ist-eine-sozial\">\n                    <button class=\"accordion-button\" type=\"button\" data-bs-toggle=\"collapse\" data-bs-target=\"#accordion_body_01__wann-ist-eine-sozial\" aria-expanded=\"true\" aria-controls=\"accordion_body_01__wann-ist-eine-sozial\">\n                                                <div class=\"accordion__title f-lg\">\n                            Wann ist eine Sozialp\u00e4dagogische Familienhilfe (SPFH) sinnvoll?                        <\/div>\n                        <div class=\"accordion__indicator\">\n                            <?xml version=\"1.0\" encoding=\"UTF-8\"?>\n<svg xmlns=\"http:\/\/www.w3.org\/2000\/svg\" id=\"Layer_2\" data-name=\"Layer 2\" width=\"30\" height=\"24\" viewbox=\"0 0 30 24\">\n  <g id=\"arrow-forward\">\n    <rect id=\"Rechteck_1515\" data-name=\"Rechteck 1515\" width=\"24\" height=\"24\" transform=\"translate(6 24) rotate(-90)\" opacity=\"0\"><\/rect>\n    <path id=\"Pfad_451\" data-name=\"Pfad 451\" d=\"M-5,13H16.86l-3.63,4.36a1,1,0,0,0,1.54,1.28l5-6a1.19,1.19,0,0,0,.09-.15c0-.05.05-.08.07-.13a.961.961,0,0,0,0-.72c0-.05-.05-.08-.07-.13a1.19,1.19,0,0,0-.09-.15l-5-6a1,1,0,1,0-1.54,1.28L16.86,11H-5a1,1,0,0,0-1,1A1,1,0,0,0-5,13Z\" transform=\"translate(6)\" fill=\"#fff\"><\/path>\n  <\/g>\n<\/svg>\n                        <\/div>\n                    <\/button>\n                <\/h2>\n                <div id=\"accordion_body_01__wann-ist-eine-sozial\" class=\"accordion-collapse collapse show\" aria-labelledby=\"accordion_heading_01__wann-ist-eine-sozial\" data-bs-parent=\"#accordion__block_579b89d7c69e00c0ad7d7a165007a975\">\n                    <div class=\"accordion-body\" style=\"column-count: 1;\">\n                        <p>Eine Sozialp\u00e4dagogische Familienhilfe ist sinnvoll, wenn Familien vor Problemen stehen, die sie alleine nur schwer l\u00f6sen k\u00f6nnen. Dies k\u00f6nnen zum Beispiel sein:<\/p>\n<ul>\n<li>Erziehungsfragen und Konflikte: Wenn es wiederholt zu Problemen bei der Erziehung oder im famili\u00e4ren Zusammenleben kommt.<\/li>\n<li>\u00dcberforderung im Alltag: Wenn Eltern Schwierigkeiten haben, den Alltag zu organisieren oder mit Belastungen wie Stress oder finanziellen Problemen umzugehen.<\/li>\n<li>Krisensituationen: In Zeiten besonderer Belastung wie Trennung, Scheidung oder Trauer.<\/li>\n<li>Schulische oder soziale Schwierigkeiten der Kinder: Wenn Kinder Unterst\u00fctzung brauchen, um schulische Herausforderungen zu meistern oder soziale F\u00e4higkeiten zu entwickeln.<\/li>\n<li>Wunsch nach Ver\u00e4nderung: Wenn die Familie aktiv an einer Verbesserung der Lebenssituation arbeiten m\u00f6chte.<\/li>\n<\/ul>\n<p>Die SPFH hilft dabei, L\u00f6sungen zu finden und das Familienleben zu stabilisieren. Sie richtet sich an Familien, die bereit sind, Unterst\u00fctzung anzunehmen und aktiv an ihrer Situation zu arbeiten.<\/p>\n                    <\/div>\n                <\/div>\n            <\/div>\n                                <div class=\"accordion-item\">\n                <h2 class=\"accordion-header\" id=\"accordion_heading_02__wie-hilft-eine-sozia\">\n                    <button class=\"accordion-button collapsed\" type=\"button\" data-bs-toggle=\"collapse\" data-bs-target=\"#accordion_body_02__wie-hilft-eine-sozia\" aria-expanded=\"false\" aria-controls=\"accordion_body_02__wie-hilft-eine-sozia\">\n                                                <div class=\"accordion__title f-lg\">\n                            Wie hilft eine Sozialp\u00e4dagogische Familienhilfe (SPFH) konkret?                        <\/div>\n                        <div class=\"accordion__indicator\">\n                            <?xml version=\"1.0\" encoding=\"UTF-8\"?>\n<svg xmlns=\"http:\/\/www.w3.org\/2000\/svg\" id=\"Layer_2\" data-name=\"Layer 2\" width=\"30\" height=\"24\" viewbox=\"0 0 30 24\">\n  <g id=\"arrow-forward\">\n    <rect id=\"Rechteck_1515\" data-name=\"Rechteck 1515\" width=\"24\" height=\"24\" transform=\"translate(6 24) rotate(-90)\" opacity=\"0\"><\/rect>\n    <path id=\"Pfad_451\" data-name=\"Pfad 451\" d=\"M-5,13H16.86l-3.63,4.36a1,1,0,0,0,1.54,1.28l5-6a1.19,1.19,0,0,0,.09-.15c0-.05.05-.08.07-.13a.961.961,0,0,0,0-.72c0-.05-.05-.08-.07-.13a1.19,1.19,0,0,0-.09-.15l-5-6a1,1,0,1,0-1.54,1.28L16.86,11H-5a1,1,0,0,0-1,1A1,1,0,0,0-5,13Z\" transform=\"translate(6)\" fill=\"#fff\"><\/path>\n  <\/g>\n<\/svg>\n                        <\/div>\n                    <\/button>\n                <\/h2>\n                <div id=\"accordion_body_02__wie-hilft-eine-sozia\" class=\"accordion-collapse collapse\" aria-labelledby=\"accordion_heading_02__wie-hilft-eine-sozia\" data-bs-parent=\"#accordion__block_579b89d7c69e00c0ad7d7a165007a975\">\n                    <div class=\"accordion-body\" style=\"column-count: 1;\">\n                        <p>Die SPFH bietet praktische, alltagsnahe Unterst\u00fctzung und wird an die individuellen Bed\u00fcrfnisse der Familie angepasst. So hilft die SPFH konkret:<\/p>\n<ul>\n<li>Unterst\u00fctzung im Alltag: Die Fachkraft hilft, den Familienalltag zu organisieren, gibt Tipps zu Haushaltsf\u00fchrung und Zeitmanagement.<\/li>\n<li>Erziehungsberatung: Hilfe bei Erziehungsfragen und Konflikten, z. B. bei Schulproblemen oder Verhaltensauff\u00e4lligkeiten der Kinder.<\/li>\n<li>F\u00f6rderung der Eltern-Kind-Beziehung: St\u00e4rkung des gegenseitigen Verst\u00e4ndnisses und F\u00f6rderung einer positiven Kommunikation zwischen Eltern und Kindern.<\/li>\n<li>Begleitung in Krisensituationen: Unterst\u00fctzung bei schwierigen Lebenssituationen wie Trennung oder finanziellen Problemen.<\/li>\n<li>St\u00e4rkung der Selbsthilfekr\u00e4fte: Aktivierung der Ressourcen der Familie, damit sie auch in Zukunft besser mit Herausforderungen umgehen kann.<\/li>\n<li>Vermittlung und Vernetzung: Hilfe bei der Kontaktaufnahme zu anderen unterst\u00fctzenden Stellen wie Beratungsstellen, Schulen oder Therapeuten.<\/li>\n<\/ul>\n<p>Durch regelm\u00e4\u00dfige Gespr\u00e4che und Hausbesuche hilft die SPFH, langfristig stabile Ver\u00e4nderungen im Familienalltag zu erreichen.<\/p>\n                    <\/div>\n                <\/div>\n            <\/div>\n                                <div class=\"accordion-item\">\n                <h2 class=\"accordion-header\" id=\"accordion_heading_03__wie-kann-man-eine-so\">\n                    <button class=\"accordion-button collapsed\" type=\"button\" data-bs-toggle=\"collapse\" data-bs-target=\"#accordion_body_03__wie-kann-man-eine-so\" aria-expanded=\"false\" aria-controls=\"accordion_body_03__wie-kann-man-eine-so\">\n                                                <div class=\"accordion__title f-lg\">\n                            Wie kann man eine Sozialp\u00e4dagogische Familienhilfe (SPFH) bekommen?                        <\/div>\n                        <div class=\"accordion__indicator\">\n                            <?xml version=\"1.0\" encoding=\"UTF-8\"?>\n<svg xmlns=\"http:\/\/www.w3.org\/2000\/svg\" id=\"Layer_2\" data-name=\"Layer 2\" width=\"30\" height=\"24\" viewbox=\"0 0 30 24\">\n  <g id=\"arrow-forward\">\n    <rect id=\"Rechteck_1515\" data-name=\"Rechteck 1515\" width=\"24\" height=\"24\" transform=\"translate(6 24) rotate(-90)\" opacity=\"0\"><\/rect>\n    <path id=\"Pfad_451\" data-name=\"Pfad 451\" d=\"M-5,13H16.86l-3.63,4.36a1,1,0,0,0,1.54,1.28l5-6a1.19,1.19,0,0,0,.09-.15c0-.05.05-.08.07-.13a.961.961,0,0,0,0-.72c0-.05-.05-.08-.07-.13a1.19,1.19,0,0,0-.09-.15l-5-6a1,1,0,1,0-1.54,1.28L16.86,11H-5a1,1,0,0,0-1,1A1,1,0,0,0-5,13Z\" transform=\"translate(6)\" fill=\"#fff\"><\/path>\n  <\/g>\n<\/svg>\n                        <\/div>\n                    <\/button>\n                <\/h2>\n                <div id=\"accordion_body_03__wie-kann-man-eine-so\" class=\"accordion-collapse collapse\" aria-labelledby=\"accordion_heading_03__wie-kann-man-eine-so\" data-bs-parent=\"#accordion__block_579b89d7c69e00c0ad7d7a165007a975\">\n                    <div class=\"accordion-body\" style=\"column-count: 1;\">\n                        <p>Die SPFH wird in der Regel \u00fcber das Jugendamt beantragt, da sie eine Leistung der Kinder- und Jugendhilfe ist. Der Ablauf ist meist wie folgt:<\/p>\n<ol>\n<li>Kontaktaufnahme mit dem Jugendamt: Eltern oder Erziehungsberechtigte wenden sich an das Jugendamt und vereinbaren ein Gespr\u00e4ch.<\/li>\n<li>Kl\u00e4rung der Situation: In einem Gespr\u00e4ch wird die famili\u00e4re Situation besprochen und gepr\u00fcft, ob die SPFH die richtige Hilfe ist.<\/li>\n<li>Hilfebedarfsermittlung: Gemeinsam mit der Familie wird der Unterst\u00fctzungsbedarf festgelegt und ein individueller Hilfeplan erstellt.<\/li>\n<li>Bewilligung der SPFH: Wenn das Jugendamt den Bedarf anerkennt, wird die SPFH bewilligt und eine Fachkraft zugewiesen.<\/li>\n<li>Beginn der Unterst\u00fctzung: Die Fachkraft beginnt mit der Unterst\u00fctzung, angepasst an die vereinbarten Ziele.<\/li>\n<\/ol>\n<p>Die Kosten f\u00fcr die SPFH werden in der Regel vom Jugendamt \u00fcbernommen. Die Familie muss bereit sein, aktiv mitzuarbeiten.<\/p>\n                    <\/div>\n                <\/div>\n            <\/div>\n                                <div class=\"accordion-item\">\n                <h2 class=\"accordion-header\" id=\"accordion_heading_04__wie-lange-dauert-ein\">\n                    <button class=\"accordion-button collapsed\" type=\"button\" data-bs-toggle=\"collapse\" data-bs-target=\"#accordion_body_04__wie-lange-dauert-ein\" aria-expanded=\"false\" aria-controls=\"accordion_body_04__wie-lange-dauert-ein\">\n                                                <div class=\"accordion__title f-lg\">\n                            Wie lange dauert eine Sozialp\u00e4dagogische Familienhilfe (SPFH)?                        <\/div>\n                        <div class=\"accordion__indicator\">\n                            <?xml version=\"1.0\" encoding=\"UTF-8\"?>\n<svg xmlns=\"http:\/\/www.w3.org\/2000\/svg\" id=\"Layer_2\" data-name=\"Layer 2\" width=\"30\" height=\"24\" viewbox=\"0 0 30 24\">\n  <g id=\"arrow-forward\">\n    <rect id=\"Rechteck_1515\" data-name=\"Rechteck 1515\" width=\"24\" height=\"24\" transform=\"translate(6 24) rotate(-90)\" opacity=\"0\"><\/rect>\n    <path id=\"Pfad_451\" data-name=\"Pfad 451\" d=\"M-5,13H16.86l-3.63,4.36a1,1,0,0,0,1.54,1.28l5-6a1.19,1.19,0,0,0,.09-.15c0-.05.05-.08.07-.13a.961.961,0,0,0,0-.72c0-.05-.05-.08-.07-.13a1.19,1.19,0,0,0-.09-.15l-5-6a1,1,0,1,0-1.54,1.28L16.86,11H-5a1,1,0,0,0-1,1A1,1,0,0,0-5,13Z\" transform=\"translate(6)\" fill=\"#fff\"><\/path>\n  <\/g>\n<\/svg>\n                        <\/div>\n                    <\/button>\n                <\/h2>\n                <div id=\"accordion_body_04__wie-lange-dauert-ein\" class=\"accordion-collapse collapse\" aria-labelledby=\"accordion_heading_04__wie-lange-dauert-ein\" data-bs-parent=\"#accordion__block_579b89d7c69e00c0ad7d7a165007a975\">\n                    <div class=\"accordion-body\" style=\"column-count: 1;\">\n                        <p>Die Dauer der SPFH h\u00e4ngt von der Situation und den Bed\u00fcrfnissen der Familie ab. Sie kann von wenigen Monaten bis zu mehreren Jahren dauern.<\/p>\n<ul>\n<li>Kurzfristige Unterst\u00fctzung: Bei akuten Problemen kann die SPFH schon nach wenigen Monaten erfolgreich beendet werden.<\/li>\n<li>Mittelfristige Begleitung: Oft dauert die SPFH 6 bis 12 Monate, um nachhaltige Ver\u00e4nderungen zu erreichen.<\/li>\n<li>Langfristige Unterst\u00fctzung: Bei komplexeren Problemen kann die Hilfe auch \u00fcber mehrere Jahre andauern.<br \/>\nDie genaue Dauer wird im Rahmen der Hilfeplanung gemeinsam mit der Familie und dem Jugendamt festgelegt und regelm\u00e4\u00dfig \u00fcberpr\u00fcft. Dabei wird gepr\u00fcft, ob die Ziele der Unterst\u00fctzung erreicht sind oder ob eine Verl\u00e4ngerung erforderlich ist.<\/li>\n<\/ul>\n<p>Die Dauer wird gemeinsam mit der Familie und dem Jugendamt regelm\u00e4\u00dfig \u00fcberpr\u00fcft.<\/p>\n                    <\/div>\n                <\/div>\n            <\/div>\n                                <div class=\"accordion-item\">\n                <h2 class=\"accordion-header\" id=\"accordion_heading_05__wie-kann-ich-familie\">\n                    <button class=\"accordion-button collapsed\" type=\"button\" data-bs-toggle=\"collapse\" data-bs-target=\"#accordion_body_05__wie-kann-ich-familie\" aria-expanded=\"false\" aria-controls=\"accordion_body_05__wie-kann-ich-familie\">\n                                                <div class=\"accordion__title f-lg\">\n                            Wie kann ich Familienhelfer:in werden?                        <\/div>\n                        <div class=\"accordion__indicator\">\n                            <?xml version=\"1.0\" encoding=\"UTF-8\"?>\n<svg xmlns=\"http:\/\/www.w3.org\/2000\/svg\" id=\"Layer_2\" data-name=\"Layer 2\" width=\"30\" height=\"24\" viewbox=\"0 0 30 24\">\n  <g id=\"arrow-forward\">\n    <rect id=\"Rechteck_1515\" data-name=\"Rechteck 1515\" width=\"24\" height=\"24\" transform=\"translate(6 24) rotate(-90)\" opacity=\"0\"><\/rect>\n    <path id=\"Pfad_451\" data-name=\"Pfad 451\" d=\"M-5,13H16.86l-3.63,4.36a1,1,0,0,0,1.54,1.28l5-6a1.19,1.19,0,0,0,.09-.15c0-.05.05-.08.07-.13a.961.961,0,0,0,0-.72c0-.05-.05-.08-.07-.13a1.19,1.19,0,0,0-.09-.15l-5-6a1,1,0,1,0-1.54,1.28L16.86,11H-5a1,1,0,0,0-1,1A1,1,0,0,0-5,13Z\" transform=\"translate(6)\" fill=\"#fff\"><\/path>\n  <\/g>\n<\/svg>\n                        <\/div>\n                    <\/button>\n                <\/h2>\n                <div id=\"accordion_body_05__wie-kann-ich-familie\" class=\"accordion-collapse collapse\" aria-labelledby=\"accordion_heading_05__wie-kann-ich-familie\" data-bs-parent=\"#accordion__block_579b89d7c69e00c0ad7d7a165007a975\">\n                    <div class=\"accordion-body\" style=\"column-count: 2;\">\n                        <p>Um Familienhelfer:in zu werden, sind bestimmte fachliche Qualifikationen und pers\u00f6nliche Eigenschaften n\u00f6tig. Die Schritte sind:<\/p>\n<ol>\n<li>Ausbildung oder Studium: Ein Abschluss in Sozialp\u00e4dagogik oder Sozialarbeit ist erforderlich.<\/li>\n<li>Anerkennung als Fachkraft: Viele Tr\u00e4ger und Jugend\u00e4mter setzen die staatliche Anerkennung voraus.<\/li>\n<li>Berufserfahrung: Erfahrung in der Kinder- und Jugendhilfe ist von Vorteil.<\/li>\n<li>Pers\u00f6nliche Kompetenzen: Empathie, Geduld, Kommunikationsf\u00e4higkeit und Konfliktl\u00f6sungskompetenz sind wichtig.<\/li>\n<li>Bewerbung: Viele Familienhelfer:innen arbeiten bei sozialen Tr\u00e4gern oder Jugend\u00e4mtern.<\/li>\n<li>Fortbildung und Supervision: Regelm\u00e4\u00dfige Fortbildungen sind notwendig, um auf dem neuesten Stand zu bleiben.<\/li>\n<\/ol>\n<p>Diese Schritte f\u00fchren zu einer verantwortungsvollen und erf\u00fcllenden T\u00e4tigkeit als Familienhelfer:in, bei der Sie Familien nachhaltig unterst\u00fctzen k\u00f6nnen.<\/p>\n                    <\/div>\n                <\/div>\n            <\/div>\n                                <div class=\"accordion-item\">\n                <h2 class=\"accordion-header\" id=\"accordion_heading_06__was-ist-der-untersch\">\n                    <button class=\"accordion-button collapsed\" type=\"button\" data-bs-toggle=\"collapse\" data-bs-target=\"#accordion_body_06__was-ist-der-untersch\" aria-expanded=\"false\" aria-controls=\"accordion_body_06__was-ist-der-untersch\">\n                                                <div class=\"accordion__title f-lg\">\n                            Was ist der Unterschied zwischen einer Erziehungsbeistandschaft und einer Familienhilfe?                        <\/div>\n                        <div class=\"accordion__indicator\">\n                            <?xml version=\"1.0\" encoding=\"UTF-8\"?>\n<svg xmlns=\"http:\/\/www.w3.org\/2000\/svg\" id=\"Layer_2\" data-name=\"Layer 2\" width=\"30\" height=\"24\" viewbox=\"0 0 30 24\">\n  <g id=\"arrow-forward\">\n    <rect id=\"Rechteck_1515\" data-name=\"Rechteck 1515\" width=\"24\" height=\"24\" transform=\"translate(6 24) rotate(-90)\" opacity=\"0\"><\/rect>\n    <path id=\"Pfad_451\" data-name=\"Pfad 451\" d=\"M-5,13H16.86l-3.63,4.36a1,1,0,0,0,1.54,1.28l5-6a1.19,1.19,0,0,0,.09-.15c0-.05.05-.08.07-.13a.961.961,0,0,0,0-.72c0-.05-.05-.08-.07-.13a1.19,1.19,0,0,0-.09-.15l-5-6a1,1,0,1,0-1.54,1.28L16.86,11H-5a1,1,0,0,0-1,1A1,1,0,0,0-5,13Z\" transform=\"translate(6)\" fill=\"#fff\"><\/path>\n  <\/g>\n<\/svg>\n                        <\/div>\n                    <\/button>\n                <\/h2>\n                <div id=\"accordion_body_06__was-ist-der-untersch\" class=\"accordion-collapse collapse\" aria-labelledby=\"accordion_heading_06__was-ist-der-untersch\" data-bs-parent=\"#accordion__block_579b89d7c69e00c0ad7d7a165007a975\">\n                    <div class=\"accordion-body\" style=\"column-count: 1;\">\n                        <p>Bei der Erziehungsbeistandschaft geht es um die Unterst\u00fctzung des jungen Menschen, um seine pers\u00f6nlichen und sozialen F\u00e4higkeiten zu st\u00e4rken. Die Eltern sind eingebunden, aber der Fokus liegt auf der individuellen F\u00f6rderung des Jugendlichen.<\/p>\n<p>Im Gegensatz dazu hilft die Familienhilfe der gesamten Familie. Hier werden famili\u00e4re Probleme gemeinsam gel\u00f6st, und die Erziehungskompetenzen der Eltern werden gest\u00e4rkt.<\/p>\n                    <\/div>\n                <\/div>\n            <\/div>\n                        <\/div>\n\n\t<\/div>\n\n<\/div>\n\n<\/div>\n\n<\/div>\n<\/div>","protected":false},"excerpt":{"rendered":"","protected":false},"author":1,"featured_media":0,"parent":0,"menu_order":0,"comment_status":"closed","ping_status":"closed","template":"","meta":{"inline_featured_image":false,"footnotes":""},"class_list":["post-516","page","type-page","status-publish","hentry"],"yoast_head":"<!-- This site is optimized with the Yoast SEO plugin v27.4 - https:\/\/yoast.com\/product\/yoast-seo-wordpress\/ -->\n<title>Team Soziale Hilfen - Sozialp\u00e4dagogische Famileinhilfe<\/title>\n<meta name=\"robots\" content=\"index, follow, max-snippet:-1, max-image-preview:large, max-video-preview:-1\" \/>\n<link rel=\"canonical\" href=\"https:\/\/teamsozialehilfen.de\/de_simple\/sozialpaedagogische-familienhilfe\/\" \/>\n<meta property=\"og:locale\" content=\"de_DE\" \/>\n<meta property=\"og:type\" content=\"article\" \/>\n<meta property=\"og:title\" content=\"Team Soziale Hilfen - Sozialp\u00e4dagogische Famileinhilfe\" \/>\n<meta property=\"og:url\" content=\"https:\/\/teamsozialehilfen.de\/de_simple\/sozialpaedagogische-familienhilfe\/\" \/>\n<meta property=\"og:site_name\" content=\"Team Soziale Hilfen\" \/>\n<meta property=\"article:modified_time\" content=\"2025-07-31T15:47:51+00:00\" \/>\n<meta property=\"og:image\" content=\"https:\/\/teamsozialehilfen.de\/wp-content\/uploads\/AdobeStock_221946296.webp\" \/>\n<meta name=\"twitter:card\" content=\"summary_large_image\" \/>\n<meta name=\"twitter:label1\" content=\"Est. reading time\" \/>\n\t<meta name=\"twitter:data1\" content=\"1 minute\" \/>\n<script type=\"application\/ld+json\" class=\"yoast-schema-graph\">{\"@context\":\"https:\\\/\\\/schema.org\",\"@graph\":[{\"@type\":\"WebPage\",\"@id\":\"https:\\\/\\\/teamsozialehilfen.de\\\/sozialpaedagogische-familienhilfe\\\/\",\"url\":\"https:\\\/\\\/teamsozialehilfen.de\\\/sozialpaedagogische-familienhilfe\\\/\",\"name\":\"Team Soziale Hilfen - Sozialp\u00e4dagogische Famileinhilfe\",\"isPartOf\":{\"@id\":\"https:\\\/\\\/teamsozialehilfen.de\\\/#website\"},\"primaryImageOfPage\":{\"@id\":\"https:\\\/\\\/teamsozialehilfen.de\\\/sozialpaedagogische-familienhilfe\\\/#primaryimage\"},\"image\":{\"@id\":\"https:\\\/\\\/teamsozialehilfen.de\\\/sozialpaedagogische-familienhilfe\\\/#primaryimage\"},\"thumbnailUrl\":\"https:\\\/\\\/teamsozialehilfen.de\\\/wp-content\\\/uploads\\\/AdobeStock_221946296.webp\",\"datePublished\":\"2025-06-05T09:52:39+00:00\",\"dateModified\":\"2025-07-31T15:47:51+00:00\",\"breadcrumb\":{\"@id\":\"https:\\\/\\\/teamsozialehilfen.de\\\/sozialpaedagogische-familienhilfe\\\/#breadcrumb\"},\"inLanguage\":\"de-simple\",\"potentialAction\":[{\"@type\":\"ReadAction\",\"target\":[\"https:\\\/\\\/teamsozialehilfen.de\\\/sozialpaedagogische-familienhilfe\\\/\"]}]},{\"@type\":\"ImageObject\",\"inLanguage\":\"de-simple\",\"@id\":\"https:\\\/\\\/teamsozialehilfen.de\\\/sozialpaedagogische-familienhilfe\\\/#primaryimage\",\"url\":\"https:\\\/\\\/teamsozialehilfen.de\\\/wp-content\\\/uploads\\\/AdobeStock_221946296.webp\",\"contentUrl\":\"https:\\\/\\\/teamsozialehilfen.de\\\/wp-content\\\/uploads\\\/AdobeStock_221946296.webp\"},{\"@type\":\"BreadcrumbList\",\"@id\":\"https:\\\/\\\/teamsozialehilfen.de\\\/sozialpaedagogische-familienhilfe\\\/#breadcrumb\",\"itemListElement\":[{\"@type\":\"ListItem\",\"position\":1,\"name\":\"Startseite\",\"item\":\"https:\\\/\\\/teamsozialehilfen.de\\\/\"},{\"@type\":\"ListItem\",\"position\":2,\"name\":\"Sozialp\u00e4dagogische Famileinhilfe\"}]},{\"@type\":\"WebSite\",\"@id\":\"https:\\\/\\\/teamsozialehilfen.de\\\/#website\",\"url\":\"https:\\\/\\\/teamsozialehilfen.de\\\/\",\"name\":\"Team Soziale Hilfen\",\"description\":\"\",\"publisher\":{\"@id\":\"https:\\\/\\\/teamsozialehilfen.de\\\/#organization\"},\"alternateName\":\"Team Soziale Hilfen\",\"potentialAction\":[{\"@type\":\"SearchAction\",\"target\":{\"@type\":\"EntryPoint\",\"urlTemplate\":\"https:\\\/\\\/teamsozialehilfen.de\\\/?s={search_term_string}\"},\"query-input\":{\"@type\":\"PropertyValueSpecification\",\"valueRequired\":true,\"valueName\":\"search_term_string\"}}],\"inLanguage\":\"de-simple\"},{\"@type\":\"Organization\",\"@id\":\"https:\\\/\\\/teamsozialehilfen.de\\\/#organization\",\"name\":\"Team Soziale Hilfen GmbH\",\"url\":\"https:\\\/\\\/teamsozialehilfen.de\\\/\",\"logo\":{\"@type\":\"ImageObject\",\"inLanguage\":\"de-simple\",\"@id\":\"https:\\\/\\\/teamsozialehilfen.de\\\/#\\\/schema\\\/logo\\\/image\\\/\",\"url\":\"https:\\\/\\\/teamsozialehilfen.de\\\/wp-content\\\/uploads\\\/TSH-Sharepic-Facebook.webp\",\"contentUrl\":\"https:\\\/\\\/teamsozialehilfen.de\\\/wp-content\\\/uploads\\\/TSH-Sharepic-Facebook.webp\",\"width\":1200,\"height\":630,\"caption\":\"Team Soziale Hilfen GmbH\"},\"image\":{\"@id\":\"https:\\\/\\\/teamsozialehilfen.de\\\/#\\\/schema\\\/logo\\\/image\\\/\"}}]}<\/script>\n<!-- \/ Yoast SEO plugin. -->","yoast_head_json":{"title":"Team Soziale Hilfen - Sozialp\u00e4dagogische Famileinhilfe","robots":{"index":"index","follow":"follow","max-snippet":"max-snippet:-1","max-image-preview":"max-image-preview:large","max-video-preview":"max-video-preview:-1"},"canonical":"https:\/\/teamsozialehilfen.de\/de_simple\/sozialpaedagogische-familienhilfe\/","og_locale":"de_DE","og_type":"article","og_title":"Team Soziale Hilfen - Sozialp\u00e4dagogische Famileinhilfe","og_url":"https:\/\/teamsozialehilfen.de\/de_simple\/sozialpaedagogische-familienhilfe\/","og_site_name":"Team Soziale Hilfen","article_modified_time":"2025-07-31T15:47:51+00:00","og_image":[{"url":"https:\/\/teamsozialehilfen.de\/wp-content\/uploads\/AdobeStock_221946296.webp","type":"","width":"","height":""}],"twitter_card":"summary_large_image","twitter_misc":{"Est. reading time":"1 minute"},"schema":{"@context":"https:\/\/schema.org","@graph":[{"@type":"WebPage","@id":"https:\/\/teamsozialehilfen.de\/sozialpaedagogische-familienhilfe\/","url":"https:\/\/teamsozialehilfen.de\/sozialpaedagogische-familienhilfe\/","name":"Team Soziale Hilfen - Sozialp\u00e4dagogische Famileinhilfe","isPartOf":{"@id":"https:\/\/teamsozialehilfen.de\/#website"},"primaryImageOfPage":{"@id":"https:\/\/teamsozialehilfen.de\/sozialpaedagogische-familienhilfe\/#primaryimage"},"image":{"@id":"https:\/\/teamsozialehilfen.de\/sozialpaedagogische-familienhilfe\/#primaryimage"},"thumbnailUrl":"https:\/\/teamsozialehilfen.de\/wp-content\/uploads\/AdobeStock_221946296.webp","datePublished":"2025-06-05T09:52:39+00:00","dateModified":"2025-07-31T15:47:51+00:00","breadcrumb":{"@id":"https:\/\/teamsozialehilfen.de\/sozialpaedagogische-familienhilfe\/#breadcrumb"},"inLanguage":"de-simple","potentialAction":[{"@type":"ReadAction","target":["https:\/\/teamsozialehilfen.de\/sozialpaedagogische-familienhilfe\/"]}]},{"@type":"ImageObject","inLanguage":"de-simple","@id":"https:\/\/teamsozialehilfen.de\/sozialpaedagogische-familienhilfe\/#primaryimage","url":"https:\/\/teamsozialehilfen.de\/wp-content\/uploads\/AdobeStock_221946296.webp","contentUrl":"https:\/\/teamsozialehilfen.de\/wp-content\/uploads\/AdobeStock_221946296.webp"},{"@type":"BreadcrumbList","@id":"https:\/\/teamsozialehilfen.de\/sozialpaedagogische-familienhilfe\/#breadcrumb","itemListElement":[{"@type":"ListItem","position":1,"name":"Startseite","item":"https:\/\/teamsozialehilfen.de\/"},{"@type":"ListItem","position":2,"name":"Sozialp\u00e4dagogische Famileinhilfe"}]},{"@type":"WebSite","@id":"https:\/\/teamsozialehilfen.de\/#website","url":"https:\/\/teamsozialehilfen.de\/","name":"Team Soziale Hilfen","description":"","publisher":{"@id":"https:\/\/teamsozialehilfen.de\/#organization"},"alternateName":"Team Soziale Hilfen","potentialAction":[{"@type":"SearchAction","target":{"@type":"EntryPoint","urlTemplate":"https:\/\/teamsozialehilfen.de\/?s={search_term_string}"},"query-input":{"@type":"PropertyValueSpecification","valueRequired":true,"valueName":"search_term_string"}}],"inLanguage":"de-simple"},{"@type":"Organization","@id":"https:\/\/teamsozialehilfen.de\/#organization","name":"Team Soziale Hilfen GmbH","url":"https:\/\/teamsozialehilfen.de\/","logo":{"@type":"ImageObject","inLanguage":"de-simple","@id":"https:\/\/teamsozialehilfen.de\/#\/schema\/logo\/image\/","url":"https:\/\/teamsozialehilfen.de\/wp-content\/uploads\/TSH-Sharepic-Facebook.webp","contentUrl":"https:\/\/teamsozialehilfen.de\/wp-content\/uploads\/TSH-Sharepic-Facebook.webp","width":1200,"height":630,"caption":"Team Soziale Hilfen GmbH"},"image":{"@id":"https:\/\/teamsozialehilfen.de\/#\/schema\/logo\/image\/"}}]}},"acf":[],"_links":{"self":[{"href":"https:\/\/teamsozialehilfen.de\/de_simple\/wp-json\/wp\/v2\/pages\/516","targetHints":{"allow":["GET"]}}],"collection":[{"href":"https:\/\/teamsozialehilfen.de\/de_simple\/wp-json\/wp\/v2\/pages"}],"about":[{"href":"https:\/\/teamsozialehilfen.de\/de_simple\/wp-json\/wp\/v2\/types\/page"}],"author":[{"embeddable":true,"href":"https:\/\/teamsozialehilfen.de\/de_simple\/wp-json\/wp\/v2\/users\/1"}],"replies":[{"embeddable":true,"href":"https:\/\/teamsozialehilfen.de\/de_simple\/wp-json\/wp\/v2\/comments?post=516"}],"version-history":[{"count":12,"href":"https:\/\/teamsozialehilfen.de\/de_simple\/wp-json\/wp\/v2\/pages\/516\/revisions"}],"predecessor-version":[{"id":1128,"href":"https:\/\/teamsozialehilfen.de\/de_simple\/wp-json\/wp\/v2\/pages\/516\/revisions\/1128"}],"wp:attachment":[{"href":"https:\/\/teamsozialehilfen.de\/de_simple\/wp-json\/wp\/v2\/media?parent=516"}],"curies":[{"name":"wp","href":"https:\/\/api.w.org\/{rel}","templated":true}]}}