{"id":528,"date":"2025-06-05T12:08:40","date_gmt":"2025-06-05T10:08:40","guid":{"rendered":"https:\/\/tsh.devbs.de\/?page_id=528"},"modified":"2025-12-08T11:21:25","modified_gmt":"2025-12-08T10:21:25","slug":"kontakt","status":"publish","type":"page","link":"https:\/\/teamsozialehilfen.de\/de_simple\/kontakt\/","title":{"rendered":"Unsere Standorte"},"content":{"rendered":"\n<style>\n    .hero_child__spacer {\n        padding-inline: 0.75rem;\n    }\n\n    .hero_child {\n        height: 100vh;\n        max-height: 700px;\n        overflow: hidden;\n        position: relative;\n        isolation: isolate;\n        border-radius: var(--b-radius-xl);\n        transition: 0.3s max-height ease;\n    }\n\n    .hero_child.small {\n        max-height: 350px;\n    }\n\n    .hero_child__wrapper {\n        position: relative;\n        isolation: isolate;\n    }\n\n    .hero_child :is(.container-xl, .row, .col-12, .hero_decoration__wrapper) {\n        height: 100%;\n    }\n\n    .hero_child .hero_decoration__wrapper {\n        isolation: isolate;\n        width: fit-content;\n    }\n\n    .hero_child .hero_decoration {\n        position: absolute;\n        top: -50%;\n        right: -10%;\n        z-index: -1;\n        transform: scale(1.25);\n        transition: 0.3s all ease;\n        opacity: 0.75;\n    }\n\n    \/* .hero_child .claim, *\/\n\n    .hero_child .subclaim {\n        max-width: min(75vw, 600px);\n        hyphens: auto;\n    }\n\n    .hero_child .hero_background {\n        position: absolute;\n        inset: 0;\n        width: 100%;\n        height: 100%;\n        z-index: -1;\n    }\n\n    .hero_child .hero_background img {\n        position: absolute;\n        inset: 0;\n        width: 100%;\n        height: 100%;\n        object-fit: cover;\n        object-position: right;\n    }\n\n    .hero_child .hero_child__padding_bottom {\n        padding-bottom: 3rem;\n    }\n\n    .hero_child.small .hero_child__padding_bottom {\n        padding-bottom: 0rem;\n    }\n\n    .hero_child.small .hero_decoration__wrapper {\n        justify-content: center !important;\n    }\n\n    .hero_child.small .hero_decoration {\n        top: -150%;\n    }\n\n    .hero_child.small .hero_background img {\n        object-position: top right;\n    }\n\n    .hero_child.small h1 {\n        margin-block: 0rem;\n    }\n\n    @media (min-width: 2000px) {\n        .hero_child {\n            max-height: 1080px;\n        }\n    }\n\n    @media (max-width: 1512px) {\n        .hero_child .subclaim {\n            max-width: min(75vw, 500px);\n        }\n    }\n\n    @media (max-width: 768px) {\n\n        .hero_child .subclaim {\n            max-width: min(75vw, 300px);\n        }\n\n        .hero_child .hero_background img {\n            object-position: 76%;\n        }\n    }\n<\/style>\n\n<div class=\"hero_child__spacer\">\n    <div id=\"block_9688b105a936dc756bc234a3fa31a8cf\" class=\"container-fluid hero_child blockWrapper small\">\n        <div class=\"hero_background\" aria-hidden=\"true\" role=\"presentation\">\n            <img decoding=\"async\" src=\"https:\/\/teamsozialehilfen.de\/wp-content\/uploads\/AdobeStock_126304552-slim.webp\" alt=\"\">\n        <\/div>\n        <div class=\"hero_child__wrapper container-xl hero_child__padding_bottom px-lg-5\">\n            <div class=\"row hero_child__padding_bottom\">\n                <div class=\"col-12 hero_child__padding_bottom\">\n                    <div class=\"hero_decoration__wrapper position-relative d-flex flex-column justify-content-end\">\n                        <div class=\"hero_decoration\" aria-hidden=\"true\" role=\"presentation\">\n                            <svg xmlns=\"http:\/\/www.w3.org\/2000\/svg\" xmlns:xlink=\"http:\/\/www.w3.org\/1999\/xlink\" width=\"2289.595\" height=\"1584.809\" viewBox=\"0 0 2289.595 1584.809\">\n                                <defs>\n                                    <linearGradient id=\"linear-gradient\" x1=\"0.967\" y1=\"0.114\" x2=\"0.281\" y2=\"0.657\" gradientUnits=\"objectBoundingBox\">\n                                        <stop offset=\"0\" stop-color=\"#ffb4ed\" \/>\n                                        <stop offset=\"1\" stop-color=\"#ffa041\" \/>\n                                    <\/linearGradient>\n                                <\/defs>\n                                <path id=\"Pfad_507\" data-name=\"Pfad 507\" d=\"M1116.383,141.157s261.238,17.162,350.461,125.5c190.031,230.723,15.057,630.195-115.029,853.468-134.468,230.8-517.474,605.842-517.474,605.842H-739.012V141.157\" transform=\"translate(739.012 -141.157)\" opacity=\"0.899\" fill=\"url(#linear-gradient)\" \/>\n                            <\/svg>\n\n                        <\/div>\n                        <h1 class=\"claim h-4xl cLight\">Unsere <br \/>\r\nStandorte<\/h1>\n                        <p class=\"subclaim cLight\"><\/p>\n                                            <\/div>\n                <\/div>\n            <\/div>\n        <\/div>\n    <\/div>\n<\/div>\n\n\n<div class=\"wp-block-group iAos data-aos_fade-in is-vertical is-content-justification-center is-nowrap is-layout-flex wp-container-core-group-is-layout-1f991c2f wp-block-group-is-layout-flex\" style=\"padding-top:2rem;padding-right:0rem;padding-bottom:2rem;padding-left:0rem\"><div class=\"wp-bootstrap-blocks-container container-fluid mb-0\">\n\t\n<div class=\"wp-bootstrap-blocks-container container-xl mb-0 px-lg-5\">\n\t\n<div class=\"wp-bootstrap-blocks-row row\">\n\t\n\n<div class=\"col-12 col-lg-6 py-lg-5\">\n\t\t\t\n\n<h2 class=\"wp-block-heading is-style-secInd\">Standorte<\/h2>\n\n\n\n<p class=\"is-style-h-4xl has-orange-color has-text-color has-link-color wp-elements-02d8913dc4e7318521477fcaf3e74796\">Wir sind <br>F\u00fcr dich da!<\/p>\n\n\n\n<p>Gemeinsam stark \u2013 das Team(-Soziale-Hilfen) w\u00e4chst! Das Team-Soziale-Hilfen schlie\u00dft alle mit ein: Sie als Familie, uns als Ansprechpartner und Unterst\u00fctzer in Sachen Eingliederungshilfe und zu guter Letzt unsere Kooperationspartner. Als vereintes Team, das die gleichen Ziele verfolgt, schaffen wir mehr Chancengleichheit und Inklusion f\u00fcr benachteiligte Menschen.<\/p>\n\n\t<\/div>\n\n<\/div>\n\n<\/div>\n\n<\/div>\n<\/div>\n\n\n\n<style>\n    .contact_details__left>* {\n        display: flex;\n        align-items: flex-start;\n        margin-bottom: 1rem;\n    }\n\n    .contact_details__left a {\n        display: flex;\n        align-items: flex-start;\n    }\n\n    .contact_details__left>* span {\n        padding-left: 1rem;\n        transform: translateY(-0.1rem);\n        font-size: 16px;\n        padding-top: 0.25rem;\n    }\n\n    .contact_details__left>* img {\n        min-width: 1.5rem;\n        width: 1.5rem;\n        height: auto;\n    }\n\n    .contact_img {\n        border-radius: var(--b-radius-xl);\n        margin-block: 0;\n    }\n\n    \/* * Contact form ------------------ *\/\n    #kontakt form {\n        display: flex;\n        flex-wrap: wrap;\n        justify-content: space-between;\n    }\n\n    #kontakt form>label {\n        margin-bottom: 1rem;\n        border: 2px solid var(--cOrange);\n        border-radius: var(--b-radius-lg);\n        padding: 1.15rem 0.5rem 0.5rem;\n        position: relative;\n    }\n\n    #kontakt form>label .indicator {\n        position: absolute;\n        left: 0.5rem;\n        top: 0.2rem;\n        font-size: 16px;\n    }\n\n    #kontakt form :is(input, textarea) {\n        padding-inline: 0;\n        border: none;\n    }\n\n    #kontakt form :is(label, label span, label span input, textarea, span[data-name=\"dsgvo\"]) {\n        width: 100%;\n    }\n\n    #kontakt form :is(label:has(input[name=\"contact-tel\"]), label:has(input[name=\"contact-email\"])) {\n        width: 48.5%;\n    }\n\n    #kontakt form .submit_wrapper {\n        position: relative;\n        width: fit-content;\n        margin-top: 1.5rem;\n    }\n\n    #kontakt form .submit_wrapper::after {\n        content: '';\n        background-image: url('\/wp-content\/uploads\/arrow-right-light.svg');\n        background-repeat: no-repeat;\n        background-position: center;\n        background-size: contain;\n        position: absolute;\n        right: 1.5rem;\n        top: 50%;\n        transform: translateY(-50%);\n        width: 1.5rem;\n        height: 1.5rem;\n        transition: 0.3s all ease;\n        pointer-events: none;\n    }\n\n    #kontakt form input[type=\"submit\"] {\n        display: flex;\n        align-items: center;\n        justify-content: space-between;\n        border: 2px solid var(--cLight);\n        border-radius: 50px;\n        transition: 0.3s all ease;\n        padding: 0.5rem 3.5rem 0.5rem 2rem;\n        width: 100%;\n        max-width: 300px;\n        color: var(--cLight);\n        font-size: 1rem;\n        background: linear-gradient(to right, #ffa041, #ffb4ed);\n        border: none;\n        box-shadow: 4px 4px 10px 0 rgba(0, 0, 0, 0.2);\n        -webkit-box-shadow: 4px 4px 10px 0 rgba(0, 0, 0, 0.2);\n        -moz-box-shadow: 4px 4px 10px 0 rgba(0, 0, 0, 0.2);\n    }\n\n    #kontakt form .submit_wrapper:hover input {\n        padding-right: 4.5rem;\n    }\n\n    #kontakt form .submit_wrapper .wpcf7-spinner {\n        position: absolute;\n        right: 5rem;\n        top: 50%;\n        transform: translateY(-50%);\n    }\n\n    .contact_location__ui {\n        list-style: none;\n        padding: 0;\n        margin: 0;\n    }\n\n    .contact_location__ui li {\n        margin-right: 0.5rem;\n    }\n\n    .contact_location__ui li button {\n        font-size: 16px;\n        background-color: transparent;\n        border: 2px solid var(--cOrange);\n        border-radius: var(--b-radius-xl);\n        color: var(--cOrange);\n        padding: 0.25rem 0.75rem;\n        transition: .3s all ease;\n        margin-bottom: 0.5rem;\n        font-weight: var(--fw-bold);\n    }\n\n    .contact_location__ui li button.active {\n        background-color: var(--cOrange);\n        color: var(--cLight);\n    }\n\n    \/* * Checkbox ------------------ *\/\n    #kontakt .wpcf7-list-item:has(input.dsgvo_checkbox) {\n        margin-inline: 0;\n    }\n\n    label:has(input.dsgvo_checkbox) {\n        position: relative;\n        padding-left: 2rem;\n    }\n\n    label:has(input.dsgvo_checkbox) input {\n        position: absolute;\n        left: 0;\n        top: 0;\n        width: 1.5rem;\n        height: 1.5rem;\n        opacity: 0;\n        cursor: pointer;\n    }\n\n    label:has(input.dsgvo_checkbox)::before {\n        content: '';\n        position: absolute;\n        left: 0;\n        top: 0;\n        width: 1.5rem;\n        height: 1.5rem;\n        border-radius: var(--b-radius-xl);\n        background-color: var(--cLight);\n        color: var(--cOrange);\n        border: 2px solid var(--cOrange);\n        display: flex;\n        justify-content: center;\n        align-items: center;\n    }\n\n    label:has(input.dsgvo_checkbox:checked)::before {\n        content: '\u2713';\n    }\n\n    \/* * Validation ------------------ *\/\n    .wpcf7-form-control-wrap:has(.wpcf7-not-valid) :is(input, textarea) {\n        border-bottom: 2px solid red !important;\n    }\n\n    .wpcf7-not-valid-tip {\n        margin-top: 0.25rem;\n        font-size: 16px;\n    }\n\n    \/* * Response ------------------ *\/\n    .wpcf7 form .wpcf7-response-output {\n        margin-inline: 0;\n        padding-inline: 0.5rem;\n        border-radius: var(--b-radius-lg);\n    }\n\n    \/* * Application ------------------ *\/\n    .application_content ul {\n        list-style: none;\n        padding-left: 0;\n    }\n\n    .application_content ul li {\n        position: relative;\n        padding-left: 2rem;\n        margin-bottom: 1rem;\n    }\n\n    .application_content ul li::before {\n        content: '';\n        position: absolute;\n        left: 0;\n        top: 0.15rem;\n        width: 1.5rem;\n        height: 1.5rem;\n        background-image: url(\/wp-content\/uploads\/arrow-right-orange.svg);\n        background-repeat: no-repeat;\n        background-size: contain;\n    }\n<\/style>\n\n<div id=\"block_8e83f87466b82918c831e46b97565585\" class=\"contact_wrapper container-fluid blockWrapper\">\n            <div class=\" container-xl px-lg-5\">\n                            <div id=\"leipzig\" class=\"row contact_item flex-column pb-lg-5 iAos data-aos_fade-in flex-md-row\">\n                    <div class=\"col-12 col-md-5 mb-5 fyCenter pe-lg-5\">\n                                                    <img decoding=\"async\" class=\"contact_img\" src=\"https:\/\/teamsozialehilfen.de\/wp-content\/uploads\/AdobeStock_126304552.webp\" alt=\"Stadtbezirk bei gutem Wetter\">\n                                            <\/div>\n                    <div class=\"col-12 col-md-7 mb-5\">\n                        <div class=\"contact_content\">\n                            <h3 class=\"secInd mb-2\">\n                                Zust\u00e4ndig f\u00fcr Leipzig + Landkreis Leipzig                            <\/h3>\n                            <div class=\"h-3xl cOrange mb-0\">\n                                Leipzig                            <\/div>\n                            <div class=\"contact_details__wrapper d-flex flex-column flex-xl-row justify-content-between pt-4-5\">\n                                <div class=\"contact_details__left d-flex flex-column\">\n                                                                            <a class=\"contact_phone\" href=\"tel:+49 177 5153753\">\n                                            <img decoding=\"async\" src=\"\/wp-content\/uploads\/tsh-icon-phone.svg\" alt=\"Tel\">\n                                            <span>\n                                                +49 177 5153753                                            <\/span>\n                                        <\/a>\n                                                                                                                <a class=\"contact_mail\" href=\"mailto:info@teamsozialehilfen.de\">\n                                            <img decoding=\"async\" src=\"\/wp-content\/uploads\/tsh-icon-mail.svg\" alt=\"Mail\">\n                                            <span>\n                                                info@teamsozialehilfen.de                                            <\/span>\n                                        <\/a>\n                                                                                                                <div class=\"contact_address\">\n                                            <img decoding=\"async\" src=\"\/wp-content\/uploads\/tsh-icon-location.svg\" alt=\"Address\">\n                                            <span>\n                                                Czermaks Garten 13 <br \/>\r\n04103 Leipzig                                            <\/span>\n                                        <\/div>\n                                                                    <\/div>\n                                <div class=\"contact_details__right d-flex flex-column pt-3 pt-xl-0 ps-xl-5\">\n                                    Leitung f\u00fcr Personal: Jennifer Peter<br \/>\r\nLeitung f\u00fcr Fallmanagement: Michael Eichhorn<br \/>\r\nLeitung f\u00fcr Hilfe zur Erziehung: Anna Maria Bergmann<br \/>\r\nFallkoordinationsstelle: Denise Reinhold<br \/>\r\n<br \/>\r\nTermine nach Vereinbarung.<br \/>\r\nGespr\u00e4che nach Absprache auch im Hausbesuch m\u00f6glich.                                <\/div>\n                            <\/div>\n                            <div class=\"contact_cta mt-4\">\n                                        <a class=\"cta cta_color \" href=\"#kontakt\" target=\"_self\">\n            <div class=\"cta__text\">\n                Zum Kontaktformular            <\/div>\n            <div class=\"cta__icon\">\n                <img decoding=\"async\" src=\"\/wp-content\/uploads\/arrow-right-light.svg\" alt=\"\">\n            <\/div>\n        <\/a>\n                                <\/div>\n                        <\/div>\n                    <\/div>\n                <\/div>\n                            <div id=\"dresden\" class=\"row contact_item flex-column pb-lg-5 iAos data-aos_fade-in  flex-md-row-reverse\">\n                    <div class=\"col-12 col-md-5 mb-5 fyCenter ps-lg-5\">\n                                                    <img decoding=\"async\" class=\"contact_img\" src=\"https:\/\/teamsozialehilfen.de\/wp-content\/uploads\/AdobeStock_164828166.webp\" alt=\"Stadtbezirk bei gutem Wetter\">\n                                            <\/div>\n                    <div class=\"col-12 col-md-7 mb-5\">\n                        <div class=\"contact_content\">\n                            <h3 class=\"secInd mb-2\">\n                                Zust\u00e4ndig f\u00fcr Dresden, Mei\u00dfen, Bautzen                            <\/h3>\n                            <div class=\"h-3xl cOrange mb-0\">\n                                Dresden                            <\/div>\n                            <div class=\"contact_details__wrapper d-flex flex-column flex-xl-row justify-content-between pt-4-5\">\n                                <div class=\"contact_details__left d-flex flex-column\">\n                                                                            <a class=\"contact_phone\" href=\"tel:+49 163 6150075\">\n                                            <img decoding=\"async\" src=\"\/wp-content\/uploads\/tsh-icon-phone.svg\" alt=\"Tel\">\n                                            <span>\n                                                +49 163 6150075                                            <\/span>\n                                        <\/a>\n                                                                                                                <a class=\"contact_mail\" href=\"mailto:info-dresden@teamsozialehilfen.de\">\n                                            <img decoding=\"async\" src=\"\/wp-content\/uploads\/tsh-icon-mail.svg\" alt=\"Mail\">\n                                            <span>\n                                                info-dresden@teamsozialehilfen.de                                            <\/span>\n                                        <\/a>\n                                                                                                                <div class=\"contact_address\">\n                                            <img decoding=\"async\" src=\"\/wp-content\/uploads\/tsh-icon-location.svg\" alt=\"Address\">\n                                            <span>\n                                                Mohornerstra\u00dfe 19a<br \/>\r\n01159 Dresden                                             <\/span>\n                                        <\/div>\n                                                                    <\/div>\n                                <div class=\"contact_details__right d-flex flex-column pt-3 pt-xl-0 ps-xl-5\">\n                                    Standortleitung: Nelly Adlung<br \/>\r\n<br \/>\r\nTermine nach Vereinbarung.<br \/>\r\nGespr\u00e4che nach Absprache auch im Hausbesuch m\u00f6glich.                                <\/div>\n                            <\/div>\n                            <div class=\"contact_cta mt-4\">\n                                        <a class=\"cta cta_color \" href=\"#kontakt\" target=\"_self\">\n            <div class=\"cta__text\">\n                Zum Kontaktformular            <\/div>\n            <div class=\"cta__icon\">\n                <img decoding=\"async\" src=\"\/wp-content\/uploads\/arrow-right-light.svg\" alt=\"\">\n            <\/div>\n        <\/a>\n                                <\/div>\n                        <\/div>\n                    <\/div>\n                <\/div>\n                            <div id=\"saechsische-schweiz-osterzgebirge\" class=\"row contact_item flex-column pb-lg-5 iAos data-aos_fade-in flex-md-row\">\n                    <div class=\"col-12 col-md-5 mb-5 fyCenter pe-lg-5\">\n                                                    <img decoding=\"async\" class=\"contact_img\" src=\"https:\/\/teamsozialehilfen.de\/wp-content\/uploads\/AdobeStock_232176249.webp\" alt=\"Sch\u00f6ne Landschaft mit Schloss\">\n                                            <\/div>\n                    <div class=\"col-12 col-md-7 mb-5\">\n                        <div class=\"contact_content\">\n                            <h3 class=\"secInd mb-2\">\n                                Zust\u00e4ndig f\u00fcr S\u00e4chsische Schweiz-Osterzgebirge                            <\/h3>\n                            <div class=\"h-3xl cOrange mb-0\">\n                                S\u00e4chsische Schweiz-Osterzgebirge                            <\/div>\n                            <div class=\"contact_details__wrapper d-flex flex-column flex-xl-row justify-content-between pt-4-5\">\n                                <div class=\"contact_details__left d-flex flex-column\">\n                                                                            <a class=\"contact_phone\" href=\"tel:+49 152 04151492\">\n                                            <img decoding=\"async\" src=\"\/wp-content\/uploads\/tsh-icon-phone.svg\" alt=\"Tel\">\n                                            <span>\n                                                +49 152 04151492                                            <\/span>\n                                        <\/a>\n                                                                                                                <a class=\"contact_mail\" href=\"mailto:info-dresden@teamsozialehilfen.de\">\n                                            <img decoding=\"async\" src=\"\/wp-content\/uploads\/tsh-icon-mail.svg\" alt=\"Mail\">\n                                            <span>\n                                                info-dresden@teamsozialehilfen.de                                            <\/span>\n                                        <\/a>\n                                                                                                                <div class=\"contact_address\">\n                                            <img decoding=\"async\" src=\"\/wp-content\/uploads\/tsh-icon-location.svg\" alt=\"Address\">\n                                            <span>\n                                                Mohornerstra\u00dfe 19a<br \/>\r\n01159 Chemnitz                                             <\/span>\n                                        <\/div>\n                                                                    <\/div>\n                                <div class=\"contact_details__right d-flex flex-column pt-3 pt-xl-0 ps-xl-5\">\n                                    Standortleitung: Nelly Adlung                                <\/div>\n                            <\/div>\n                            <div class=\"contact_cta mt-4\">\n                                        <a class=\"cta cta_color \" href=\"#kontakt\" target=\"_self\">\n            <div class=\"cta__text\">\n                Zum Kontaktformular            <\/div>\n            <div class=\"cta__icon\">\n                <img decoding=\"async\" src=\"\/wp-content\/uploads\/arrow-right-light.svg\" alt=\"\">\n            <\/div>\n        <\/a>\n                                <\/div>\n                        <\/div>\n                    <\/div>\n                <\/div>\n                            <div id=\"chemnitz\" class=\"row contact_item flex-column pb-lg-5 iAos data-aos_fade-in  flex-md-row-reverse\">\n                    <div class=\"col-12 col-md-5 mb-5 fyCenter ps-lg-5\">\n                                                    <img decoding=\"async\" class=\"contact_img\" src=\"https:\/\/teamsozialehilfen.de\/wp-content\/uploads\/AdobeStock_234060381.webp\" alt=\"Stadtbezirk bei Sonnenuntergang\">\n                                            <\/div>\n                    <div class=\"col-12 col-md-7 mb-5\">\n                        <div class=\"contact_content\">\n                            <h3 class=\"secInd mb-2\">\n                                Zust\u00e4ndig f\u00fcr Chemnitz, Erzgebirgskreis, Mittelsachsen, Zwickau                            <\/h3>\n                            <div class=\"h-3xl cOrange mb-0\">\n                                Chemnitz                            <\/div>\n                            <div class=\"contact_details__wrapper d-flex flex-column flex-xl-row justify-content-between pt-4-5\">\n                                <div class=\"contact_details__left d-flex flex-column\">\n                                                                            <a class=\"contact_phone\" href=\"tel:+49 173 2356010\">\n                                            <img decoding=\"async\" src=\"\/wp-content\/uploads\/tsh-icon-phone.svg\" alt=\"Tel\">\n                                            <span>\n                                                +49 173 2356010                                            <\/span>\n                                        <\/a>\n                                                                                                                <a class=\"contact_mail\" href=\"mailto:info-chemnitz@teamsozialehilfen.de\">\n                                            <img decoding=\"async\" src=\"\/wp-content\/uploads\/tsh-icon-mail.svg\" alt=\"Mail\">\n                                            <span>\n                                                info-chemnitz@teamsozialehilfen.de                                            <\/span>\n                                        <\/a>\n                                                                                                                <div class=\"contact_address\">\n                                            <img decoding=\"async\" src=\"\/wp-content\/uploads\/tsh-icon-location.svg\" alt=\"Address\">\n                                            <span>\n                                                B\u00f6rnichsgasse 2a <br \/>\r\n2.OG Gemeinschaftsb\u00fcro <br \/>\r\n09111 Chemnitz                                            <\/span>\n                                        <\/div>\n                                                                    <\/div>\n                                <div class=\"contact_details__right d-flex flex-column pt-3 pt-xl-0 ps-xl-5\">\n                                    Fallkoordination &#038; Koordination: C\u00e4cilia Jungk<br \/>\r\n<br \/>\r\nTermine nach Vereinbarung.<br \/>\r\nGespr\u00e4che nach Absprache auch im Hausbesuch m\u00f6glich.                                <\/div>\n                            <\/div>\n                            <div class=\"contact_cta mt-4\">\n                                        <a class=\"cta cta_color \" href=\"#kontakt\" target=\"_self\">\n            <div class=\"cta__text\">\n                Zum Kontaktformular            <\/div>\n            <div class=\"cta__icon\">\n                <img decoding=\"async\" src=\"\/wp-content\/uploads\/arrow-right-light.svg\" alt=\"\">\n            <\/div>\n        <\/a>\n                                <\/div>\n                        <\/div>\n                    <\/div>\n                <\/div>\n                            <div id=\"berlin\" class=\"row contact_item flex-column pb-lg-5 iAos data-aos_fade-in flex-md-row\">\n                    <div class=\"col-12 col-md-5 mb-5 fyCenter pe-lg-5\">\n                                                    <img decoding=\"async\" class=\"contact_img\" src=\"https:\/\/teamsozialehilfen.de\/wp-content\/uploads\/AdobeStock_101101805.webp\" alt=\"Stadtbezirk bei Sonnenuntergang\">\n                                            <\/div>\n                    <div class=\"col-12 col-md-7 mb-5\">\n                        <div class=\"contact_content\">\n                            <h3 class=\"secInd mb-2\">\n                                Zust\u00e4ndig f\u00fcr Berlin                            <\/h3>\n                            <div class=\"h-3xl cOrange mb-0\">\n                                Berlin                            <\/div>\n                            <div class=\"contact_details__wrapper d-flex flex-column flex-xl-row justify-content-between pt-4-5\">\n                                <div class=\"contact_details__left d-flex flex-column\">\n                                                                            <a class=\"contact_phone\" href=\"tel:+49 152 28301859\">\n                                            <img decoding=\"async\" src=\"\/wp-content\/uploads\/tsh-icon-phone.svg\" alt=\"Tel\">\n                                            <span>\n                                                +49 152 28301859                                            <\/span>\n                                        <\/a>\n                                                                                                                <a class=\"contact_mail\" href=\"mailto:berlin@teamsozialehilfen.de\">\n                                            <img decoding=\"async\" src=\"\/wp-content\/uploads\/tsh-icon-mail.svg\" alt=\"Mail\">\n                                            <span>\n                                                berlin@teamsozialehilfen.de                                            <\/span>\n                                        <\/a>\n                                                                                                                <div class=\"contact_address\">\n                                            <img decoding=\"async\" src=\"\/wp-content\/uploads\/tsh-icon-location.svg\" alt=\"Address\">\n                                            <span>\n                                                Neumagener Stra\u00dfe 28<br \/>\r\n13088 Berlin                                            <\/span>\n                                        <\/div>\n                                                                    <\/div>\n                                <div class=\"contact_details__right d-flex flex-column pt-3 pt-xl-0 ps-xl-5\">\n                                    Termine nach Vereinbarung.<br \/>\r\nGespr\u00e4che nach Absprache auch im Hausbesuch m\u00f6glich.                                <\/div>\n                            <\/div>\n                            <div class=\"contact_cta mt-4\">\n                                        <a class=\"cta cta_color \" href=\"#kontakt\" target=\"_self\">\n            <div class=\"cta__text\">\n                Zum Kontaktformular            <\/div>\n            <div class=\"cta__icon\">\n                <img decoding=\"async\" src=\"\/wp-content\/uploads\/arrow-right-light.svg\" alt=\"\">\n            <\/div>\n        <\/a>\n                                <\/div>\n                        <\/div>\n                    <\/div>\n                <\/div>\n                    <\/div>\n    \n    <div id=\"kontakt\" class=\"container-xl px-lg-5\">\n                    <div class=\"row pb-5\">\n                <div class=\"col-12 col-lg-6 mb-5\">\n                    <div class=\"secInd mb-3\">\n                        Wie Sie uns erreichen\n                    <\/div>\n                    <h2 class=\"h-3xl mb-5\">\n                        Kontakt\n                    <\/h2>\n                    <ul class=\"contact_location__ui d-flex flex-wrap justify-content-start mb-2\">\n                                                    <li>\n                                <button class=\"active\" data-location=\"leipzig\" data-mail=\"info@teamsozialehilfen.de\">\n                                    Leipzig                                <\/button>\n                            <\/li>\n                                                    <li>\n                                <button class=\"\" data-location=\"dresden\" data-mail=\"info-dresden@teamsozialehilfen.de\">\n                                    Dresden                                <\/button>\n                            <\/li>\n                                                    <li>\n                                <button class=\"\" data-location=\"saechsische-schweiz-osterzgebirge\" data-mail=\"info-dresden@teamsozialehilfen.de\">\n                                    S\u00e4chsische Schweiz-Osterzgebirge                                <\/button>\n                            <\/li>\n                                                    <li>\n                                <button class=\"\" data-location=\"chemnitz\" data-mail=\"info-chemnitz@teamsozialehilfen.de\">\n                                    Chemnitz                                <\/button>\n                            <\/li>\n                                                    <li>\n                                <button class=\"\" data-location=\"berlin\" data-mail=\"berlin@teamsozialehilfen.de\">\n                                    Berlin                                <\/button>\n                            <\/li>\n                                            <\/ul>\n\n                    \n<div class=\"wpcf7 no-js\" id=\"wpcf7-f594-o1\" lang=\"de-DE\" dir=\"ltr\" data-wpcf7-id=\"594\">\n<div class=\"screen-reader-response\"><p role=\"status\" aria-live=\"polite\" aria-atomic=\"true\"><\/p> <ul><\/ul><\/div>\n<form action=\"\/de_simple\/wp-json\/wp\/v2\/pages\/528#wpcf7-f594-o1\" method=\"post\" class=\"wpcf7-form init\" aria-label=\"Contact form\" novalidate=\"novalidate\" data-status=\"init\">\n<fieldset class=\"hidden-fields-container\"><input type=\"hidden\" name=\"_wpcf7\" value=\"594\" \/><input type=\"hidden\" name=\"_wpcf7_version\" value=\"6.1.5\" \/><input type=\"hidden\" name=\"_wpcf7_locale\" value=\"de_DE\" \/><input type=\"hidden\" name=\"_wpcf7_unit_tag\" value=\"wpcf7-f594-o1\" \/><input type=\"hidden\" name=\"_wpcf7_container_post\" value=\"0\" \/><input type=\"hidden\" name=\"_wpcf7_posted_data_hash\" value=\"\" \/>\n<\/fieldset>\n<label> <div class=\"indicator\">Name<\/div>\n    <span class=\"wpcf7-form-control-wrap\" data-name=\"contact-name\"><input size=\"40\" maxlength=\"400\" class=\"wpcf7-form-control wpcf7-text wpcf7-validates-as-required\" autocomplete=\"name\" aria-required=\"true\" aria-invalid=\"false\" value=\"\" type=\"text\" name=\"contact-name\" \/><\/span> <\/label>\n\n<label> <div class=\"indicator\">E-Mail<\/div>\n    <span class=\"wpcf7-form-control-wrap\" data-name=\"contact-email\"><input size=\"40\" maxlength=\"400\" class=\"wpcf7-form-control wpcf7-email wpcf7-validates-as-required wpcf7-text wpcf7-validates-as-email\" aria-required=\"true\" aria-invalid=\"false\" value=\"\" type=\"email\" name=\"contact-email\" \/><\/span> <\/label>\n\n<label> <div class=\"indicator\">Telefon<\/div>\n    <span class=\"wpcf7-form-control-wrap\" data-name=\"contact-tel\"><input size=\"40\" maxlength=\"400\" class=\"wpcf7-form-control wpcf7-tel wpcf7-validates-as-required wpcf7-text wpcf7-validates-as-tel\" aria-required=\"true\" aria-invalid=\"false\" value=\"\" type=\"tel\" name=\"contact-tel\" \/><\/span> <\/label>\n\n<label for=\"contact-message-field\"> <div class=\"indicator\">Nachricht<\/div>\n    <span class=\"wpcf7-form-control-wrap\" data-name=\"contact-message\"><textarea cols=\"40\" rows=\"10\" maxlength=\"2000\" class=\"wpcf7-form-control wpcf7-textarea wpcf7-validates-as-required\" id=\"contact-message-field\" aria-required=\"true\" aria-invalid=\"false\" name=\"contact-message\"><\/textarea><\/span> <\/label>\n\n<input class=\"wpcf7-form-control wpcf7-hidden\" value=\"info@teamsozialehilfen.de\" type=\"hidden\" name=\"contact-recipient\" \/>\n\n<span id=\"e-mail\" class=\"wpcf7-form-control-wrap e-mail-wrap\" style=\"display:none !important; visibility:hidden !important;\"><label for=\"e-mail\" class=\"hp-message\">Please leave this field empty.<\/label><input id=\"e-mail\"  placeholder=\"E-Mail\"  class=\"wpcf7-form-control wpcf7-text e-mail\" type=\"text\" name=\"e-mail\" value=\"\" size=\"40\" tabindex=\"-1\" autocomplete=\"new-password\" \/><\/span>\n\n<span class=\"wpcf7-form-control-wrap\" data-name=\"dsgvo\"><span class=\"wpcf7-form-control wpcf7-acceptance\"><span class=\"wpcf7-list-item\"><label><input type=\"checkbox\" name=\"dsgvo\" value=\"1\" class=\"dsgvo_checkbox\" aria-invalid=\"false\" \/><span class=\"wpcf7-list-item-label\">Ja, ich habe die <a class=\"cOrange\" href=\"\/datenschutzerklaerung\" target=\"_blank\">Datenschutzerkl\u00e4rung<\/a> gelesen und akzeptiere diese.<\/span><\/label><\/span><\/span><\/span>\n\n<div class=\"submit_wrapper\">\n    <input class=\"wpcf7-form-control wpcf7-submit has-spinner\" type=\"submit\" value=\"Senden\" \/>\n<\/div><div class=\"wpcf7-response-output\" aria-hidden=\"true\"><\/div>\n<\/form>\n<\/div>\n                <\/div>\n                <div class=\"col-12 col-lg-6 ps-lg-5\">\n                    <div id=\"antragsstellung\">\n                                                <h2 class=\"secInd mb-3\">\n                            Unsere Hilfe bei der Antragstellung                        <\/h2>\n                        <div class=\"h-3xl cOrange mb-5\">\n                            Wie wir helfen                        <\/div>\n                        <div class=\"application_content\">\n                            <p>Wir beraten Sie in allen Belangen \u2013 sowohl w\u00e4hrend der Begleitung als auch auf Ihrem Weg davor: bei der Beantragung einer Assistenzleistung.<\/p>\n<ul>\n<li>Ihr Kind oder ein Angeh\u00f6riger ben\u00f6tigt Unterst\u00fctzung im Alltag, z. B. in Form einer Assistenzleistung?<\/li>\n<li>Oder: Ihnen wurde eine solche Leistung von der Schule empfohlen?<\/li>\n<\/ul>\n<p>Dann ist der n\u00e4chste Schritt die Antragstellung. Hier f\u00fchrt der Weg entweder \u00fcber das zust\u00e4ndige Sozial- bzw. Jugendamt oder \u00fcber andere Kostentr\u00e4ger.<\/p>\n<p>Die Zust\u00e4ndigkeiten sind abh\u00e4ngig vom Alter der zu betreuenden Person sowie vom jeweiligen Bedarf und Umfang der Betreuung.<\/p>\n<p>Auf Wunsch begleiten wir Sie auf Ihrem Weg zur Assistenzleistung und bei der Antragstellung.<\/p>\n<p>Sie haben Fragen und ben\u00f6tigen Hilfe? Kein Problem! Wir beraten Sie gerne zu den Themen Finanzierung und Antragstellung. Vereinbaren Sie hierf\u00fcr einfach ein unverbindliches und kostenfreies Gespr\u00e4ch.<\/p>\n                        <\/div>\n                    <\/div>\n                <\/div>\n            <\/div>\n            <\/div>\n<\/div>\n\n<script>\n    jQuery(function($) {\n        const form = $('#kontakt form');\n        const recipientInput = form.find('input[name=\"contact-recipient\"]');\n\n        \/\/ Set the recipient input value based on the clicked contact item, the recipient input is hidden\n        $('.contact_cta a').on('click', function(e) {\n            const $contactItem = $(this).closest('.contact_item');\n            const mailHref = $contactItem.find('.contact_mail').attr('href');\n\n            if (mailHref) {\n                const email = mailHref.replace(\/^mailto:\/, '');\n                recipientInput.val(email);\n\n                \/\/ Also activate the corresponding .contact_location__ui button by location\n                const locationAnchor = $contactItem.attr('id');\n                const $matchingButton = $('#kontakt .contact_location__ui button').filter(function() {\n                    return $(this).data('location') === locationAnchor;\n                });\n\n                if ($matchingButton.length) {\n                    $('#kontakt .contact_location__ui button').removeClass('active');\n                    $matchingButton.addClass('active');\n                }\n            }\n        });\n\n        \/\/ Handle button clicks to set the recipient input value and active state\n        $('#kontakt .contact_location__ui button').on('click', function() {\n            const location = $(this).data('location');\n            const mail = $(this).data('mail');\n\n            if (mail) {\n                recipientInput.val(mail);\n            }\n\n            \/\/ Set active state\n            $('#kontakt .contact_location__ui button').removeClass('active');\n            $(this).addClass('active');\n\n            form.fadeOut(150, function() {\n                form.fadeIn(150);\n            });\n        });\n\n        \/\/ Check URL for \"loc\" parameter and set active location\/recipient\n        const urlParams = new URLSearchParams(window.location.search);\n        const locParam = urlParams.get('loc');\n        if (locParam) {\n            \/\/ Find the button with matching data-location\n            const $button = $('#kontakt .contact_location__ui button').filter(function() {\n                return $(this).data('location') === locParam;\n            });\n            if ($button.length) {\n                $('#kontakt .contact_location__ui button').removeClass('active');\n                $button.addClass('active');\n                \/\/ Set recipient input value\n                const mail = $button.data('mail');\n                if (mail) {\n                    recipientInput.val(mail);\n                    console.log(`Recipient set to: ${mail}`);\n                }\n                \/\/ Optionally scroll to form\n                if ($('#kontakt').length) {\n                    $('html, body').animate({\n                        scrollTop: $('#kontakt').offset().top - 100\n                    }, 400);\n                }\n            }\n        }\n    });\n<\/script>","protected":false},"excerpt":{"rendered":"","protected":false},"author":1,"featured_media":0,"parent":0,"menu_order":0,"comment_status":"closed","ping_status":"closed","template":"","meta":{"inline_featured_image":false,"footnotes":""},"class_list":["post-528","page","type-page","status-publish","hentry"],"yoast_head":"<!-- This site is optimized with the Yoast SEO plugin v27.4 - https:\/\/yoast.com\/product\/yoast-seo-wordpress\/ -->\n<title>Team Soziale Hilfen - Unsere Standorte<\/title>\n<meta name=\"robots\" content=\"index, follow, max-snippet:-1, max-image-preview:large, max-video-preview:-1\" \/>\n<link rel=\"canonical\" href=\"https:\/\/teamsozialehilfen.de\/de_simple\/kontakt\/\" \/>\n<meta property=\"og:locale\" content=\"de_DE\" \/>\n<meta property=\"og:type\" content=\"article\" \/>\n<meta property=\"og:title\" content=\"Team Soziale Hilfen - Unsere Standorte\" \/>\n<meta property=\"og:url\" content=\"https:\/\/teamsozialehilfen.de\/de_simple\/kontakt\/\" \/>\n<meta property=\"og:site_name\" content=\"Team Soziale Hilfen\" \/>\n<meta property=\"article:modified_time\" content=\"2025-12-08T10:21:25+00:00\" \/>\n<meta property=\"og:image\" content=\"https:\/\/teamsozialehilfen.de\/wp-content\/uploads\/TSH-Sharepic-Facebook.webp\" \/>\n\t<meta property=\"og:image:width\" content=\"1200\" \/>\n\t<meta property=\"og:image:height\" content=\"630\" \/>\n\t<meta property=\"og:image:type\" content=\"image\/webp\" \/>\n<meta name=\"twitter:card\" content=\"summary_large_image\" \/>\n<meta name=\"twitter:label1\" content=\"Est. reading time\" \/>\n\t<meta name=\"twitter:data1\" content=\"1 minute\" \/>\n<script type=\"application\/ld+json\" class=\"yoast-schema-graph\">{\"@context\":\"https:\\\/\\\/schema.org\",\"@graph\":[{\"@type\":\"WebPage\",\"@id\":\"https:\\\/\\\/teamsozialehilfen.de\\\/kontakt\\\/\",\"url\":\"https:\\\/\\\/teamsozialehilfen.de\\\/kontakt\\\/\",\"name\":\"Team Soziale Hilfen - Unsere Standorte\",\"isPartOf\":{\"@id\":\"https:\\\/\\\/teamsozialehilfen.de\\\/#website\"},\"datePublished\":\"2025-06-05T10:08:40+00:00\",\"dateModified\":\"2025-12-08T10:21:25+00:00\",\"breadcrumb\":{\"@id\":\"https:\\\/\\\/teamsozialehilfen.de\\\/kontakt\\\/#breadcrumb\"},\"inLanguage\":\"de-simple\",\"potentialAction\":[{\"@type\":\"ReadAction\",\"target\":[\"https:\\\/\\\/teamsozialehilfen.de\\\/kontakt\\\/\"]}]},{\"@type\":\"BreadcrumbList\",\"@id\":\"https:\\\/\\\/teamsozialehilfen.de\\\/kontakt\\\/#breadcrumb\",\"itemListElement\":[{\"@type\":\"ListItem\",\"position\":1,\"name\":\"Startseite\",\"item\":\"https:\\\/\\\/teamsozialehilfen.de\\\/\"},{\"@type\":\"ListItem\",\"position\":2,\"name\":\"Unsere Standorte\"}]},{\"@type\":\"WebSite\",\"@id\":\"https:\\\/\\\/teamsozialehilfen.de\\\/#website\",\"url\":\"https:\\\/\\\/teamsozialehilfen.de\\\/\",\"name\":\"Team Soziale Hilfen\",\"description\":\"\",\"publisher\":{\"@id\":\"https:\\\/\\\/teamsozialehilfen.de\\\/#organization\"},\"alternateName\":\"Team Soziale Hilfen\",\"potentialAction\":[{\"@type\":\"SearchAction\",\"target\":{\"@type\":\"EntryPoint\",\"urlTemplate\":\"https:\\\/\\\/teamsozialehilfen.de\\\/?s={search_term_string}\"},\"query-input\":{\"@type\":\"PropertyValueSpecification\",\"valueRequired\":true,\"valueName\":\"search_term_string\"}}],\"inLanguage\":\"de-simple\"},{\"@type\":\"Organization\",\"@id\":\"https:\\\/\\\/teamsozialehilfen.de\\\/#organization\",\"name\":\"Team Soziale Hilfen GmbH\",\"url\":\"https:\\\/\\\/teamsozialehilfen.de\\\/\",\"logo\":{\"@type\":\"ImageObject\",\"inLanguage\":\"de-simple\",\"@id\":\"https:\\\/\\\/teamsozialehilfen.de\\\/#\\\/schema\\\/logo\\\/image\\\/\",\"url\":\"https:\\\/\\\/teamsozialehilfen.de\\\/wp-content\\\/uploads\\\/TSH-Sharepic-Facebook.webp\",\"contentUrl\":\"https:\\\/\\\/teamsozialehilfen.de\\\/wp-content\\\/uploads\\\/TSH-Sharepic-Facebook.webp\",\"width\":1200,\"height\":630,\"caption\":\"Team Soziale Hilfen GmbH\"},\"image\":{\"@id\":\"https:\\\/\\\/teamsozialehilfen.de\\\/#\\\/schema\\\/logo\\\/image\\\/\"}}]}<\/script>\n<!-- \/ Yoast SEO plugin. -->","yoast_head_json":{"title":"Team Soziale Hilfen - Unsere Standorte","robots":{"index":"index","follow":"follow","max-snippet":"max-snippet:-1","max-image-preview":"max-image-preview:large","max-video-preview":"max-video-preview:-1"},"canonical":"https:\/\/teamsozialehilfen.de\/de_simple\/kontakt\/","og_locale":"de_DE","og_type":"article","og_title":"Team Soziale Hilfen - Unsere Standorte","og_url":"https:\/\/teamsozialehilfen.de\/de_simple\/kontakt\/","og_site_name":"Team Soziale Hilfen","article_modified_time":"2025-12-08T10:21:25+00:00","og_image":[{"width":1200,"height":630,"url":"https:\/\/teamsozialehilfen.de\/wp-content\/uploads\/TSH-Sharepic-Facebook.webp","type":"image\/webp"}],"twitter_card":"summary_large_image","twitter_misc":{"Est. reading time":"1 minute"},"schema":{"@context":"https:\/\/schema.org","@graph":[{"@type":"WebPage","@id":"https:\/\/teamsozialehilfen.de\/kontakt\/","url":"https:\/\/teamsozialehilfen.de\/kontakt\/","name":"Team Soziale Hilfen - Unsere Standorte","isPartOf":{"@id":"https:\/\/teamsozialehilfen.de\/#website"},"datePublished":"2025-06-05T10:08:40+00:00","dateModified":"2025-12-08T10:21:25+00:00","breadcrumb":{"@id":"https:\/\/teamsozialehilfen.de\/kontakt\/#breadcrumb"},"inLanguage":"de-simple","potentialAction":[{"@type":"ReadAction","target":["https:\/\/teamsozialehilfen.de\/kontakt\/"]}]},{"@type":"BreadcrumbList","@id":"https:\/\/teamsozialehilfen.de\/kontakt\/#breadcrumb","itemListElement":[{"@type":"ListItem","position":1,"name":"Startseite","item":"https:\/\/teamsozialehilfen.de\/"},{"@type":"ListItem","position":2,"name":"Unsere Standorte"}]},{"@type":"WebSite","@id":"https:\/\/teamsozialehilfen.de\/#website","url":"https:\/\/teamsozialehilfen.de\/","name":"Team Soziale Hilfen","description":"","publisher":{"@id":"https:\/\/teamsozialehilfen.de\/#organization"},"alternateName":"Team Soziale Hilfen","potentialAction":[{"@type":"SearchAction","target":{"@type":"EntryPoint","urlTemplate":"https:\/\/teamsozialehilfen.de\/?s={search_term_string}"},"query-input":{"@type":"PropertyValueSpecification","valueRequired":true,"valueName":"search_term_string"}}],"inLanguage":"de-simple"},{"@type":"Organization","@id":"https:\/\/teamsozialehilfen.de\/#organization","name":"Team Soziale Hilfen GmbH","url":"https:\/\/teamsozialehilfen.de\/","logo":{"@type":"ImageObject","inLanguage":"de-simple","@id":"https:\/\/teamsozialehilfen.de\/#\/schema\/logo\/image\/","url":"https:\/\/teamsozialehilfen.de\/wp-content\/uploads\/TSH-Sharepic-Facebook.webp","contentUrl":"https:\/\/teamsozialehilfen.de\/wp-content\/uploads\/TSH-Sharepic-Facebook.webp","width":1200,"height":630,"caption":"Team Soziale Hilfen GmbH"},"image":{"@id":"https:\/\/teamsozialehilfen.de\/#\/schema\/logo\/image\/"}}]}},"acf":[],"_links":{"self":[{"href":"https:\/\/teamsozialehilfen.de\/de_simple\/wp-json\/wp\/v2\/pages\/528","targetHints":{"allow":["GET"]}}],"collection":[{"href":"https:\/\/teamsozialehilfen.de\/de_simple\/wp-json\/wp\/v2\/pages"}],"about":[{"href":"https:\/\/teamsozialehilfen.de\/de_simple\/wp-json\/wp\/v2\/types\/page"}],"author":[{"embeddable":true,"href":"https:\/\/teamsozialehilfen.de\/de_simple\/wp-json\/wp\/v2\/users\/1"}],"replies":[{"embeddable":true,"href":"https:\/\/teamsozialehilfen.de\/de_simple\/wp-json\/wp\/v2\/comments?post=528"}],"version-history":[{"count":72,"href":"https:\/\/teamsozialehilfen.de\/de_simple\/wp-json\/wp\/v2\/pages\/528\/revisions"}],"predecessor-version":[{"id":1186,"href":"https:\/\/teamsozialehilfen.de\/de_simple\/wp-json\/wp\/v2\/pages\/528\/revisions\/1186"}],"wp:attachment":[{"href":"https:\/\/teamsozialehilfen.de\/de_simple\/wp-json\/wp\/v2\/media?parent=528"}],"curies":[{"name":"wp","href":"https:\/\/api.w.org\/{rel}","templated":true}]}}