{"id":856,"date":"2025-06-17T16:22:50","date_gmt":"2025-06-17T14:22:50","guid":{"rendered":"https:\/\/tsh.devbs.de\/?page_id=856"},"modified":"2025-07-10T15:57:29","modified_gmt":"2025-07-10T13:57:29","slug":"faq","status":"publish","type":"page","link":"https:\/\/teamsozialehilfen.de\/de_simple\/faq\/","title":{"rendered":"FAQ"},"content":{"rendered":"<style>\n    .hero_child__spacer {\n        padding-inline: 0.75rem;\n    }\n\n    .hero_child {\n        height: 100vh;\n        max-height: 700px;\n        overflow: hidden;\n        position: relative;\n        isolation: isolate;\n        border-radius: var(--b-radius-xl);\n        transition: 0.3s max-height ease;\n    }\n\n    .hero_child.small {\n        max-height: 350px;\n    }\n\n    .hero_child__wrapper {\n        position: relative;\n        isolation: isolate;\n    }\n\n    .hero_child :is(.container-xl, .row, .col-12, .hero_decoration__wrapper) {\n        height: 100%;\n    }\n\n    .hero_child .hero_decoration__wrapper {\n        isolation: isolate;\n        width: fit-content;\n    }\n\n    .hero_child .hero_decoration {\n        position: absolute;\n        top: -50%;\n        right: -10%;\n        z-index: -1;\n        transform: scale(1.25);\n        transition: 0.3s all ease;\n        opacity: 0.75;\n    }\n\n    \/* .hero_child .claim, *\/\n\n    .hero_child .subclaim {\n        max-width: min(75vw, 600px);\n        hyphens: auto;\n    }\n\n    .hero_child .hero_background {\n        position: absolute;\n        inset: 0;\n        width: 100%;\n        height: 100%;\n        z-index: -1;\n    }\n\n    .hero_child .hero_background img {\n        position: absolute;\n        inset: 0;\n        width: 100%;\n        height: 100%;\n        object-fit: cover;\n        object-position: right;\n    }\n\n    .hero_child .hero_child__padding_bottom {\n        padding-bottom: 3rem;\n    }\n\n    .hero_child.small .hero_child__padding_bottom {\n        padding-bottom: 0rem;\n    }\n\n    .hero_child.small .hero_decoration__wrapper {\n        justify-content: center !important;\n    }\n\n    .hero_child.small .hero_decoration {\n        top: -150%;\n    }\n\n    .hero_child.small .hero_background img {\n        object-position: top right;\n    }\n\n    .hero_child.small h1 {\n        margin-block: 0rem;\n    }\n\n    @media (min-width: 2000px) {\n        .hero_child {\n            max-height: 1080px;\n        }\n    }\n\n    @media (max-width: 1512px) {\n        .hero_child .subclaim {\n            max-width: min(75vw, 500px);\n        }\n    }\n\n    @media (max-width: 768px) {\n\n        .hero_child .subclaim {\n            max-width: min(75vw, 300px);\n        }\n\n        .hero_child .hero_background img {\n            object-position: 76%;\n        }\n    }\n<\/style>\n\n<div class=\"hero_child__spacer\">\n    <div id=\"block_ef709e05e32ca5008cd834819c6e4cb8\" class=\"container-fluid hero_child blockWrapper mb-5 small\">\n        <div class=\"hero_background\" aria-hidden=\"true\" role=\"presentation\">\n            <img decoding=\"async\" src=\"https:\/\/teamsozialehilfen.de\/wp-content\/uploads\/tsh-slider-heart-background-1.webp\" alt=\"\">\n        <\/div>\n        <div class=\"hero_child__wrapper container-xl hero_child__padding_bottom px-lg-5\">\n            <div class=\"row hero_child__padding_bottom\">\n                <div class=\"col-12 hero_child__padding_bottom\">\n                    <div class=\"hero_decoration__wrapper position-relative d-flex flex-column justify-content-end\">\n                        <div class=\"hero_decoration\" aria-hidden=\"true\" role=\"presentation\">\n                            <svg xmlns=\"http:\/\/www.w3.org\/2000\/svg\" xmlns:xlink=\"http:\/\/www.w3.org\/1999\/xlink\" width=\"2289.595\" height=\"1584.809\" viewbox=\"0 0 2289.595 1584.809\">\n                                <defs>\n                                    <lineargradient id=\"linear-gradient\" x1=\"0.967\" y1=\"0.114\" x2=\"0.281\" y2=\"0.657\" gradientunits=\"objectBoundingBox\">\n                                        <stop offset=\"0\" stop-color=\"#ffb4ed\" \/>\n                                        <stop offset=\"1\" stop-color=\"#ffa041\" \/>\n                                    <\/lineargradient>\n                                <\/defs>\n                                <path id=\"Pfad_507\" data-name=\"Pfad 507\" d=\"M1116.383,141.157s261.238,17.162,350.461,125.5c190.031,230.723,15.057,630.195-115.029,853.468-134.468,230.8-517.474,605.842-517.474,605.842H-739.012V141.157\" transform=\"translate(739.012 -141.157)\" opacity=\"0.899\" fill=\"url(#linear-gradient)\" \/>\n                            <\/svg>\n\n                        <\/div>\n                        <h1 class=\"claim h-4xl cLight\">Integrationshilfe \u2013 FAQ<\/h1>\n                        <p class=\"subclaim cLight\"><\/p>\n                                            <\/div>\n                <\/div>\n            <\/div>\n        <\/div>\n    <\/div>\n<\/div>\n\n\n<div class=\"wp-block-group iAos data-aos_fade-in is-vertical is-content-justification-center is-nowrap is-layout-flex wp-container-core-group-is-layout-1f991c2f wp-block-group-is-layout-flex\" style=\"padding-top:2rem;padding-right:0rem;padding-bottom:2rem;padding-left:0rem\"><div class=\"wp-bootstrap-blocks-container container-fluid mb-0\">\n\t\n<div class=\"wp-bootstrap-blocks-container container-xl mb-0 px-lg-5\">\n\t\n<div class=\"wp-bootstrap-blocks-row row\">\n\t\n\n<div class=\"col-12 pb-5 fCenter flex-column text-center\">\n\t\t\t\n\n<p class=\"has-text-align-center is-style-secInd\">FAQ<\/p>\n\n\n\n<h2 class=\"wp-block-heading has-text-align-center is-style-h-4xl\">Unsere Antworten <br>auf Ihre Fragen.<\/h2>\n\n\n\n<p class=\"has-text-align-center mw-md\">Hier finden Sie h\u00e4ufig gestellte Fragen zur Integrationshilfe. Wenn Sie mehr wissen m\u00f6chten, stehen wir Ihnen gerne in einem unverbindlichen Beratungsgespr\u00e4ch zur Verf\u00fcgung. Wir helfen Ihnen gerne weiter!<\/p>\n\n\t<\/div>\n\n\n\n<div class=\"col-12 pb-5\">\n\t\t\t\n\n<style>\n    .bs_default_accordion {\n        --bs_default__title_color_closed: #ffa041;\n        --bs_default__title_color_open: #ffffff;\n        --bs_default__title_background_color_closed: #ffffff;\n        --bs_default__title_background_color_open: #ffa041;\n        --bs_default__index_color_closed: #808080;\n        --bs_default__index_color_open: #E5E4E2;\n        --bs_default__indicator_orientation_closed: 0deg;\n        --bs_default__indicator_orientation_open: 90deg;\n        --bs_default__title_text_transform: initial;\n        --bs_default__title_border_radius: 45px 45px 45px 45px;\n        --bs_default__indicator_color_closed: #ffa041;\n        --bs_default__indicator_color_open: #ffffff;\n        --bs_default__indicator_background_color_closed: #ffffff;\n        --bs_default__indicator_background_color_open: #ffa041;\n        --bs_default__content_color: #ffffff;\n        --bs_default__content_background_color: linear-gradient(to bottom, #ffa041, #ffb2db);\n        --bs_default__content_margin_top: rem;\n        --bs_default__content_border_radius: 45px 45px 45px 45px;\n        --bs_default__accordion_padding_inline: 1.5rem;\n        --bs_default__accordion_column_gap: 5rem;\n    }\n\n    \/* Accordion item ------------------ *\/\n    .bs_default_accordion .accordion-item {\n        border: none;\n        margin-bottom: 1rem;\n    }\n\n    \/* Button ------------------ *\/\n    .bs_default_accordion .accordion-button {\n        padding: 0;\n        padding-inline: var(--bs_default__accordion_padding_inline);\n        transition: .3s all ease;\n        background-color: var(--bs_default__title_background_color_closed);\n        align-items: stretch;\n        border-radius: var(--bs_default__title_border_radius) !important;\n        overflow: hidden;\n        box-shadow: 0px 0px 25px 0px rgba(255, 180, 237, 0.35);-webkit-box-shadow: 0px 0px 25px 0px rgba(255, 180, 237, 0.35);-moz-box-shadow: 0px 0px 25px 0px rgba(255, 180, 237, 0.35);    }\n\n    .bs_default_accordion .accordion-button:not(.collapsed) {\n        background-color: var(--bs_default__title_background_color_open);\n        border-bottom-left-radius: 0px !important; border-bottom-right-radius: 0px !important;box-shadow: none;    }\n\n    @media (max-width: 768px) {\n        .bs_default_accordion .accordion-button {\n            padding-inline: 0.5rem;\n        }\n    }\n\n    \/* Title ------------------ *\/\n    .bs_default_accordion .accordion__title {\n        padding: 1rem;\n        color: var(--bs_default__title_color_closed);\n        text-transform: var(--bs_default__title_text_transform);\n        display: flex;\n        justify-content: center;\n        align-items: center;\n    }\n\n    .bs_default_accordion .accordion-button:not(.collapsed) .accordion__title {\n        color: var(--bs_default__title_color_open);\n    }\n\n    \/* Content ------------------ *\/\n    .bs_default_accordion .accordion-body {\n        padding: 1rem;\n        padding-inline: calc(var(--bs_default__accordion_padding_inline) + 1rem);\n        border-radius: var(--bs_default__content_border_radius) !important;\n        color: var(--bs_default__content_color);\n        background: var(--bs_default__content_background_color);\n        margin-top: var(--bs_default__content_margin_top);\n        column-gap: var(--bs_default__accordion_column_gap);\n        border-top-left-radius: 0px !important; border-top-right-radius: 0px !important;    }\n\n    @media (max-width: 768px) {\n        .bs_default_accordion .accordion-body {\n            column-count: 1 !important;\n        }\n    }\n\n    @media (max-width: 768px) {\n        .bs_default_accordion .accordion-body {\n            padding-inline: 1.5rem;\n        }\n    }\n\n    \/* Index ------------------ *\/\n    .bs_default_accordion .accordion__index {\n        flex: 0 0 3rem;\n        transition: .3s all ease;\n        color: var(--bs_default__index_color_open);\n        background-color: var(--bs_default__index_color_closed);\n        display: flex;\n        justify-content: center;\n        align-items: center;\n    }\n\n    .bs_default_accordion .accordion-button:not(.collapsed) .accordion__index {\n        color: var(--bs_default__index_color_closed);\n        background-color: var(--bs_default__index_color_open);\n    }\n\n    \/* Indicator ------------------ *\/\n    .bs_default_accordion .accordion-button::after {\n        display: none;\n        \/* Turns off bootstrap indicator *\/\n    }\n\n    .bs_default_accordion .accordion__indicator {\n        flex: 0 0 3rem;\n        padding: 1rem;\n        margin-left: auto;\n        display: flex;\n        justify-content: center;\n        align-items: center;\n        transition: .3s all ease;\n        background-color: var(--bs_default__indicator_background_color_closed);\n    }\n\n    .bs_default_accordion .accordion-button:not(.collapsed) .accordion__indicator {\n        background-color: var(--bs_default__indicator_background_color_open);\n        border-bottom-left-radius: 0px !important; border-bottom-right-radius: 0px !important;    }\n\n    .bs_default_accordion .accordion__indicator :is(img, svg) {\n        width: 1rem;\n        height: auto;\n        transition: .3s all ease;\n        transform: rotate(var(--bs_default__indicator_orientation_closed));\n    }\n\n    .bs_default_accordion .accordion-button:not(.collapsed) .accordion__indicator :is(img, svg) {\n        transform: rotate(var(--bs_default__indicator_orientation_open));\n    }\n\n    .bs_default_accordion .accordion__indicator svg path {\n        stroke: var(--bs_default__indicator_color_closed);\n    }\n\n    .bs_default_accordion .accordion-button:not(.collapsed) .accordion__indicator svg path {\n        stroke: var(--bs_default__indicator_color_open);\n    }\n<\/style>\n\n    <div class=\"accordion accordion-flush bs_default_accordion\" id=\"accordion__block_d629c36bfb69ca5cd7d40f7f2de4be7f\">\n                    <div class=\"accordion-item\">\n                <h2 class=\"accordion-header\" id=\"accordion_heading_01__wonach-richtet-sich\">\n                    <button class=\"accordion-button\" type=\"button\" data-bs-toggle=\"collapse\" data-bs-target=\"#accordion_body_01__wonach-richtet-sich\" aria-expanded=\"true\" aria-controls=\"accordion_body_01__wonach-richtet-sich\">\n                                                <div class=\"accordion__title f-lg\">\n                            Wonach richtet sich die einzelne Leistung unserer Integrationshilfe?                        <\/div>\n                        <div class=\"accordion__indicator\">\n                            <?xml version=\"1.0\" encoding=\"UTF-8\"?>\n<svg xmlns=\"http:\/\/www.w3.org\/2000\/svg\" id=\"Layer_2\" data-name=\"Layer 2\" width=\"30\" height=\"24\" viewbox=\"0 0 30 24\">\n  <g id=\"arrow-forward\">\n    <rect id=\"Rechteck_1515\" data-name=\"Rechteck 1515\" width=\"24\" height=\"24\" transform=\"translate(6 24) rotate(-90)\" opacity=\"0\"><\/rect>\n    <path id=\"Pfad_451\" data-name=\"Pfad 451\" d=\"M-5,13H16.86l-3.63,4.36a1,1,0,0,0,1.54,1.28l5-6a1.19,1.19,0,0,0,.09-.15c0-.05.05-.08.07-.13a.961.961,0,0,0,0-.72c0-.05-.05-.08-.07-.13a1.19,1.19,0,0,0-.09-.15l-5-6a1,1,0,1,0-1.54,1.28L16.86,11H-5a1,1,0,0,0-1,1A1,1,0,0,0-5,13Z\" transform=\"translate(6)\" fill=\"#fff\"><\/path>\n  <\/g>\n<\/svg>\n                        <\/div>\n                    <\/button>\n                <\/h2>\n                <div id=\"accordion_body_01__wonach-richtet-sich\" class=\"accordion-collapse collapse show\" aria-labelledby=\"accordion_heading_01__wonach-richtet-sich\" data-bs-parent=\"#accordion__block_d629c36bfb69ca5cd7d40f7f2de4be7f\">\n                    <div class=\"accordion-body\" style=\"column-count: 1;\">\n                        <p>Unsere Hilfe richtet sich nach Ihren individuellen Bed\u00fcrfnissen. Wir passen die Betreuung an, je nachdem, was Sie, Ihre Kinder oder Angeh\u00f6rigen brauchen. Dabei ber\u00fccksichtigen wir auch die Vorgaben des zust\u00e4ndigen Amtes, der Institutionen oder Einrichtungen.<\/p>\n                    <\/div>\n                <\/div>\n            <\/div>\n                                <div class=\"accordion-item\">\n                <h2 class=\"accordion-header\" id=\"accordion_heading_02__wer-fuehrt-die-integ\">\n                    <button class=\"accordion-button collapsed\" type=\"button\" data-bs-toggle=\"collapse\" data-bs-target=\"#accordion_body_02__wer-fuehrt-die-integ\" aria-expanded=\"false\" aria-controls=\"accordion_body_02__wer-fuehrt-die-integ\">\n                                                <div class=\"accordion__title f-lg\">\n                            Wer f\u00fchrt die Integrationshilfe durch?                        <\/div>\n                        <div class=\"accordion__indicator\">\n                            <?xml version=\"1.0\" encoding=\"UTF-8\"?>\n<svg xmlns=\"http:\/\/www.w3.org\/2000\/svg\" id=\"Layer_2\" data-name=\"Layer 2\" width=\"30\" height=\"24\" viewbox=\"0 0 30 24\">\n  <g id=\"arrow-forward\">\n    <rect id=\"Rechteck_1515\" data-name=\"Rechteck 1515\" width=\"24\" height=\"24\" transform=\"translate(6 24) rotate(-90)\" opacity=\"0\"><\/rect>\n    <path id=\"Pfad_451\" data-name=\"Pfad 451\" d=\"M-5,13H16.86l-3.63,4.36a1,1,0,0,0,1.54,1.28l5-6a1.19,1.19,0,0,0,.09-.15c0-.05.05-.08.07-.13a.961.961,0,0,0,0-.72c0-.05-.05-.08-.07-.13a1.19,1.19,0,0,0-.09-.15l-5-6a1,1,0,1,0-1.54,1.28L16.86,11H-5a1,1,0,0,0-1,1A1,1,0,0,0-5,13Z\" transform=\"translate(6)\" fill=\"#fff\"><\/path>\n  <\/g>\n<\/svg>\n                        <\/div>\n                    <\/button>\n                <\/h2>\n                <div id=\"accordion_body_02__wer-fuehrt-die-integ\" class=\"accordion-collapse collapse\" aria-labelledby=\"accordion_heading_02__wer-fuehrt-die-integ\" data-bs-parent=\"#accordion__block_d629c36bfb69ca5cd7d40f7f2de4be7f\">\n                    <div class=\"accordion-body\" style=\"column-count: 1;\">\n                        <p>Je nach Bewilligung des Amtes setzen wir erfahrene Fachkr\u00e4fte wie Erzieher, Therapeuten, Heilp\u00e4dagogen oder Sozialp\u00e4dagogen f\u00fcr die Integrationshilfe ein.<\/p>\n                    <\/div>\n                <\/div>\n            <\/div>\n                                <div class=\"accordion-item\">\n                <h2 class=\"accordion-header\" id=\"accordion_heading_03__wie-wird-die-integra\">\n                    <button class=\"accordion-button collapsed\" type=\"button\" data-bs-toggle=\"collapse\" data-bs-target=\"#accordion_body_03__wie-wird-die-integra\" aria-expanded=\"false\" aria-controls=\"accordion_body_03__wie-wird-die-integra\">\n                                                <div class=\"accordion__title f-lg\">\n                            Wie wird die Integrationshilfe finanziert?                        <\/div>\n                        <div class=\"accordion__indicator\">\n                            <?xml version=\"1.0\" encoding=\"UTF-8\"?>\n<svg xmlns=\"http:\/\/www.w3.org\/2000\/svg\" id=\"Layer_2\" data-name=\"Layer 2\" width=\"30\" height=\"24\" viewbox=\"0 0 30 24\">\n  <g id=\"arrow-forward\">\n    <rect id=\"Rechteck_1515\" data-name=\"Rechteck 1515\" width=\"24\" height=\"24\" transform=\"translate(6 24) rotate(-90)\" opacity=\"0\"><\/rect>\n    <path id=\"Pfad_451\" data-name=\"Pfad 451\" d=\"M-5,13H16.86l-3.63,4.36a1,1,0,0,0,1.54,1.28l5-6a1.19,1.19,0,0,0,.09-.15c0-.05.05-.08.07-.13a.961.961,0,0,0,0-.72c0-.05-.05-.08-.07-.13a1.19,1.19,0,0,0-.09-.15l-5-6a1,1,0,1,0-1.54,1.28L16.86,11H-5a1,1,0,0,0-1,1A1,1,0,0,0-5,13Z\" transform=\"translate(6)\" fill=\"#fff\"><\/path>\n  <\/g>\n<\/svg>\n                        <\/div>\n                    <\/button>\n                <\/h2>\n                <div id=\"accordion_body_03__wie-wird-die-integra\" class=\"accordion-collapse collapse\" aria-labelledby=\"accordion_heading_03__wie-wird-die-integra\" data-bs-parent=\"#accordion__block_d629c36bfb69ca5cd7d40f7f2de4be7f\">\n                    <div class=\"accordion-body\" style=\"column-count: 1;\">\n                        <p><strong>Integrationshilfe f\u00fcr Kinder und Jugendliche<\/strong><\/p>\n<p>Eltern oder Angeh\u00f6rige haben laut Sozialgesetzbuch das Recht auf Integrationshilfe (\u00a7\u00a7112, 113 SGB IX sowie \u00a735a SGB VIII bei zust\u00e4ndigem Jugend- bzw. Sozialamt). Die Antragstellung und Finanzierung erfolgt \u00fcber das Sozialamt oder Jugendamt. In der Regel wird die Hilfe unabh\u00e4ngig vom Einkommen voll \u00fcbernommen, basierend auf der Beurteilung eines Arztes.<\/p>\n<p>Der Umfang und die Leistung der Integrationshilfe wird je nach Beurteilung eines Arztes in der Regel in vollem Umfang sowie unabh\u00e4ngig vom Einkommen vom Sozial- bzw. Jugendamt \u00fcbernommen.<\/p>\n<p><strong>Erwachsene und Senioren<\/strong><\/p>\n<p>F\u00fcr Erwachsene und Senioren wird die Assistenzhilfe je nach Einzelfall von verschiedenen Kostentr\u00e4gern \u00fcbernommen.<\/p>\n<p>Wir beraten und unterst\u00fctzen Familienmitglieder w\u00e4hrend der Antragstellung und bei der Finanzierungskl\u00e4rung.<\/p>\n                    <\/div>\n                <\/div>\n            <\/div>\n                                <div class=\"accordion-item\">\n                <h2 class=\"accordion-header\" id=\"accordion_heading_04__wie-geht-es-weiter\">\n                    <button class=\"accordion-button collapsed\" type=\"button\" data-bs-toggle=\"collapse\" data-bs-target=\"#accordion_body_04__wie-geht-es-weiter\" aria-expanded=\"false\" aria-controls=\"accordion_body_04__wie-geht-es-weiter\">\n                                                <div class=\"accordion__title f-lg\">\n                            Wie geht es weiter, wenn Sie sich f\u00fcr eine unserer Leistungen entscheiden?                        <\/div>\n                        <div class=\"accordion__indicator\">\n                            <?xml version=\"1.0\" encoding=\"UTF-8\"?>\n<svg xmlns=\"http:\/\/www.w3.org\/2000\/svg\" id=\"Layer_2\" data-name=\"Layer 2\" width=\"30\" height=\"24\" viewbox=\"0 0 30 24\">\n  <g id=\"arrow-forward\">\n    <rect id=\"Rechteck_1515\" data-name=\"Rechteck 1515\" width=\"24\" height=\"24\" transform=\"translate(6 24) rotate(-90)\" opacity=\"0\"><\/rect>\n    <path id=\"Pfad_451\" data-name=\"Pfad 451\" d=\"M-5,13H16.86l-3.63,4.36a1,1,0,0,0,1.54,1.28l5-6a1.19,1.19,0,0,0,.09-.15c0-.05.05-.08.07-.13a.961.961,0,0,0,0-.72c0-.05-.05-.08-.07-.13a1.19,1.19,0,0,0-.09-.15l-5-6a1,1,0,1,0-1.54,1.28L16.86,11H-5a1,1,0,0,0-1,1A1,1,0,0,0-5,13Z\" transform=\"translate(6)\" fill=\"#fff\"><\/path>\n  <\/g>\n<\/svg>\n                        <\/div>\n                    <\/button>\n                <\/h2>\n                <div id=\"accordion_body_04__wie-geht-es-weiter\" class=\"accordion-collapse collapse\" aria-labelledby=\"accordion_heading_04__wie-geht-es-weiter\" data-bs-parent=\"#accordion__block_d629c36bfb69ca5cd7d40f7f2de4be7f\">\n                    <div class=\"accordion-body\" style=\"column-count: 1;\">\n                        <p>Wenn Sie sich f\u00fcr unsere Hilfe entscheiden, vereinbaren wir ein pers\u00f6nliches Gespr\u00e4ch, um herauszufinden, was Sie brauchen und wie wir zusammenarbeiten k\u00f6nnen. Dieses Gespr\u00e4ch ist die Grundlage f\u00fcr eine vertrauensvolle und individuelle Betreuung.<\/p>\n<p>Wir halten Sie w\u00e4hrend der Betreuung regelm\u00e4\u00dfig auf dem Laufenden und tauschen uns regelm\u00e4\u00dfig aus. Auch die jeweilige Einrichtung kann in den Prozess einbezogen werden, um eine effektive Betreuung zu gew\u00e4hrleisten.<\/p>\n<p>Nur durch enge Zusammenarbeit und kontinuierliche Kommunikation kann die Integrationshilfe erfolgreich sein!<\/p>\n<p><strong>So steht einer gelungenen Integrationshilfe, verbunden mit einer erfolgreichen Teilhabe an der Gesellschaft nichts mehr im Weg!<\/strong><\/p>\n                    <\/div>\n                <\/div>\n            <\/div>\n                        <\/div>\n\n\t<\/div>\n\n<\/div>\n\n<\/div>\n\n<\/div>\n<\/div>","protected":false},"excerpt":{"rendered":"","protected":false},"author":1,"featured_media":0,"parent":0,"menu_order":0,"comment_status":"closed","ping_status":"closed","template":"","meta":{"inline_featured_image":false,"footnotes":""},"class_list":["post-856","page","type-page","status-publish","hentry"],"yoast_head":"<!-- This site is optimized with the Yoast SEO plugin v27.4 - https:\/\/yoast.com\/product\/yoast-seo-wordpress\/ -->\n<title>Team Soziale Hilfen - FAQ<\/title>\n<meta name=\"robots\" content=\"noindex, nofollow\" \/>\n<meta property=\"og:locale\" content=\"de_DE\" \/>\n<meta property=\"og:type\" content=\"article\" \/>\n<meta property=\"og:title\" content=\"Team Soziale Hilfen - FAQ\" \/>\n<meta property=\"og:url\" content=\"https:\/\/teamsozialehilfen.de\/de_simple\/faq\/\" \/>\n<meta property=\"og:site_name\" content=\"Team Soziale Hilfen\" \/>\n<meta property=\"article:modified_time\" content=\"2025-07-10T13:57:29+00:00\" \/>\n<meta property=\"og:image\" content=\"https:\/\/teamsozialehilfen.de\/wp-content\/uploads\/TSH-Sharepic-Facebook.webp\" \/>\n\t<meta property=\"og:image:width\" content=\"1200\" \/>\n\t<meta property=\"og:image:height\" content=\"630\" \/>\n\t<meta property=\"og:image:type\" content=\"image\/webp\" \/>\n<meta name=\"twitter:card\" content=\"summary_large_image\" \/>\n<meta name=\"twitter:label1\" content=\"Est. reading time\" \/>\n\t<meta name=\"twitter:data1\" content=\"1 minute\" \/>\n<script type=\"application\/ld+json\" class=\"yoast-schema-graph\">{\"@context\":\"https:\\\/\\\/schema.org\",\"@graph\":[{\"@type\":[\"WebPage\",\"FAQPage\"],\"@id\":\"https:\\\/\\\/teamsozialehilfen.de\\\/faq\\\/\",\"url\":\"https:\\\/\\\/teamsozialehilfen.de\\\/faq\\\/\",\"name\":\"Team Soziale Hilfen - FAQ\",\"isPartOf\":{\"@id\":\"https:\\\/\\\/teamsozialehilfen.de\\\/#website\"},\"datePublished\":\"2025-06-17T14:22:50+00:00\",\"dateModified\":\"2025-07-10T13:57:29+00:00\",\"breadcrumb\":{\"@id\":\"https:\\\/\\\/teamsozialehilfen.de\\\/faq\\\/#breadcrumb\"},\"inLanguage\":\"de-simple\",\"potentialAction\":[{\"@type\":\"ReadAction\",\"target\":[\"https:\\\/\\\/teamsozialehilfen.de\\\/faq\\\/\"]}]},{\"@type\":\"BreadcrumbList\",\"@id\":\"https:\\\/\\\/teamsozialehilfen.de\\\/faq\\\/#breadcrumb\",\"itemListElement\":[{\"@type\":\"ListItem\",\"position\":1,\"name\":\"Startseite\",\"item\":\"https:\\\/\\\/teamsozialehilfen.de\\\/\"},{\"@type\":\"ListItem\",\"position\":2,\"name\":\"FAQ\"}]},{\"@type\":\"WebSite\",\"@id\":\"https:\\\/\\\/teamsozialehilfen.de\\\/#website\",\"url\":\"https:\\\/\\\/teamsozialehilfen.de\\\/\",\"name\":\"Team Soziale Hilfen\",\"description\":\"\",\"publisher\":{\"@id\":\"https:\\\/\\\/teamsozialehilfen.de\\\/#organization\"},\"alternateName\":\"Team Soziale Hilfen\",\"potentialAction\":[{\"@type\":\"SearchAction\",\"target\":{\"@type\":\"EntryPoint\",\"urlTemplate\":\"https:\\\/\\\/teamsozialehilfen.de\\\/?s={search_term_string}\"},\"query-input\":{\"@type\":\"PropertyValueSpecification\",\"valueRequired\":true,\"valueName\":\"search_term_string\"}}],\"inLanguage\":\"de-simple\"},{\"@type\":\"Organization\",\"@id\":\"https:\\\/\\\/teamsozialehilfen.de\\\/#organization\",\"name\":\"Team Soziale Hilfen GmbH\",\"url\":\"https:\\\/\\\/teamsozialehilfen.de\\\/\",\"logo\":{\"@type\":\"ImageObject\",\"inLanguage\":\"de-simple\",\"@id\":\"https:\\\/\\\/teamsozialehilfen.de\\\/#\\\/schema\\\/logo\\\/image\\\/\",\"url\":\"https:\\\/\\\/teamsozialehilfen.de\\\/wp-content\\\/uploads\\\/TSH-Sharepic-Facebook.webp\",\"contentUrl\":\"https:\\\/\\\/teamsozialehilfen.de\\\/wp-content\\\/uploads\\\/TSH-Sharepic-Facebook.webp\",\"width\":1200,\"height\":630,\"caption\":\"Team Soziale Hilfen GmbH\"},\"image\":{\"@id\":\"https:\\\/\\\/teamsozialehilfen.de\\\/#\\\/schema\\\/logo\\\/image\\\/\"}}]}<\/script>\n<!-- \/ Yoast SEO plugin. -->","yoast_head_json":{"title":"Team Soziale Hilfen - FAQ","robots":{"index":"noindex","follow":"nofollow"},"og_locale":"de_DE","og_type":"article","og_title":"Team Soziale Hilfen - FAQ","og_url":"https:\/\/teamsozialehilfen.de\/de_simple\/faq\/","og_site_name":"Team Soziale Hilfen","article_modified_time":"2025-07-10T13:57:29+00:00","og_image":[{"width":1200,"height":630,"url":"https:\/\/teamsozialehilfen.de\/wp-content\/uploads\/TSH-Sharepic-Facebook.webp","type":"image\/webp"}],"twitter_card":"summary_large_image","twitter_misc":{"Est. reading time":"1 minute"},"schema":{"@context":"https:\/\/schema.org","@graph":[{"@type":["WebPage","FAQPage"],"@id":"https:\/\/teamsozialehilfen.de\/faq\/","url":"https:\/\/teamsozialehilfen.de\/faq\/","name":"Team Soziale Hilfen - FAQ","isPartOf":{"@id":"https:\/\/teamsozialehilfen.de\/#website"},"datePublished":"2025-06-17T14:22:50+00:00","dateModified":"2025-07-10T13:57:29+00:00","breadcrumb":{"@id":"https:\/\/teamsozialehilfen.de\/faq\/#breadcrumb"},"inLanguage":"de-simple","potentialAction":[{"@type":"ReadAction","target":["https:\/\/teamsozialehilfen.de\/faq\/"]}]},{"@type":"BreadcrumbList","@id":"https:\/\/teamsozialehilfen.de\/faq\/#breadcrumb","itemListElement":[{"@type":"ListItem","position":1,"name":"Startseite","item":"https:\/\/teamsozialehilfen.de\/"},{"@type":"ListItem","position":2,"name":"FAQ"}]},{"@type":"WebSite","@id":"https:\/\/teamsozialehilfen.de\/#website","url":"https:\/\/teamsozialehilfen.de\/","name":"Team Soziale Hilfen","description":"","publisher":{"@id":"https:\/\/teamsozialehilfen.de\/#organization"},"alternateName":"Team Soziale Hilfen","potentialAction":[{"@type":"SearchAction","target":{"@type":"EntryPoint","urlTemplate":"https:\/\/teamsozialehilfen.de\/?s={search_term_string}"},"query-input":{"@type":"PropertyValueSpecification","valueRequired":true,"valueName":"search_term_string"}}],"inLanguage":"de-simple"},{"@type":"Organization","@id":"https:\/\/teamsozialehilfen.de\/#organization","name":"Team Soziale Hilfen GmbH","url":"https:\/\/teamsozialehilfen.de\/","logo":{"@type":"ImageObject","inLanguage":"de-simple","@id":"https:\/\/teamsozialehilfen.de\/#\/schema\/logo\/image\/","url":"https:\/\/teamsozialehilfen.de\/wp-content\/uploads\/TSH-Sharepic-Facebook.webp","contentUrl":"https:\/\/teamsozialehilfen.de\/wp-content\/uploads\/TSH-Sharepic-Facebook.webp","width":1200,"height":630,"caption":"Team Soziale Hilfen GmbH"},"image":{"@id":"https:\/\/teamsozialehilfen.de\/#\/schema\/logo\/image\/"}}]}},"acf":[],"_links":{"self":[{"href":"https:\/\/teamsozialehilfen.de\/de_simple\/wp-json\/wp\/v2\/pages\/856","targetHints":{"allow":["GET"]}}],"collection":[{"href":"https:\/\/teamsozialehilfen.de\/de_simple\/wp-json\/wp\/v2\/pages"}],"about":[{"href":"https:\/\/teamsozialehilfen.de\/de_simple\/wp-json\/wp\/v2\/types\/page"}],"author":[{"embeddable":true,"href":"https:\/\/teamsozialehilfen.de\/de_simple\/wp-json\/wp\/v2\/users\/1"}],"replies":[{"embeddable":true,"href":"https:\/\/teamsozialehilfen.de\/de_simple\/wp-json\/wp\/v2\/comments?post=856"}],"version-history":[{"count":20,"href":"https:\/\/teamsozialehilfen.de\/de_simple\/wp-json\/wp\/v2\/pages\/856\/revisions"}],"predecessor-version":[{"id":897,"href":"https:\/\/teamsozialehilfen.de\/de_simple\/wp-json\/wp\/v2\/pages\/856\/revisions\/897"}],"wp:attachment":[{"href":"https:\/\/teamsozialehilfen.de\/de_simple\/wp-json\/wp\/v2\/media?parent=856"}],"curies":[{"name":"wp","href":"https:\/\/api.w.org\/{rel}","templated":true}]}}